{"id":33554,"date":"2025-03-24T15:56:26","date_gmt":"2025-03-24T14:56:26","guid":{"rendered":"https:\/\/www.dvorakuvfestival.cz\/koncert\/bojanov-2\/"},"modified":"2025-04-15T13:57:24","modified_gmt":"2025-04-15T11:57:24","slug":"bojanov-2","status":"publish","type":"tribe_events","link":"https:\/\/www.dvorakuvfestival.cz\/en\/koncert\/bojanov-2\/","title":{"rendered":"Bojanov"},"content":{"rendered":"\t\t<div data-elementor-type=\"tec_event_single_static\" data-elementor-id=\"33554\" class=\"elementor elementor-33554 elementor-31439\" data-elementor-post-type=\"tribe_events\">\n\t\t\t\t\t\t<section class=\"elementor-section elementor-top-section elementor-element elementor-element-3cc0a906 elementor-section-full_width elementor-section-height-default elementor-section-height-default\" data-id=\"3cc0a906\" data-element_type=\"section\" data-e-type=\"section\">\n\t\t\t\t\t\t<div class=\"elementor-container elementor-column-gap-extended\">\n\t\t\t\t\t<div class=\"elementor-column elementor-col-50 elementor-top-column elementor-element elementor-element-24d34896 sc_layouts_column_icons_position_left\" data-id=\"24d34896\" data-element_type=\"column\" data-e-type=\"column\">\n\t\t\t<div class=\"elementor-widget-wrap elementor-element-populated\">\n\t\t\t\t\t\t<div class=\"elementor-element elementor-element-8d8930e elementor-widget__width-initial elementor-hidden-desktop elementor-widget elementor-widget-image\" data-id=\"8d8930e\" data-element_type=\"widget\" data-e-type=\"widget\" data-widget_type=\"image.default\">\n\t\t\t\t<div class=\"elementor-widget-container\">\n\t\t\t\t\t\t\t\t\t\t\t\t\t\t\t<img fetchpriority=\"high\" decoding=\"async\" width=\"1024\" height=\"576\" src=\"https:\/\/www.dvorakuvfestival.cz\/wp-content\/uploads\/2023\/05\/2-14-1024x576.jpg\" class=\"attachment-large size-large wp-image-25630\" alt=\"\" srcset=\"https:\/\/www.dvorakuvfestival.cz\/wp-content\/uploads\/2023\/05\/2-14-1024x576.jpg 1024w, https:\/\/www.dvorakuvfestival.cz\/wp-content\/uploads\/2023\/05\/2-14-300x169.jpg 300w, https:\/\/www.dvorakuvfestival.cz\/wp-content\/uploads\/2023\/05\/2-14-768x432.jpg 768w, https:\/\/www.dvorakuvfestival.cz\/wp-content\/uploads\/2023\/05\/2-14-1536x864.jpg 1536w, https:\/\/www.dvorakuvfestival.cz\/wp-content\/uploads\/2023\/05\/2-14-2048x1152.jpg 2048w, https:\/\/www.dvorakuvfestival.cz\/wp-content\/uploads\/2023\/05\/2-14-370x208.jpg 370w, https:\/\/www.dvorakuvfestival.cz\/wp-content\/uploads\/2023\/05\/2-14-842x474.jpg 842w, https:\/\/www.dvorakuvfestival.cz\/wp-content\/uploads\/2023\/05\/2-14-406x228.jpg 406w, https:\/\/www.dvorakuvfestival.cz\/wp-content\/uploads\/2023\/05\/2-14-812x457.jpg 812w, https:\/\/www.dvorakuvfestival.cz\/wp-content\/uploads\/2023\/05\/2-14-270x152.jpg 270w\" sizes=\"(max-width: 1024px) 100vw, 1024px\" \/>\t\t\t\t\t\t\t\t\t\t\t\t\t\t\t<\/div>\n\t\t\t\t<\/div>\n\t\t\t\t<div class=\"elementor-element elementor-element-48708e6 elementor-widget elementor-widget-tec_events_elementor_widget_event_title\" data-id=\"48708e6\" data-element_type=\"widget\" data-e-type=\"widget\" data-widget_type=\"tec_events_elementor_widget_event_title.default\">\n\t\t\t\t<div class=\"elementor-widget-container\">\n\t\t\t\t\t<h2  class=\"tec-events-elementor-event-widget__title\" >\n\tBojanov<\/h2>\t\t\t\t<\/div>\n\t\t\t\t<\/div>\n\t\t\t\t<div class=\"elementor-element elementor-element-ea197a2 elementor-widget elementor-widget-text-editor\" data-id=\"ea197a2\" data-element_type=\"widget\" data-e-type=\"widget\" data-widget_type=\"text-editor.default\">\n\t\t\t\t<div class=\"elementor-widget-container\">\n\t\t\t\t\t\t\t\t\t<div class=\"elementor-element elementor-element-144deda elementor-widget elementor-widget-text-editor\" data-id=\"144deda\" data-element_type=\"widget\" data-widget_type=\"text-editor.default\">\n<div class=\"elementor-widget-container\">\n<p><strong data-start=\"0\" data-end=\"25\" data-is-only-node=\"\">Gymnasium of Bojanov Primary School<\/strong><\/p>\n<\/div>\n<\/div>\t\t\t\t\t\t\t\t<\/div>\n\t\t\t\t<\/div>\n\t\t\t\t<div class=\"elementor-element elementor-element-4642801d elementor-widget elementor-widget-text-editor\" data-id=\"4642801d\" data-element_type=\"widget\" data-e-type=\"widget\" data-widget_type=\"text-editor.default\">\n\t\t\t\t<div class=\"elementor-widget-container\">\n\t\t\t\t\t\t\t\t\t\n<p>Musical evening<\/p>\t\t\t\t\t\t\t\t<\/div>\n\t\t\t\t<\/div>\n\t\t\t\t<div class=\"elementor-element elementor-element-f6ddce0 elementor-widget elementor-widget-shortcode\" data-id=\"f6ddce0\" data-element_type=\"widget\" data-e-type=\"widget\" data-widget_type=\"shortcode.default\">\n\t\t\t\t<div class=\"elementor-widget-container\">\n\t\t\t\t\t\t\t<div class=\"elementor-shortcode\">Sunday 25.&nbsp;5.&nbsp;2025 v&nbsp;19:00<\/div>\n\t\t\t\t\t\t<\/div>\n\t\t\t\t<\/div>\n\t\t\t\t<div class=\"elementor-element elementor-element-4906e8ff elementor-widget elementor-widget-text-editor\" data-id=\"4906e8ff\" data-element_type=\"widget\" data-e-type=\"widget\" data-widget_type=\"text-editor.default\">\n\t\t\t\t<div class=\"elementor-widget-container\">\n\t\t\t\t\t\t\t\t\t<div class=\"elementor-element elementor-element-144deda elementor-widget elementor-widget-text-editor\" data-id=\"144deda\" data-element_type=\"widget\" data-widget_type=\"text-editor.default\">\n<div class=\"elementor-widget-container\">\n<p class=\"p1\"><i>The concert is held under the auspices of Milan Mich\u00e1lek, <\/i><i>Mayor of Bojanov.<\/i><\/p>\n<p>Admission 150 CZK<\/p>\n<p><span style=\"color: #5c071f;\"><strong>Performers<\/strong><\/span><\/p>\n<\/div>\n<div data-id=\"0322ab4\" data-element_type=\"widget\" data-widget_type=\"text-editor.default\">\n<p><strong data-start=\"0\" data-end=\"18\" data-is-only-node=\"\">Tereza Matlova<\/strong> &#8211; vocal<br data-start=\"25\" data-end=\"28\"><strong data-start=\"28\" data-end=\"44\">Radim Schwab<\/strong> &#8211; vocal<\/p>\n<\/div>\n<\/div>\t\t\t\t\t\t\t\t<\/div>\n\t\t\t\t<\/div>\n\t\t\t\t<div class=\"elementor-element elementor-element-509d0d48 elementor-hidden-desktop elementor-hidden-tablet elementor-hidden-mobile elementor-widget elementor-widget-text-editor\" data-id=\"509d0d48\" data-element_type=\"widget\" data-e-type=\"widget\" data-widget_type=\"text-editor.default\">\n\t\t\t\t<div class=\"elementor-widget-container\">\n\t\t\t\t\t\t\t\t\t<a title=\"Pre-sale of the event\" target=\"_blank\" class=\"smsticket-ibutton\" href=\"https:\/\/www.smsticket.cz\/vstupenky\/54691-dvorakuv-festival-labske-hudebni-vlnobiti-kostel-povyseni-sv-krize-podebrady?utm_campaign=smsticket-prodejni-tlacitko\">Pre-sale of the event<\/a>\n<script>\n    (function() {\n        var po = document.createElement('script');\n        po.async = true;\n        po.src = 'https:\/\/www.smsticket.cz\/static\/scripts\/widgets\/SaleAnchorMini.js';\n        var s = document.getElementsByTagName('script')[0];\n        s.parentNode.insertBefore(po, s);\n    })();\n<\/script>\t\t\t\t\t\t\t\t<\/div>\n\t\t\t\t<\/div>\n\t\t\t\t\t<\/div>\n\t\t<\/div>\n\t\t\t\t<div class=\"elementor-column elementor-col-50 elementor-top-column elementor-element elementor-element-1b5c3d6 sc_layouts_column_icons_position_left\" data-id=\"1b5c3d6\" data-element_type=\"column\" data-e-type=\"column\">\n\t\t\t<div class=\"elementor-widget-wrap elementor-element-populated\">\n\t\t\t\t\t\t<div class=\"elementor-element elementor-element-827625c elementor-widget__width-initial elementor-hidden-tablet elementor-hidden-mobile elementor-widget elementor-widget-image\" data-id=\"827625c\" data-element_type=\"widget\" data-e-type=\"widget\" data-widget_type=\"image.default\">\n\t\t\t\t<div class=\"elementor-widget-container\">\n\t\t\t\t\t\t\t\t\t\t\t\t\t\t\t<img fetchpriority=\"high\" decoding=\"async\" width=\"1024\" height=\"576\" src=\"https:\/\/www.dvorakuvfestival.cz\/wp-content\/uploads\/2023\/05\/2-14-1024x576.jpg\" class=\"attachment-large size-large wp-image-25630\" alt=\"\" srcset=\"https:\/\/www.dvorakuvfestival.cz\/wp-content\/uploads\/2023\/05\/2-14-1024x576.jpg 1024w, https:\/\/www.dvorakuvfestival.cz\/wp-content\/uploads\/2023\/05\/2-14-300x169.jpg 300w, https:\/\/www.dvorakuvfestival.cz\/wp-content\/uploads\/2023\/05\/2-14-768x432.jpg 768w, https:\/\/www.dvorakuvfestival.cz\/wp-content\/uploads\/2023\/05\/2-14-1536x864.jpg 1536w, https:\/\/www.dvorakuvfestival.cz\/wp-content\/uploads\/2023\/05\/2-14-2048x1152.jpg 2048w, https:\/\/www.dvorakuvfestival.cz\/wp-content\/uploads\/2023\/05\/2-14-370x208.jpg 370w, https:\/\/www.dvorakuvfestival.cz\/wp-content\/uploads\/2023\/05\/2-14-842x474.jpg 842w, https:\/\/www.dvorakuvfestival.cz\/wp-content\/uploads\/2023\/05\/2-14-406x228.jpg 406w, https:\/\/www.dvorakuvfestival.cz\/wp-content\/uploads\/2023\/05\/2-14-812x457.jpg 812w, https:\/\/www.dvorakuvfestival.cz\/wp-content\/uploads\/2023\/05\/2-14-270x152.jpg 270w\" sizes=\"(max-width: 1024px) 100vw, 1024px\" \/>\t\t\t\t\t\t\t\t\t\t\t\t\t\t\t<\/div>\n\t\t\t\t<\/div>\n\t\t\t\t<div class=\"elementor-element elementor-element-1054f655 elementor-hidden-tablet elementor-hidden-mobile elementor-widget elementor-widget-text-editor\" data-id=\"1054f655\" data-element_type=\"widget\" data-e-type=\"widget\" data-widget_type=\"text-editor.default\">\n\t\t\t\t<div class=\"elementor-widget-container\">\n\t\t\t\t\t\t\t\t\t<div data-id=\"a9096e3\" data-element_type=\"widget\" data-widget_type=\"heading.default\">\n<h4 style=\"text-align: center;\"><span style=\"color: #ffffff;\"><strong>Program<\/strong><\/span><\/h4>\n<\/div>\n<div data-id=\"a0558f0\" data-element_type=\"widget\" data-widget_type=\"text-editor.default\">\n<p class=\"\" style=\"text-align: center;\" data-start=\"131\" data-end=\"213\">E. Morricone &#8211; <em data-start=\"30\" data-end=\"46\">Nella fantasia<\/em><br data-start=\"46\" data-end=\"49\">K. Svoboda &#8211; <em data-start=\"62\" data-end=\"71\">Dracula<\/em> &#8211; Unjust God  <br data-start=\"91\" data-end=\"94\">K. Svoboda &#8211; <em data-start=\"107\" data-end=\"116\">Dracula<\/em> &#8211; I&nbsp;know you&#8217;re with me <br data-start=\"138\" data-end=\"141\">K. Svoboda &#8211; <em data-start=\"154\" data-end=\"169\">Monte Christo<\/em><br data-start=\"169\" data-end=\"172\">K. Svoboda &#8211; <em data-start=\"185\" data-end=\"204\">Night on Karlstejn<\/em> &#8211; My love, I&nbsp;am moaning  <br data-start=\"225\" data-end=\"228\">K. Svoboda &#8211; <em data-start=\"241\" data-end=\"256\">Monte Christo<\/em> &#8211; Touches of your eyelashes <br data-start=\"275\" data-end=\"278\">G. Gershwin &#8211; <em data-start=\"292\" data-end=\"306\">Porgy and Bess<\/em> &#8211; Summertime <br data-start=\"319\" data-end=\"322\">G. Gershwin &#8211; <em data-start=\"336\" data-end=\"350\">Porgy and Bess<\/em> &#8211; Bess, You Is My Woman Now <br data-start=\"378\" data-end=\"381\">E. Morricone &#8211; <em data-start=\"396\" data-end=\"415\">That Time in the West<\/em><br data-start=\"415\" data-end=\"418\">A. L. Webber &#8211; <em data-start=\"433\" data-end=\"447\">Phantom of the Opera<\/em> &#8211; All I&nbsp;Ask of You  <br data-start=\"466\" data-end=\"469\">A. L. Webber &#8211; <em data-start=\"484\" data-end=\"498\">The Phantom of the Opera<\/em> &#8211; Remember <br data-start=\"510\" data-end=\"513\">A. L. Webber &#8211; <em data-start=\"528\" data-end=\"542\">The Phantom of the Opera<\/em> &#8211; Music of the Night <br data-start=\"555\" data-end=\"558\">A. L. Webber &#8211; <em data-start=\"573\" data-end=\"587\">Phantom of the Opera<\/em> &#8211; duet <\/p>\n<\/div>\t\t\t\t\t\t\t\t<\/div>\n\t\t\t\t<\/div>\n\t\t\t\t\t<\/div>\n\t\t<\/div>\n\t\t\t\t\t<\/div>\n\t\t<\/section>\n\t\t\t\t<section class=\"elementor-section elementor-top-section elementor-element elementor-element-68cf5d1b elementor-section-boxed elementor-section-height-default elementor-section-height-default\" data-id=\"68cf5d1b\" data-element_type=\"section\" data-e-type=\"section\">\n\t\t\t\t\t\t<div class=\"elementor-container elementor-column-gap-extended\">\n\t\t\t\t\t<div class=\"elementor-column elementor-col-100 elementor-top-column elementor-element elementor-element-36f7a7bb sc_layouts_column_icons_position_left\" data-id=\"36f7a7bb\" data-element_type=\"column\" data-e-type=\"column\">\n\t\t\t<div class=\"elementor-widget-wrap elementor-element-populated\">\n\t\t\t\t\t\t<section class=\"elementor-section elementor-inner-section elementor-element elementor-element-248d8748 elementor-section-boxed elementor-section-height-default elementor-section-height-default\" data-id=\"248d8748\" data-element_type=\"section\" data-e-type=\"section\">\n\t\t\t\t\t\t<div class=\"elementor-container elementor-column-gap-extended\">\n\t\t\t\t\t<div class=\"elementor-column elementor-col-50 elementor-inner-column elementor-element elementor-element-20c155b6 sc_layouts_column_icons_position_left\" data-id=\"20c155b6\" data-element_type=\"column\" data-e-type=\"column\">\n\t\t\t<div class=\"elementor-widget-wrap elementor-element-populated\">\n\t\t\t\t\t\t<div class=\"elementor-element elementor-element-4c8123da elementor-widget elementor-widget-image-carousel\" data-id=\"4c8123da\" data-element_type=\"widget\" data-e-type=\"widget\" data-settings=\"{&quot;navigation&quot;:&quot;none&quot;,&quot;slides_to_show&quot;:&quot;2&quot;,&quot;autoplay_speed&quot;:2000,&quot;speed&quot;:1000,&quot;autoplay&quot;:&quot;yes&quot;,&quot;pause_on_hover&quot;:&quot;yes&quot;,&quot;pause_on_interaction&quot;:&quot;yes&quot;,&quot;infinite&quot;:&quot;yes&quot;}\" data-widget_type=\"image-carousel.default\">\n\t\t\t\t<div class=\"elementor-widget-container\">\n\t\t\t\t\t\t\t<div class=\"elementor-image-carousel-wrapper swiper\" role=\"region\" aria-roledescription=\"carousel\" aria-label=\"Obr\u00e1zkov\u00fd koloto\u010d\" dir=\"ltr\">\n\t\t\t<div class=\"elementor-image-carousel swiper-wrapper\" aria-live=\"off\">\n\t\t\t\t\t\t\t\t<div class=\"swiper-slide\" role=\"group\" aria-roledescription=\"slide\" aria-label=\"1 of 2\"><figure class=\"swiper-slide-inner\"><img decoding=\"async\" class=\"swiper-slide-image\" src=\"https:\/\/www.dvorakuvfestival.cz\/wp-content\/uploads\/elementor\/thumbs\/DF_FOTO_LOD\u030c-30-q6cvs5iziwcq7lbecgdxbjpbn1qbtiacjafidvgzbk.jpg\" alt=\"Radim Schwab\" \/><figcaption class=\"elementor-image-carousel-caption\">Radim Schwab<\/figcaption><\/figure><\/div><div class=\"swiper-slide\" role=\"group\" aria-roledescription=\"slide\" aria-label=\"2 of 2\"><figure class=\"swiper-slide-inner\"><img decoding=\"async\" class=\"swiper-slide-image\" src=\"https:\/\/www.dvorakuvfestival.cz\/wp-content\/uploads\/elementor\/thumbs\/DF_FOTO_LOD\u030c-30-q6cvs5iziwcq7lbecgdxbjpbn1qbtiacjafidvgzbk.jpg\" alt=\"Radim Schwab\" \/><figcaption class=\"elementor-image-carousel-caption\">Radim Schwab<\/figcaption><\/figure><\/div>\t\t\t<\/div>\n\t\t\t\t\t\t\t\n\t\t\t\t\t\t\t\t\t<\/div>\n\t\t\t\t\t\t<\/div>\n\t\t\t\t<\/div>\n\t\t\t\t\t<\/div>\n\t\t<\/div>\n\t\t\t\t<div class=\"elementor-column elementor-col-50 elementor-inner-column elementor-element elementor-element-7fe18f46 sc_layouts_column_icons_position_left\" data-id=\"7fe18f46\" data-element_type=\"column\" data-e-type=\"column\">\n\t\t\t<div class=\"elementor-widget-wrap\">\n\t\t\t\t\t\t\t<\/div>\n\t\t<\/div>\n\t\t\t\t\t<\/div>\n\t\t<\/section>\n\t\t\t\t<div class=\"elementor-element elementor-element-381e6029 elementor-widget elementor-widget-spacer\" data-id=\"381e6029\" data-element_type=\"widget\" data-e-type=\"widget\" data-widget_type=\"spacer.default\">\n\t\t\t\t<div class=\"elementor-widget-container\">\n\t\t\t\t\t\t\t<div class=\"elementor-spacer\">\n\t\t\t<div class=\"elementor-spacer-inner\"><\/div>\n\t\t<\/div>\n\t\t\t\t\t\t<\/div>\n\t\t\t\t<\/div>\n\t\t\t\t<div class=\"elementor-element elementor-element-104115c7 elementor-hidden-desktop elementor-widget elementor-widget-text-editor\" data-id=\"104115c7\" data-element_type=\"widget\" data-e-type=\"widget\" data-widget_type=\"text-editor.default\">\n\t\t\t\t<div class=\"elementor-widget-container\">\n\t\t\t\t\t\t\t\t\t<div data-id=\"a9096e3\" data-element_type=\"widget\" data-widget_type=\"heading.default\">\n<h4 style=\"text-align: center;\"><span style=\"color: #ffffff;\"><strong>Program<\/strong><\/span><\/h4>\n<\/div>\n<div data-id=\"a0558f0\" data-element_type=\"widget\" data-widget_type=\"text-editor.default\">\n<p style=\"text-align: center;\">E. Morricone &#8211; <em data-start=\"30\" data-end=\"46\">Nella fantasia<\/em><br data-start=\"46\" data-end=\"49\">K. Svoboda &#8211; <em data-start=\"62\" data-end=\"71\">Dracula<\/em> &#8211; Unjust God  <br data-start=\"91\" data-end=\"94\">K. Svoboda &#8211; <em data-start=\"107\" data-end=\"116\">Dracula<\/em> &#8211; I&nbsp;know you&#8217;re with me <br data-start=\"138\" data-end=\"141\">K. Svoboda &#8211; <em data-start=\"154\" data-end=\"169\">Monte Christo<\/em><br data-start=\"169\" data-end=\"172\">K. Svoboda &#8211; <em data-start=\"185\" data-end=\"204\">Night on Karlstejn<\/em> &#8211; My love, I&nbsp;am moaning  <br data-start=\"225\" data-end=\"228\">K. Svoboda &#8211; <em data-start=\"241\" data-end=\"256\">Monte Christo<\/em> &#8211; Touches of your eyelashes <br data-start=\"275\" data-end=\"278\">G. Gershwin &#8211; <em data-start=\"292\" data-end=\"306\">Porgy and Bess<\/em> &#8211; Summertime <br data-start=\"319\" data-end=\"322\">G. Gershwin &#8211; <em data-start=\"336\" data-end=\"350\">Porgy and Bess<\/em> &#8211; Bess, You Is My Woman Now <br data-start=\"378\" data-end=\"381\">E. Morricone &#8211; <em data-start=\"396\" data-end=\"415\">That Time in the West<\/em><br data-start=\"415\" data-end=\"418\">A. L. Webber &#8211; <em data-start=\"433\" data-end=\"447\">Phantom of the Opera<\/em> &#8211; All I&nbsp;Ask of You  <br data-start=\"466\" data-end=\"469\">A. L. Webber &#8211; <em data-start=\"484\" data-end=\"498\">The Phantom of the Opera<\/em> &#8211; Remember <br data-start=\"510\" data-end=\"513\">A. L. Webber &#8211; <em data-start=\"528\" data-end=\"542\">The Phantom of the Opera<\/em> &#8211; Music of the Night <br data-start=\"555\" data-end=\"558\">A. L. Webber &#8211; <em data-start=\"573\" data-end=\"587\">Phantom of the Opera<\/em> &#8211; duet <\/p>\n<\/div>\t\t\t\t\t\t\t\t<\/div>\n\t\t\t\t<\/div>\n\t\t\t\t<div class=\"elementor-element elementor-element-414a5f09 elementor-widget elementor-widget-spacer\" data-id=\"414a5f09\" data-element_type=\"widget\" data-e-type=\"widget\" data-widget_type=\"spacer.default\">\n\t\t\t\t<div class=\"elementor-widget-container\">\n\t\t\t\t\t\t\t<div class=\"elementor-spacer\">\n\t\t\t<div class=\"elementor-spacer-inner\"><\/div>\n\t\t<\/div>\n\t\t\t\t\t\t<\/div>\n\t\t\t\t<\/div>\n\t\t\t\t\t<\/div>\n\t\t<\/div>\n\t\t\t\t\t<\/div>\n\t\t<\/section>\n\t\t\t\t<section class=\"elementor-section elementor-top-section elementor-element elementor-element-2764b16b elementor-section-boxed elementor-section-height-default elementor-section-height-default\" data-id=\"2764b16b\" data-element_type=\"section\" data-e-type=\"section\">\n\t\t\t\t\t\t<div class=\"elementor-container elementor-column-gap-extended\">\n\t\t\t\t\t<div class=\"elementor-column elementor-col-100 elementor-top-column elementor-element elementor-element-f964b9e sc_layouts_column_icons_position_left\" data-id=\"f964b9e\" data-element_type=\"column\" data-e-type=\"column\">\n\t\t\t<div class=\"elementor-widget-wrap elementor-element-populated\">\n\t\t\t\t\t\t<div class=\"elementor-element elementor-element-5351fd8f elementor-widget elementor-widget-text-editor\" data-id=\"5351fd8f\" data-element_type=\"widget\" data-e-type=\"widget\" data-widget_type=\"text-editor.default\">\n\t\t\t\t<div class=\"elementor-widget-container\">\n\t\t\t\t\t\t\t\t\t<section data-id=\"16250a39\" data-element_type=\"section\">\n<div data-id=\"2413c02e\" data-element_type=\"column\" data-settings=\"{\">\n<div data-id=\"a4781c2\" data-element_type=\"widget\" data-widget_type=\"text-editor.default\">\n<h5><span style=\"color: #ffffff;\"><strong>Tereza M\u00e1tlov\u00e1<\/strong><\/span><\/h5>\n<section data-id=\"0430f30\" data-element_type=\"section\">\n<div data-id=\"cb88804\" data-element_type=\"column\">\n<div data-id=\"06bad65\" data-element_type=\"widget\" data-widget_type=\"text-editor.default\">\n<p class=\"\" data-start=\"0\" data-end=\"351\">Tereza M\u00e1tlov\u00e1 is an opera and musical singer. She studied flute, piano and sang in the K\u00fchn Children&#8217;s&nbsp;Choir. She graduated in opera singing at the Academy of Music and Performing Arts in Prague under Prof. Magdalena Haj\u00f2ssyov\u00e1, then studied under Prof. Vlasta Hudecov\u00e1 in Bratislava and is still improving her singing under the guidance of the world-famous singer and teacher Vladim\u00edr Chmel.  <\/p>\n<p class=\"\" data-start=\"353\" data-end=\"747\">She has attended many masterclasses, including one with Prof. Helmuth Rilling at the Stuttgart Bach Academy. She received the &#8220;Talent of the Year&#8221; award at the Wexford Opera Festival in Ireland and in 2016 was nominated for the Thalia Award for the role of Constanze in Mozart&#8217;s&nbsp;Abduction from Serail. She has performed at the National Theatre in Prague, the North Bohemian Theatre in \u00dast\u00ed nad Labem and has appeared on international music stages.  <\/p>\n<p class=\"\" data-start=\"749\" data-end=\"1216\">Tereza M\u00e1tlov\u00e1 is intensively engaged in concert activities and collaborates with such prominent conductors as Marcello Rota, Vladimir Jurowski, Riccardo Frizza, Enrique Mazzola, Leo\u0161 Sv\u00e1rovsk\u00fd, Jan Ku\u010dera, David Agler, Claude Schnitzler, Ahmed Al Saedi and Jin Wang. She has sung at Eva Urbanov\u00e1&#8217;s&nbsp;concerts and appeared as a&nbsp;guest on Karel Gott&#8217;s&nbsp;tour. She has also appeared on the tour of stars at the Grand Kremlin Palace in Moscow and was chosen as a&nbsp;guest by the famous baritone Leo Nucci.  <\/p>\n<p class=\"\" data-start=\"1218\" data-end=\"1467\">She recorded Bohuslav Martin\u016f&#8217;s&nbsp;opera Mirandol\u00edna for Supraphon Records and released a&nbsp;solo CD and the album Hv\u011bzda betl\u00e9msk\u00e1 (Star of Bethlehem) together with Karel Gott for GOJA. She cooperates with Czech Television, Czech Radio, TV Nova, TV Prima and TV Barrandov. <\/p>\n<h5><span style=\"color: #ffffff;\"><strong>Radim Schwab<\/strong><\/span><\/h5>\n<p class=\"\" data-start=\"1469\" data-end=\"1798\">is a&nbsp;Czech theatre actor and singer &#8211; baritone, active in musical theatre and opera. He studied drama acting at the Jan\u00e1\u010dek Academy of Performing Arts in Brno and moved to Prague after his studies. After several episodic roles, in 2000 he succeeded in an audition for the leading role of Edmond Dant\u00e8s in the musical Monte Cristo.  <\/p>\n<p class=\"\" data-start=\"1800\" data-end=\"2163\">In his native Brno, he worked as an actor on the basement stage of the Husa na prov\u00e1zku Theatre, where he performed in such productions as Mistero Buffo, Grandma, Harlequin, Hunger, King Lear&#8217;s&nbsp;Dance and The Very Blue Bird. At the Ta Fantastika theatre he made his mark on the audience as Mordred in the musical Excalibur, he also performed in the projects Love is Love, Elixir of Life and The Picture of Dorian Gray. <\/p>\n<p class=\"\" data-start=\"2165\" data-end=\"2418\">Since October 2006, Motl has been playing Motl in the successful performance Fiddler on the Roof at Divadlo Na Fidlova\u010dce. Among the highlights of his work to date are two solo music albums and especially the lead role of the Phantom in the musical The Phantom of the Opera performed at the GOJA Music Hall in Prague. <\/p>\n<\/div>\n<\/div>\n<\/section>\n<\/div>\n<\/div>\n<\/section>\t\t\t\t\t\t\t\t<\/div>\n\t\t\t\t<\/div>\n\t\t\t\t\t<\/div>\n\t\t<\/div>\n\t\t\t\t\t<\/div>\n\t\t<\/section>\n\t\t\t\t<section class=\"elementor-section elementor-top-section elementor-element elementor-element-457550e2 elementor-section-boxed elementor-section-height-default elementor-section-height-default\" data-id=\"457550e2\" data-element_type=\"section\" data-e-type=\"section\">\n\t\t\t\t\t\t<div class=\"elementor-container elementor-column-gap-extended\">\n\t\t\t\t\t<div class=\"elementor-column elementor-col-100 elementor-top-column elementor-element elementor-element-1bfc59b0 sc_layouts_column_icons_position_left\" data-id=\"1bfc59b0\" data-element_type=\"column\" data-e-type=\"column\">\n\t\t\t<div class=\"elementor-widget-wrap elementor-element-populated\">\n\t\t\t\t\t\t<div class=\"elementor-element elementor-element-4a612d8b elementor-widget elementor-widget-spacer\" data-id=\"4a612d8b\" data-element_type=\"widget\" data-e-type=\"widget\" data-widget_type=\"spacer.default\">\n\t\t\t\t<div class=\"elementor-widget-container\">\n\t\t\t\t\t\t\t<div class=\"elementor-spacer\">\n\t\t\t<div class=\"elementor-spacer-inner\"><\/div>\n\t\t<\/div>\n\t\t\t\t\t\t<\/div>\n\t\t\t\t<\/div>\n\t\t\t\t<div class=\"elementor-element elementor-element-22efc7f7 elementor-widget elementor-widget-text-editor\" data-id=\"22efc7f7\" data-element_type=\"widget\" data-e-type=\"widget\" data-widget_type=\"text-editor.default\">\n\t\t\t\t<div class=\"elementor-widget-container\">\n\t\t\t\t\t\t\t\t\t<section class=\"elementor-section elementor-top-section elementor-element elementor-element-16250a39 elementor-section-boxed elementor-section-height-default elementor-section-height-default\" data-id=\"16250a39\" data-element_type=\"section\">\n<div class=\"elementor-container elementor-column-gap-extended\">\n<div class=\"elementor-row\">\n<div class=\"elementor-column elementor-col-100 elementor-top-column elementor-element elementor-element-2413c02e sc_layouts_column_icons_position_left\" data-id=\"2413c02e\" data-element_type=\"column\" data-settings=\"{\">\n<div class=\"elementor-column-wrap elementor-element-populated\">\n<div class=\"elementor-widget-wrap\">\n<div class=\"elementor-element elementor-element-a4781c2 elementor-widget elementor-widget-text-editor\" data-id=\"a4781c2\" data-element_type=\"widget\" data-widget_type=\"text-editor.default\">\n<div class=\"elementor-widget-container\">\n<div class=\"elementor-text-editor elementor-clearfix\">\n<h5><span style=\"color: #ffffff;\"><strong>Bojanov<\/strong><\/span><\/h5>\n<p class=\"\" data-start=\"80\" data-end=\"454\">Bojanov is located in the district of Chrudim, in the Pardubice Region. It has 649 inhabitants and the village consists of eight local districts &#8211; Bojanov, Horn\u00ed Bezd\u011bkov, Ho\u0159ele\u010d, H\u016frka, Hol\u00edn, Petrkov, Kov\u00e1\u0159ov and Hrbokov. Bojanov itself lies in the valley of the Chrudimka River between the Se\u010d and K\u0159i\u017eanovice reservoirs, at an altitude of 428 metres. On 10 October 2006 the village was restored to the status of a&nbsp;municipality.    <\/p>\n<p class=\"\" data-start=\"456\" data-end=\"899\">The first written mention of Bojanovo dates back to 1129, when it was the property of the Benedictine monastery in Vil\u00e9mov. From 1329 it belonged to the estate of Henry of Lichtenberg, but in the 15th century it became part of Oheb Castle. Since 1564, the present-day town has been listed as a&nbsp;town with its own coat of arms &#8211; a&nbsp;silver sword and a&nbsp;silver key in a&nbsp;red field. The historic buildings with the rectory and the church of St. Vitus, situated in the shape of a&nbsp;square, underline the town&#8217;s&nbsp;character.    <\/p>\n<p class=\"\" data-start=\"901\" data-end=\"1196\">The village flourished at the beginning of the 20th century, especially during the First Republic, when a&nbsp;new burgher school was built here in 1932. After 1950, due to the planned construction of another dam on the Chrudimka River, a&nbsp;building closure was declared for both Bojanov and Bezd\u011bkov. Today, the village can develop freely again.   <\/p>\n<p class=\"\" data-start=\"1198\" data-end=\"1779\">Bojanov was an important centre of spiritual administration. In the 14th century, a&nbsp;wooden church was built on the site of the original fortress, which was replaced by a&nbsp;Baroque building with a&nbsp;crypt and rich fresco decoration depicting the legend of the life of St. Vitus, the patron saint of the church, after a&nbsp;fire in 1730. The large fresco above the organ depicts angels playing period instruments. The organ itself, built by Ign\u00e1c Hor\u00e1k in 1809, is very rare and has been preserved in almost its original form. Restoration is currently underway &#8211; information about the public collection and adoption of the pipes can be found at <a class=\"\" href=\"http:\/\/www.varhanybojanov.cz\" target=\"_new\" rel=\"noopener\" data-start=\"1757\" data-end=\"1778\">www.varhanybojanov.cz.<\/a>     <\/p>\n<\/div>\n<\/div>\n<\/div>\n<\/div>\n<\/div>\n<\/div>\n<\/div>\n<\/div>\n<\/section>\t\t\t\t\t\t\t\t<\/div>\n\t\t\t\t<\/div>\n\t\t\t\t\t<\/div>\n\t\t<\/div>\n\t\t\t\t\t<\/div>\n\t\t<\/section>\n\t\t\t\t<section class=\"elementor-section elementor-top-section elementor-element elementor-element-305110ab elementor-section-boxed elementor-section-height-default elementor-section-height-default\" data-id=\"305110ab\" data-element_type=\"section\" data-e-type=\"section\">\n\t\t\t\t\t\t<div class=\"elementor-container elementor-column-gap-extended\">\n\t\t\t\t\t<div class=\"elementor-column elementor-col-100 elementor-top-column elementor-element elementor-element-38f69c7d sc_layouts_column_icons_position_left\" data-id=\"38f69c7d\" data-element_type=\"column\" data-e-type=\"column\">\n\t\t\t<div class=\"elementor-widget-wrap elementor-element-populated\">\n\t\t\t\t\t\t<div class=\"elementor-element elementor-element-51f133df elementor-widget elementor-widget-spacer\" data-id=\"51f133df\" data-element_type=\"widget\" data-e-type=\"widget\" data-widget_type=\"spacer.default\">\n\t\t\t\t<div class=\"elementor-widget-container\">\n\t\t\t\t\t\t\t<div class=\"elementor-spacer\">\n\t\t\t<div class=\"elementor-spacer-inner\"><\/div>\n\t\t<\/div>\n\t\t\t\t\t\t<\/div>\n\t\t\t\t<\/div>\n\t\t\t\t\t<\/div>\n\t\t<\/div>\n\t\t\t\t\t<\/div>\n\t\t<\/section>\n\t\t\t\t<section class=\"elementor-section elementor-top-section elementor-element elementor-element-5e6d859e elementor-section-boxed elementor-section-height-default elementor-section-height-default\" data-id=\"5e6d859e\" data-element_type=\"section\" data-e-type=\"section\">\n\t\t\t\t\t\t<div class=\"elementor-container elementor-column-gap-extended\">\n\t\t\t\t\t<div class=\"elementor-column elementor-col-100 elementor-top-column elementor-element elementor-element-6562fd30 sc_layouts_column_icons_position_left\" data-id=\"6562fd30\" data-element_type=\"column\" data-e-type=\"column\">\n\t\t\t<div class=\"elementor-widget-wrap elementor-element-populated\">\n\t\t\t\t\t\t<div class=\"elementor-element elementor-element-95e6dcb elementor-widget elementor-widget-tec_events_elementor_widget_event_navigation\" data-id=\"95e6dcb\" data-element_type=\"widget\" data-e-type=\"widget\" data-widget_type=\"tec_events_elementor_widget_event_navigation.default\">\n\t\t\t\t<div class=\"elementor-widget-container\">\n\t\t\t\t\t<nav  class=\"tec-events-elementor-event-widget__navigation\"  aria-label=\"Events\">\n\t<ul  class=\"tec-events-elementor-event-widget__navigation--subnav\" >\n\t\t<li  class=\"tec-events-elementor-event-widget__navigation--previous\" >\n<a href=\"https:\/\/www.dvorakuvfestival.cz\/en\/koncert\/stritez-2\/\">\n\t\t<svg xmlns=\"http:\/\/www.w3.org\/2000\/svg\"><path d=\"M11.916 17.841L10 19.757l-9.9-9.9L10-.041l1.916 1.916-7.983 7.984z\" \/><\/svg>\t\tSt\u0159\u00edte\u017e\t<\/a>\n<\/li>\n\n\t\t<li  class=\"tec-events-elementor-event-widget__navigation--next\" >\n\t<a href=\"https:\/\/www.dvorakuvfestival.cz\/en\/koncert\/turnov-2\/\">\n\t\tTurnov\t\t<svg xmlns=\"http:\/\/www.w3.org\/2000\/svg\"><path d=\"M.084 2.159L2 .243l9.9 9.9L2 20.041.084 18.126l7.983-7.984z\" \/><\/svg>\t<\/a>\n<\/li>\n\t<\/ul>\n<\/nav>\n\t\t\t\t<\/div>\n\t\t\t\t<\/div>\n\t\t\t\t<div class=\"elementor-element elementor-element-1dab8298 elementor-widget elementor-widget-spacer\" data-id=\"1dab8298\" data-element_type=\"widget\" data-e-type=\"widget\" data-widget_type=\"spacer.default\">\n\t\t\t\t<div class=\"elementor-widget-container\">\n\t\t\t\t\t\t\t<div class=\"elementor-spacer\">\n\t\t\t<div class=\"elementor-spacer-inner\"><\/div>\n\t\t<\/div>\n\t\t\t\t\t\t<\/div>\n\t\t\t\t<\/div>\n\t\t\t\t\t<\/div>\n\t\t<\/div>\n\t\t\t\t\t<\/div>\n\t\t<\/section>\n\t\t\t\t<\/div>\n\t\t","protected":false},"excerpt":{"rendered":"<p>Tereza M\u00e1tlov\u00e1 and Radim Schwab will transform the Bojanov Primary School gym into a&nbsp;concert hall full of famous musical melodies with an unforgettable atmosphere.<\/p>\n","protected":false},"author":1,"featured_media":25630,"template":"","meta":{"_tribe_events_status":"","_tribe_events_status_reason":"","_tribe_events_is_hybrid":"","_tribe_events_is_virtual":"","_tribe_events_virtual_video_source":"","_tribe_events_virtual_embed_video":"","_tribe_events_virtual_linked_button_text":"","_tribe_events_virtual_linked_button":"","_tribe_events_virtual_show_embed_at":"","_tribe_events_virtual_show_embed_to":[],"_tribe_events_virtual_show_on_event":"","_tribe_events_virtual_show_on_views":"","_tribe_events_virtual_url":"","footnotes":""},"tags":[93],"tribe_events_cat":[88,89],"class_list":["post-33554","tribe_events","type-tribe_events","status-publish","has-post-thumbnail","hentry","tag-pardubice-region","tribe_events_cat-concert-25-done","tribe_events_cat-concerts-2025","cat_concert-25-done","cat_concerts-2025"],"yoast_head":"<!-- This site is optimized with the Yoast SEO plugin v27.5 - https:\/\/yoast.com\/product\/yoast-seo-wordpress\/ -->\n<title>Bojanov | Dvo\u0159\u00e1k\u016fv festival<\/title>\n<meta name=\"description\" content=\"Tereza M\u00e1tlov\u00e1 and Radim Schwab will transform the Bojanov Primary School gym into a concert hall full of famous musical melodies with an unforgettable atmosphere.\" \/>\n<meta name=\"robots\" content=\"index, follow, max-snippet:-1, max-image-preview:large, max-video-preview:-1\" \/>\n<link rel=\"canonical\" href=\"https:\/\/www.dvorakuvfestival.cz\/en\/koncert\/bojanov-2\/\" \/>\n<meta property=\"og:locale\" content=\"en_US\" \/>\n<meta property=\"og:type\" content=\"article\" \/>\n<meta property=\"og:title\" content=\"Bojanov | Dvo\u0159\u00e1k\u016fv festival\" \/>\n<meta property=\"og:description\" content=\"Tereza M\u00e1tlov\u00e1 and Radim Schwab will transform the Bojanov Primary School gym into a concert hall full of famous musical melodies with an unforgettable atmosphere.\" \/>\n<meta property=\"og:url\" content=\"https:\/\/www.dvorakuvfestival.cz\/en\/koncert\/bojanov-2\/\" \/>\n<meta property=\"og:site_name\" content=\"Dvo\u0159\u00e1k\u016fv festival\" \/>\n<meta property=\"article:publisher\" content=\"https:\/\/www.facebook.com\/dvorakuvfestival\" \/>\n<meta property=\"article:modified_time\" content=\"2025-04-15T11:57:24+00:00\" \/>\n<meta property=\"og:image\" content=\"https:\/\/www.dvorakuvfestival.cz\/wp-content\/uploads\/2023\/05\/2-14.jpg\" \/>\n\t<meta property=\"og:image:width\" content=\"2560\" \/>\n\t<meta property=\"og:image:height\" content=\"1440\" \/>\n\t<meta property=\"og:image:type\" content=\"image\/jpeg\" \/>\n<meta name=\"twitter:card\" content=\"summary_large_image\" \/>\n<meta name=\"twitter:label1\" content=\"Est. reading time\" \/>\n\t<meta name=\"twitter:data1\" content=\"5 minutes\" \/>\n<script type=\"application\/ld+json\" class=\"yoast-schema-graph\">{\"@context\":\"https:\\\/\\\/schema.org\",\"@graph\":[{\"@type\":\"WebPage\",\"@id\":\"https:\\\/\\\/www.dvorakuvfestival.cz\\\/en\\\/koncert\\\/bojanov-2\\\/\",\"url\":\"https:\\\/\\\/www.dvorakuvfestival.cz\\\/en\\\/koncert\\\/bojanov-2\\\/\",\"name\":\"Bojanov | Dvo\u0159\u00e1k\u016fv festival\",\"isPartOf\":{\"@id\":\"https:\\\/\\\/www.dvorakuvfestival.cz\\\/en\\\/#website\"},\"primaryImageOfPage\":{\"@id\":\"https:\\\/\\\/www.dvorakuvfestival.cz\\\/en\\\/koncert\\\/bojanov-2\\\/#primaryimage\"},\"image\":{\"@id\":\"https:\\\/\\\/www.dvorakuvfestival.cz\\\/en\\\/koncert\\\/bojanov-2\\\/#primaryimage\"},\"thumbnailUrl\":\"https:\\\/\\\/www.dvorakuvfestival.cz\\\/wp-content\\\/uploads\\\/2023\\\/05\\\/2-14.jpg\",\"datePublished\":\"2025-03-24T14:56:26+00:00\",\"dateModified\":\"2025-04-15T11:57:24+00:00\",\"description\":\"Tereza M\u00e1tlov\u00e1 and Radim Schwab will transform the Bojanov Primary School gym into a concert hall full of famous musical melodies with an unforgettable atmosphere.\",\"breadcrumb\":{\"@id\":\"https:\\\/\\\/www.dvorakuvfestival.cz\\\/en\\\/koncert\\\/bojanov-2\\\/#breadcrumb\"},\"inLanguage\":\"en-US\",\"potentialAction\":[{\"@type\":\"ReadAction\",\"target\":[\"https:\\\/\\\/www.dvorakuvfestival.cz\\\/en\\\/koncert\\\/bojanov-2\\\/\"]}]},{\"@type\":\"ImageObject\",\"inLanguage\":\"en-US\",\"@id\":\"https:\\\/\\\/www.dvorakuvfestival.cz\\\/en\\\/koncert\\\/bojanov-2\\\/#primaryimage\",\"url\":\"https:\\\/\\\/www.dvorakuvfestival.cz\\\/wp-content\\\/uploads\\\/2023\\\/05\\\/2-14.jpg\",\"contentUrl\":\"https:\\\/\\\/www.dvorakuvfestival.cz\\\/wp-content\\\/uploads\\\/2023\\\/05\\\/2-14.jpg\",\"width\":2560,\"height\":1440},{\"@type\":\"BreadcrumbList\",\"@id\":\"https:\\\/\\\/www.dvorakuvfestival.cz\\\/en\\\/koncert\\\/bojanov-2\\\/#breadcrumb\",\"itemListElement\":[{\"@type\":\"ListItem\",\"position\":1,\"name\":\"Dvo\u0159\u00e1k\u016fv festival\",\"item\":\"https:\\\/\\\/www.dvorakuvfestival.cz\\\/en\\\/\"},{\"@type\":\"ListItem\",\"position\":2,\"name\":\"Koncerty\",\"item\":\"https:\\\/\\\/www.dvorakuvfestival.cz\\\/en\\\/koncerty\\\/\"},{\"@type\":\"ListItem\",\"position\":3,\"name\":\"Bojanov\"}]},{\"@type\":\"WebSite\",\"@id\":\"https:\\\/\\\/www.dvorakuvfestival.cz\\\/en\\\/#website\",\"url\":\"https:\\\/\\\/www.dvorakuvfestival.cz\\\/en\\\/\",\"name\":\"Dvo\u0159\u00e1k\u016fv festival\",\"description\":\"\",\"publisher\":{\"@id\":\"https:\\\/\\\/www.dvorakuvfestival.cz\\\/en\\\/#organization\"},\"potentialAction\":[{\"@type\":\"SearchAction\",\"target\":{\"@type\":\"EntryPoint\",\"urlTemplate\":\"https:\\\/\\\/www.dvorakuvfestival.cz\\\/en\\\/?s={search_term_string}\"},\"query-input\":{\"@type\":\"PropertyValueSpecification\",\"valueRequired\":true,\"valueName\":\"search_term_string\"}}],\"inLanguage\":\"en-US\"},{\"@type\":\"Organization\",\"@id\":\"https:\\\/\\\/www.dvorakuvfestival.cz\\\/en\\\/#organization\",\"name\":\"Dvo\u0159\u00e1k\u016fv festival\",\"url\":\"https:\\\/\\\/www.dvorakuvfestival.cz\\\/en\\\/\",\"logo\":{\"@type\":\"ImageObject\",\"inLanguage\":\"en-US\",\"@id\":\"https:\\\/\\\/www.dvorakuvfestival.cz\\\/en\\\/#\\\/schema\\\/logo\\\/image\\\/\",\"url\":\"https:\\\/\\\/www.dvorakuvfestival.cz\\\/wp-content\\\/uploads\\\/2018\\\/02\\\/Dvorakuv-festival_70_2026_bi\u0301le\u0301.png\",\"contentUrl\":\"https:\\\/\\\/www.dvorakuvfestival.cz\\\/wp-content\\\/uploads\\\/2018\\\/02\\\/Dvorakuv-festival_70_2026_bi\u0301le\u0301.png\",\"width\":1711,\"height\":571,\"caption\":\"Dvo\u0159\u00e1k\u016fv festival\"},\"image\":{\"@id\":\"https:\\\/\\\/www.dvorakuvfestival.cz\\\/en\\\/#\\\/schema\\\/logo\\\/image\\\/\"},\"sameAs\":[\"https:\\\/\\\/www.facebook.com\\\/dvorakuvfestival\",\"https:\\\/\\\/www.instagram.com\\\/dvorakuvfestival\\\/\"]}]}<\/script>\n<!-- \/ Yoast SEO plugin. -->","yoast_head_json":{"title":"Bojanov | Dvo\u0159\u00e1k\u016fv festival","description":"Tereza M\u00e1tlov\u00e1 and Radim Schwab will transform the Bojanov Primary School gym into a concert hall full of famous musical melodies with an unforgettable atmosphere.","robots":{"index":"index","follow":"follow","max-snippet":"max-snippet:-1","max-image-preview":"max-image-preview:large","max-video-preview":"max-video-preview:-1"},"canonical":"https:\/\/www.dvorakuvfestival.cz\/en\/koncert\/bojanov-2\/","og_locale":"en_US","og_type":"article","og_title":"Bojanov | Dvo\u0159\u00e1k\u016fv festival","og_description":"Tereza M\u00e1tlov\u00e1 and Radim Schwab will transform the Bojanov Primary School gym into a concert hall full of famous musical melodies with an unforgettable atmosphere.","og_url":"https:\/\/www.dvorakuvfestival.cz\/en\/koncert\/bojanov-2\/","og_site_name":"Dvo\u0159\u00e1k\u016fv festival","article_publisher":"https:\/\/www.facebook.com\/dvorakuvfestival","article_modified_time":"2025-04-15T11:57:24+00:00","og_image":[{"width":2560,"height":1440,"url":"https:\/\/www.dvorakuvfestival.cz\/wp-content\/uploads\/2023\/05\/2-14.jpg","type":"image\/jpeg"}],"twitter_card":"summary_large_image","twitter_misc":{"Est. reading time":"5 minutes"},"schema":{"@context":"https:\/\/schema.org","@graph":[{"@type":"WebPage","@id":"https:\/\/www.dvorakuvfestival.cz\/en\/koncert\/bojanov-2\/","url":"https:\/\/www.dvorakuvfestival.cz\/en\/koncert\/bojanov-2\/","name":"Bojanov | Dvo\u0159\u00e1k\u016fv festival","isPartOf":{"@id":"https:\/\/www.dvorakuvfestival.cz\/en\/#website"},"primaryImageOfPage":{"@id":"https:\/\/www.dvorakuvfestival.cz\/en\/koncert\/bojanov-2\/#primaryimage"},"image":{"@id":"https:\/\/www.dvorakuvfestival.cz\/en\/koncert\/bojanov-2\/#primaryimage"},"thumbnailUrl":"https:\/\/www.dvorakuvfestival.cz\/wp-content\/uploads\/2023\/05\/2-14.jpg","datePublished":"2025-03-24T14:56:26+00:00","dateModified":"2025-04-15T11:57:24+00:00","description":"Tereza M\u00e1tlov\u00e1 and Radim Schwab will transform the Bojanov Primary School gym into a concert hall full of famous musical melodies with an unforgettable atmosphere.","breadcrumb":{"@id":"https:\/\/www.dvorakuvfestival.cz\/en\/koncert\/bojanov-2\/#breadcrumb"},"inLanguage":"en-US","potentialAction":[{"@type":"ReadAction","target":["https:\/\/www.dvorakuvfestival.cz\/en\/koncert\/bojanov-2\/"]}]},{"@type":"ImageObject","inLanguage":"en-US","@id":"https:\/\/www.dvorakuvfestival.cz\/en\/koncert\/bojanov-2\/#primaryimage","url":"https:\/\/www.dvorakuvfestival.cz\/wp-content\/uploads\/2023\/05\/2-14.jpg","contentUrl":"https:\/\/www.dvorakuvfestival.cz\/wp-content\/uploads\/2023\/05\/2-14.jpg","width":2560,"height":1440},{"@type":"BreadcrumbList","@id":"https:\/\/www.dvorakuvfestival.cz\/en\/koncert\/bojanov-2\/#breadcrumb","itemListElement":[{"@type":"ListItem","position":1,"name":"Dvo\u0159\u00e1k\u016fv festival","item":"https:\/\/www.dvorakuvfestival.cz\/en\/"},{"@type":"ListItem","position":2,"name":"Koncerty","item":"https:\/\/www.dvorakuvfestival.cz\/en\/koncerty\/"},{"@type":"ListItem","position":3,"name":"Bojanov"}]},{"@type":"WebSite","@id":"https:\/\/www.dvorakuvfestival.cz\/en\/#website","url":"https:\/\/www.dvorakuvfestival.cz\/en\/","name":"Dvo\u0159\u00e1k\u016fv festival","description":"","publisher":{"@id":"https:\/\/www.dvorakuvfestival.cz\/en\/#organization"},"potentialAction":[{"@type":"SearchAction","target":{"@type":"EntryPoint","urlTemplate":"https:\/\/www.dvorakuvfestival.cz\/en\/?s={search_term_string}"},"query-input":{"@type":"PropertyValueSpecification","valueRequired":true,"valueName":"search_term_string"}}],"inLanguage":"en-US"},{"@type":"Organization","@id":"https:\/\/www.dvorakuvfestival.cz\/en\/#organization","name":"Dvo\u0159\u00e1k\u016fv festival","url":"https:\/\/www.dvorakuvfestival.cz\/en\/","logo":{"@type":"ImageObject","inLanguage":"en-US","@id":"https:\/\/www.dvorakuvfestival.cz\/en\/#\/schema\/logo\/image\/","url":"https:\/\/www.dvorakuvfestival.cz\/wp-content\/uploads\/2018\/02\/Dvorakuv-festival_70_2026_bi\u0301le\u0301.png","contentUrl":"https:\/\/www.dvorakuvfestival.cz\/wp-content\/uploads\/2018\/02\/Dvorakuv-festival_70_2026_bi\u0301le\u0301.png","width":1711,"height":571,"caption":"Dvo\u0159\u00e1k\u016fv festival"},"image":{"@id":"https:\/\/www.dvorakuvfestival.cz\/en\/#\/schema\/logo\/image\/"},"sameAs":["https:\/\/www.facebook.com\/dvorakuvfestival","https:\/\/www.instagram.com\/dvorakuvfestival\/"]}]}},"_links":{"self":[{"href":"https:\/\/www.dvorakuvfestival.cz\/en\/wp-json\/wp\/v2\/tribe_events\/33554","targetHints":{"allow":["GET"]}}],"collection":[{"href":"https:\/\/www.dvorakuvfestival.cz\/en\/wp-json\/wp\/v2\/tribe_events"}],"about":[{"href":"https:\/\/www.dvorakuvfestival.cz\/en\/wp-json\/wp\/v2\/types\/tribe_events"}],"author":[{"embeddable":true,"href":"https:\/\/www.dvorakuvfestival.cz\/en\/wp-json\/wp\/v2\/users\/1"}],"version-history":[{"count":3,"href":"https:\/\/www.dvorakuvfestival.cz\/en\/wp-json\/wp\/v2\/tribe_events\/33554\/revisions"}],"predecessor-version":[{"id":33559,"href":"https:\/\/www.dvorakuvfestival.cz\/en\/wp-json\/wp\/v2\/tribe_events\/33554\/revisions\/33559"}],"wp:featuredmedia":[{"embeddable":true,"href":"https:\/\/www.dvorakuvfestival.cz\/en\/wp-json\/wp\/v2\/media\/25630"}],"wp:attachment":[{"href":"https:\/\/www.dvorakuvfestival.cz\/en\/wp-json\/wp\/v2\/media?parent=33554"}],"wp:term":[{"taxonomy":"post_tag","embeddable":true,"href":"https:\/\/www.dvorakuvfestival.cz\/en\/wp-json\/wp\/v2\/tags?post=33554"},{"taxonomy":"tribe_events_cat","embeddable":true,"href":"https:\/\/www.dvorakuvfestival.cz\/en\/wp-json\/wp\/v2\/tribe_events_cat?post=33554"}],"curies":[{"name":"wp","href":"https:\/\/api.w.org\/{rel}","templated":true}]}}