{"id":33550,"date":"2025-03-24T15:56:26","date_gmt":"2025-03-24T14:56:26","guid":{"rendered":"https:\/\/www.dvorakuvfestival.cz\/koncert\/stritez-2\/"},"modified":"2025-04-15T13:57:24","modified_gmt":"2025-04-15T11:57:24","slug":"stritez-2","status":"publish","type":"tribe_events","link":"https:\/\/www.dvorakuvfestival.cz\/en\/koncert\/stritez-2\/","title":{"rendered":"St\u0159\u00edte\u017e"},"content":{"rendered":"\t\t<div data-elementor-type=\"tec_event_single_static\" data-elementor-id=\"33550\" class=\"elementor elementor-33550 elementor-31438\" data-elementor-post-type=\"tribe_events\">\n\t\t\t\t\t\t<section class=\"elementor-section elementor-top-section elementor-element elementor-element-29692b8a elementor-section-full_width elementor-section-height-default elementor-section-height-default\" data-id=\"29692b8a\" data-element_type=\"section\" data-e-type=\"section\">\n\t\t\t\t\t\t<div class=\"elementor-container elementor-column-gap-extended\">\n\t\t\t\t\t<div class=\"elementor-column elementor-col-50 elementor-top-column elementor-element elementor-element-2d9b6f69 sc_layouts_column_icons_position_left\" data-id=\"2d9b6f69\" data-element_type=\"column\" data-e-type=\"column\">\n\t\t\t<div class=\"elementor-widget-wrap elementor-element-populated\">\n\t\t\t\t\t\t<div class=\"elementor-element elementor-element-5dcc2dfd elementor-widget__width-initial elementor-hidden-desktop elementor-widget elementor-widget-image\" data-id=\"5dcc2dfd\" data-element_type=\"widget\" data-e-type=\"widget\" data-widget_type=\"image.default\">\n\t\t\t\t<div class=\"elementor-widget-container\">\n\t\t\t\t\t\t\t\t\t\t\t\t\t\t\t<img fetchpriority=\"high\" decoding=\"async\" width=\"1024\" height=\"576\" src=\"https:\/\/www.dvorakuvfestival.cz\/wp-content\/uploads\/2023\/03\/2-14-1024x576.jpg\" class=\"attachment-large size-large wp-image-25410\" alt=\"\" srcset=\"https:\/\/www.dvorakuvfestival.cz\/wp-content\/uploads\/2023\/03\/2-14-1024x576.jpg 1024w, https:\/\/www.dvorakuvfestival.cz\/wp-content\/uploads\/2023\/03\/2-14-300x169.jpg 300w, https:\/\/www.dvorakuvfestival.cz\/wp-content\/uploads\/2023\/03\/2-14-768x432.jpg 768w, https:\/\/www.dvorakuvfestival.cz\/wp-content\/uploads\/2023\/03\/2-14-1536x864.jpg 1536w, https:\/\/www.dvorakuvfestival.cz\/wp-content\/uploads\/2023\/03\/2-14-2048x1152.jpg 2048w, https:\/\/www.dvorakuvfestival.cz\/wp-content\/uploads\/2023\/03\/2-14-370x208.jpg 370w, https:\/\/www.dvorakuvfestival.cz\/wp-content\/uploads\/2023\/03\/2-14-842x474.jpg 842w, https:\/\/www.dvorakuvfestival.cz\/wp-content\/uploads\/2023\/03\/2-14-406x228.jpg 406w, https:\/\/www.dvorakuvfestival.cz\/wp-content\/uploads\/2023\/03\/2-14-812x457.jpg 812w, https:\/\/www.dvorakuvfestival.cz\/wp-content\/uploads\/2023\/03\/2-14-270x152.jpg 270w\" sizes=\"(max-width: 1024px) 100vw, 1024px\" \/>\t\t\t\t\t\t\t\t\t\t\t\t\t\t\t<\/div>\n\t\t\t\t<\/div>\n\t\t\t\t<div class=\"elementor-element elementor-element-7980ee7a elementor-widget elementor-widget-tec_events_elementor_widget_event_title\" data-id=\"7980ee7a\" data-element_type=\"widget\" data-e-type=\"widget\" data-widget_type=\"tec_events_elementor_widget_event_title.default\">\n\t\t\t\t<div class=\"elementor-widget-container\">\n\t\t\t\t\t<h2  class=\"tec-events-elementor-event-widget__title\" >\n\tSt\u0159\u00edte\u017e<\/h2>\t\t\t\t<\/div>\n\t\t\t\t<\/div>\n\t\t\t\t<div class=\"elementor-element elementor-element-583d9ab2 elementor-widget elementor-widget-text-editor\" data-id=\"583d9ab2\" data-element_type=\"widget\" data-e-type=\"widget\" data-widget_type=\"text-editor.default\">\n\t\t\t\t<div class=\"elementor-widget-container\">\n\t\t\t\t\t\t\t\t\t<div class=\"elementor-element elementor-element-144deda elementor-widget elementor-widget-text-editor\" data-id=\"144deda\" data-element_type=\"widget\" data-widget_type=\"text-editor.default\">\n<div class=\"elementor-widget-container\">\n<p>Church of St. Florian <\/p>\n<\/div>\n<\/div>\t\t\t\t\t\t\t\t<\/div>\n\t\t\t\t<\/div>\n\t\t\t\t<div class=\"elementor-element elementor-element-76252e64 elementor-widget elementor-widget-text-editor\" data-id=\"76252e64\" data-element_type=\"widget\" data-e-type=\"widget\" data-widget_type=\"text-editor.default\">\n\t\t\t\t<div class=\"elementor-widget-container\">\n\t\t\t\t\t\t\t\t\t\n<p>Jers Duo<\/p>\t\t\t\t\t\t\t\t<\/div>\n\t\t\t\t<\/div>\n\t\t\t\t<div class=\"elementor-element elementor-element-85ca273 elementor-widget elementor-widget-shortcode\" data-id=\"85ca273\" data-element_type=\"widget\" data-e-type=\"widget\" data-widget_type=\"shortcode.default\">\n\t\t\t\t<div class=\"elementor-widget-container\">\n\t\t\t\t\t\t\t<div class=\"elementor-shortcode\">Saturday 24.&nbsp;5.&nbsp;2025 v&nbsp;16:00<\/div>\n\t\t\t\t\t\t<\/div>\n\t\t\t\t<\/div>\n\t\t\t\t<div class=\"elementor-element elementor-element-37587b10 elementor-widget elementor-widget-text-editor\" data-id=\"37587b10\" data-element_type=\"widget\" data-e-type=\"widget\" data-widget_type=\"text-editor.default\">\n\t\t\t\t<div class=\"elementor-widget-container\">\n\t\t\t\t\t\t\t\t\t<div class=\"elementor-element elementor-element-144deda elementor-widget elementor-widget-text-editor\" data-id=\"144deda\" data-element_type=\"widget\" data-widget_type=\"text-editor.default\">\n<div class=\"elementor-widget-container\">\n<p class=\"p1\"><i>The concert is held under the auspices of the Roman Catholic <\/i><i>Parish of Poln\u00e1 and Michaela Zadinova, Mayor of <\/i><i>St\u0159\u00edte\u017e.<\/i><\/p>\n<p>The voluntary entrance fee will be donated to the repair of the church.<\/p>\n<p><span style=\"color: #5c071f;\"><strong>Performers<\/strong><\/span><\/p>\n<\/div>\n<div data-id=\"0322ab4\" data-element_type=\"widget\" data-widget_type=\"text-editor.default\">\n<p>Jaroslav Pelikan &#8211; flute<br data-start=\"25\" data-end=\"28\">Jaroslav Novak &#8211; guitar<\/p>\n<\/div>\n<\/div>\t\t\t\t\t\t\t\t<\/div>\n\t\t\t\t<\/div>\n\t\t\t\t<div class=\"elementor-element elementor-element-4a9b0013 elementor-hidden-desktop elementor-hidden-tablet elementor-hidden-mobile elementor-widget elementor-widget-text-editor\" data-id=\"4a9b0013\" data-element_type=\"widget\" data-e-type=\"widget\" data-widget_type=\"text-editor.default\">\n\t\t\t\t<div class=\"elementor-widget-container\">\n\t\t\t\t\t\t\t\t\t<a title=\"Pre-sale of the event\" target=\"_blank\" class=\"smsticket-ibutton\" href=\"https:\/\/www.smsticket.cz\/vstupenky\/54691-dvorakuv-festival-labske-hudebni-vlnobiti-kostel-povyseni-sv-krize-podebrady?utm_campaign=smsticket-prodejni-tlacitko\">Pre-sale of the event<\/a>\n<script>\n    (function() {\n        var po = document.createElement('script');\n        po.async = true;\n        po.src = 'https:\/\/www.smsticket.cz\/static\/scripts\/widgets\/SaleAnchorMini.js';\n        var s = document.getElementsByTagName('script')[0];\n        s.parentNode.insertBefore(po, s);\n    })();\n<\/script>\t\t\t\t\t\t\t\t<\/div>\n\t\t\t\t<\/div>\n\t\t\t\t\t<\/div>\n\t\t<\/div>\n\t\t\t\t<div class=\"elementor-column elementor-col-50 elementor-top-column elementor-element elementor-element-572425a sc_layouts_column_icons_position_left\" data-id=\"572425a\" data-element_type=\"column\" data-e-type=\"column\">\n\t\t\t<div class=\"elementor-widget-wrap elementor-element-populated\">\n\t\t\t\t\t\t<div class=\"elementor-element elementor-element-2ea0b214 elementor-widget__width-initial elementor-hidden-tablet elementor-hidden-mobile elementor-widget elementor-widget-image\" data-id=\"2ea0b214\" data-element_type=\"widget\" data-e-type=\"widget\" data-widget_type=\"image.default\">\n\t\t\t\t<div class=\"elementor-widget-container\">\n\t\t\t\t\t\t\t\t\t\t\t\t\t\t\t<img fetchpriority=\"high\" decoding=\"async\" width=\"1024\" height=\"576\" src=\"https:\/\/www.dvorakuvfestival.cz\/wp-content\/uploads\/2023\/03\/2-14-1024x576.jpg\" class=\"attachment-large size-large wp-image-25410\" alt=\"\" srcset=\"https:\/\/www.dvorakuvfestival.cz\/wp-content\/uploads\/2023\/03\/2-14-1024x576.jpg 1024w, https:\/\/www.dvorakuvfestival.cz\/wp-content\/uploads\/2023\/03\/2-14-300x169.jpg 300w, https:\/\/www.dvorakuvfestival.cz\/wp-content\/uploads\/2023\/03\/2-14-768x432.jpg 768w, https:\/\/www.dvorakuvfestival.cz\/wp-content\/uploads\/2023\/03\/2-14-1536x864.jpg 1536w, https:\/\/www.dvorakuvfestival.cz\/wp-content\/uploads\/2023\/03\/2-14-2048x1152.jpg 2048w, https:\/\/www.dvorakuvfestival.cz\/wp-content\/uploads\/2023\/03\/2-14-370x208.jpg 370w, https:\/\/www.dvorakuvfestival.cz\/wp-content\/uploads\/2023\/03\/2-14-842x474.jpg 842w, https:\/\/www.dvorakuvfestival.cz\/wp-content\/uploads\/2023\/03\/2-14-406x228.jpg 406w, https:\/\/www.dvorakuvfestival.cz\/wp-content\/uploads\/2023\/03\/2-14-812x457.jpg 812w, https:\/\/www.dvorakuvfestival.cz\/wp-content\/uploads\/2023\/03\/2-14-270x152.jpg 270w\" sizes=\"(max-width: 1024px) 100vw, 1024px\" \/>\t\t\t\t\t\t\t\t\t\t\t\t\t\t\t<\/div>\n\t\t\t\t<\/div>\n\t\t\t\t<div class=\"elementor-element elementor-element-68e757a9 elementor-hidden-tablet elementor-hidden-mobile elementor-widget elementor-widget-text-editor\" data-id=\"68e757a9\" data-element_type=\"widget\" data-e-type=\"widget\" data-widget_type=\"text-editor.default\">\n\t\t\t\t<div class=\"elementor-widget-container\">\n\t\t\t\t\t\t\t\t\t<div data-id=\"a9096e3\" data-element_type=\"widget\" data-widget_type=\"heading.default\">\n<h4 style=\"text-align: center;\"><span style=\"color: #ffffff;\"><strong>Program<\/strong><\/span><\/h4>\n<\/div>\n<div data-id=\"a0558f0\" data-element_type=\"widget\" data-widget_type=\"text-editor.default\">\n<p class=\"\" style=\"text-align: center;\" data-start=\"131\" data-end=\"213\">G. Ph. Telemann &#8211; Sonata in C major<br data-start=\"30\" data-end=\"33\">F. Benda &#8211; Sonata in F major<br data-start=\"56\" data-end=\"59\">W. A. Mozart &#8211; Andante in C major<br data-start=\"87\" data-end=\"90\">A. Dvo\u0159\u00e1k &#8211; Sonatina Op. 100 (transcription of the Jers-duo from the original for violin and piano)<br data-start=\"173\" data-end=\"176\">G. Faur\u00e9 &#8211; Fantaisie Op. 79<br data-start=\"203\" data-end=\"206\">M. Ravel &#8211; Habanera<br data-start=\"225\" data-end=\"228\">J. Pelik\u00e1n &#8211; Agua e Vinho &#8211; variation on a&nbsp;theme by the Brazilian composer E. Ghismonti<br data-start=\"309\" data-end=\"312\">J. Nov\u00e1k &#8211; Suite (Festive Tears, Song and Hesitant Girl)<\/p>\n<\/div>\t\t\t\t\t\t\t\t<\/div>\n\t\t\t\t<\/div>\n\t\t\t\t\t<\/div>\n\t\t<\/div>\n\t\t\t\t\t<\/div>\n\t\t<\/section>\n\t\t\t\t<section class=\"elementor-section elementor-top-section elementor-element elementor-element-79304c2f elementor-section-boxed elementor-section-height-default elementor-section-height-default\" data-id=\"79304c2f\" data-element_type=\"section\" data-e-type=\"section\">\n\t\t\t\t\t\t<div class=\"elementor-container elementor-column-gap-extended\">\n\t\t\t\t\t<div class=\"elementor-column elementor-col-100 elementor-top-column elementor-element elementor-element-7a901df0 sc_layouts_column_icons_position_left\" data-id=\"7a901df0\" data-element_type=\"column\" data-e-type=\"column\">\n\t\t\t<div class=\"elementor-widget-wrap elementor-element-populated\">\n\t\t\t\t\t\t<section class=\"elementor-section elementor-inner-section elementor-element elementor-element-68b94295 elementor-section-boxed elementor-section-height-default elementor-section-height-default\" data-id=\"68b94295\" data-element_type=\"section\" data-e-type=\"section\">\n\t\t\t\t\t\t<div class=\"elementor-container elementor-column-gap-extended\">\n\t\t\t\t\t<div class=\"elementor-column elementor-col-50 elementor-inner-column elementor-element elementor-element-15a51b3a sc_layouts_column_icons_position_left\" data-id=\"15a51b3a\" data-element_type=\"column\" data-e-type=\"column\">\n\t\t\t<div class=\"elementor-widget-wrap elementor-element-populated\">\n\t\t\t\t\t\t<div class=\"elementor-element elementor-element-35f1087a elementor-widget elementor-widget-image-carousel\" data-id=\"35f1087a\" data-element_type=\"widget\" data-e-type=\"widget\" data-settings=\"{&quot;navigation&quot;:&quot;none&quot;,&quot;slides_to_show&quot;:&quot;2&quot;,&quot;autoplay_speed&quot;:2000,&quot;speed&quot;:1000,&quot;autoplay&quot;:&quot;yes&quot;,&quot;pause_on_hover&quot;:&quot;yes&quot;,&quot;pause_on_interaction&quot;:&quot;yes&quot;,&quot;infinite&quot;:&quot;yes&quot;}\" data-widget_type=\"image-carousel.default\">\n\t\t\t\t<div class=\"elementor-widget-container\">\n\t\t\t\t\t\t\t<div class=\"elementor-image-carousel-wrapper swiper\" role=\"region\" aria-roledescription=\"carousel\" aria-label=\"Obr\u00e1zkov\u00fd koloto\u010d\" dir=\"ltr\">\n\t\t\t<div class=\"elementor-image-carousel swiper-wrapper\" aria-live=\"off\">\n\t\t\t\t\t\t\t\t<div class=\"swiper-slide\" role=\"group\" aria-roledescription=\"slide\" aria-label=\"1 of 2\"><figure class=\"swiper-slide-inner\"><img decoding=\"async\" class=\"swiper-slide-image\" src=\"https:\/\/www.dvorakuvfestival.cz\/wp-content\/uploads\/elementor\/thumbs\/DF_FOTO_LOD-9-qoecg9nvkltz2z4lhotq8g1pxla9ila1fuwrewe21c.jpg\" alt=\"Jaroslav Nov\u00e1k\" \/><figcaption class=\"elementor-image-carousel-caption\">Jaroslav Nov\u00e1k<\/figcaption><\/figure><\/div><div class=\"swiper-slide\" role=\"group\" aria-roledescription=\"slide\" aria-label=\"2 of 2\"><figure class=\"swiper-slide-inner\"><img decoding=\"async\" class=\"swiper-slide-image\" src=\"https:\/\/www.dvorakuvfestival.cz\/wp-content\/uploads\/elementor\/thumbs\/DF_FOTO_LOD-9-qoecg9nvkltz2z4lhotq8g1pxla9ila1fuwrewe21c.jpg\" alt=\"Jaroslav Nov\u00e1k\" \/><figcaption class=\"elementor-image-carousel-caption\">Jaroslav Nov\u00e1k<\/figcaption><\/figure><\/div>\t\t\t<\/div>\n\t\t\t\t\t\t\t\n\t\t\t\t\t\t\t\t\t<\/div>\n\t\t\t\t\t\t<\/div>\n\t\t\t\t<\/div>\n\t\t\t\t\t<\/div>\n\t\t<\/div>\n\t\t\t\t<div class=\"elementor-column elementor-col-50 elementor-inner-column elementor-element elementor-element-478efd41 sc_layouts_column_icons_position_left\" data-id=\"478efd41\" data-element_type=\"column\" data-e-type=\"column\">\n\t\t\t<div class=\"elementor-widget-wrap\">\n\t\t\t\t\t\t\t<\/div>\n\t\t<\/div>\n\t\t\t\t\t<\/div>\n\t\t<\/section>\n\t\t\t\t<div class=\"elementor-element elementor-element-1b61b6e6 elementor-widget elementor-widget-spacer\" data-id=\"1b61b6e6\" data-element_type=\"widget\" data-e-type=\"widget\" data-widget_type=\"spacer.default\">\n\t\t\t\t<div class=\"elementor-widget-container\">\n\t\t\t\t\t\t\t<div class=\"elementor-spacer\">\n\t\t\t<div class=\"elementor-spacer-inner\"><\/div>\n\t\t<\/div>\n\t\t\t\t\t\t<\/div>\n\t\t\t\t<\/div>\n\t\t\t\t<div class=\"elementor-element elementor-element-6d4e35ac elementor-hidden-desktop elementor-widget elementor-widget-text-editor\" data-id=\"6d4e35ac\" data-element_type=\"widget\" data-e-type=\"widget\" data-widget_type=\"text-editor.default\">\n\t\t\t\t<div class=\"elementor-widget-container\">\n\t\t\t\t\t\t\t\t\t<div data-id=\"a9096e3\" data-element_type=\"widget\" data-widget_type=\"heading.default\">\n<h4 style=\"text-align: center;\"><span style=\"color: #ffffff;\"><strong>Program<\/strong><\/span><\/h4>\n<\/div>\n<div data-id=\"a0558f0\" data-element_type=\"widget\" data-widget_type=\"text-editor.default\">\n<p style=\"text-align: center;\">G. Ph. Telemann &#8211; Sonata in C major<br data-start=\"30\" data-end=\"33\">F. Benda &#8211; Sonata in F major<br data-start=\"56\" data-end=\"59\">W. A. Mozart &#8211; Andante in C major<br data-start=\"87\" data-end=\"90\">A. Dvo\u0159\u00e1k &#8211; Sonatina Op. 100 (transcription of the Jers-duo from the original for violin and piano)<br data-start=\"173\" data-end=\"176\">G. Faur\u00e9 &#8211; Fantaisie Op. 79<br data-start=\"203\" data-end=\"206\">M. Ravel &#8211; Habanera<br data-start=\"225\" data-end=\"228\">J. Pelik\u00e1n &#8211; Agua e Vinho &#8211; variation on a&nbsp;theme by the Brazilian composer E. Ghismonti<br data-start=\"309\" data-end=\"312\">J. Nov\u00e1k &#8211; Suite (Festive Tears, Song and Hesitant Girl)<\/p>\n<\/div>\t\t\t\t\t\t\t\t<\/div>\n\t\t\t\t<\/div>\n\t\t\t\t<div class=\"elementor-element elementor-element-7882dd19 elementor-widget elementor-widget-spacer\" data-id=\"7882dd19\" data-element_type=\"widget\" data-e-type=\"widget\" data-widget_type=\"spacer.default\">\n\t\t\t\t<div class=\"elementor-widget-container\">\n\t\t\t\t\t\t\t<div class=\"elementor-spacer\">\n\t\t\t<div class=\"elementor-spacer-inner\"><\/div>\n\t\t<\/div>\n\t\t\t\t\t\t<\/div>\n\t\t\t\t<\/div>\n\t\t\t\t\t<\/div>\n\t\t<\/div>\n\t\t\t\t\t<\/div>\n\t\t<\/section>\n\t\t\t\t<section class=\"elementor-section elementor-top-section elementor-element elementor-element-abe87d7 elementor-section-boxed elementor-section-height-default elementor-section-height-default\" data-id=\"abe87d7\" data-element_type=\"section\" data-e-type=\"section\">\n\t\t\t\t\t\t<div class=\"elementor-container elementor-column-gap-extended\">\n\t\t\t\t\t<div class=\"elementor-column elementor-col-100 elementor-top-column elementor-element elementor-element-7387a174 sc_layouts_column_icons_position_left\" data-id=\"7387a174\" data-element_type=\"column\" data-e-type=\"column\">\n\t\t\t<div class=\"elementor-widget-wrap elementor-element-populated\">\n\t\t\t\t\t\t<div class=\"elementor-element elementor-element-39751b95 elementor-widget elementor-widget-text-editor\" data-id=\"39751b95\" data-element_type=\"widget\" data-e-type=\"widget\" data-widget_type=\"text-editor.default\">\n\t\t\t\t<div class=\"elementor-widget-container\">\n\t\t\t\t\t\t\t\t\t<section data-id=\"16250a39\" data-element_type=\"section\">\n<div data-id=\"2413c02e\" data-element_type=\"column\" data-settings=\"{\">\n<div data-id=\"a4781c2\" data-element_type=\"widget\" data-widget_type=\"text-editor.default\">\n<h5><span style=\"color: #ffffff;\"><strong>Jaroslav Nov\u00e1k<\/strong><\/span><\/h5>\n<section data-id=\"0430f30\" data-element_type=\"section\">\n<div data-id=\"cb88804\" data-element_type=\"column\">\n<div data-id=\"06bad65\" data-element_type=\"widget\" data-widget_type=\"text-editor.default\">\n<p class=\"\" data-start=\"69\" data-end=\"625\">(1968, Prague) &#8211; guitarist, singer, composer and teacher. He studied cello as a&nbsp;child and has been playing guitar and composing since the age of 13. He graduated from the J. Kepler Grammar School and the Conservatory in Prague, majoring in guitar and composition. He finished his studies at the conservatory in 1995 with &#8220;Concerto for guitar and rock orchestra&#8221;. In 1984, together with flutist J. Pelik\u00e1n, he founded Jers-duo, an ensemble focused on the interpretation of classical and his own compositions, which in 1993 released an original CD <em data-start=\"554\" data-end=\"573\">Ml\u010denliv\u00e9 p\u0159\u00edb\u011bhy (Silent Stories)<\/em> and in 1996 became a&nbsp;laureate of the Young Prague competition.    <\/p>\n<p class=\"\" data-start=\"627\" data-end=\"1156\">Occasionally, he collaborates with leading Czech symphony orchestras, as well as with groups and ensembles of other musical genres. Since 1998 he has been teaching at the Prague Conservatory. He has composed a&nbsp;number of works for guitar (concertos, sonatas, suites, etudes), he is the author of the 70-minute rock <em data-start=\"934\" data-end=\"949\">Symphony in E<\/em>, and he sets modern Czech poetry (about 250 songs). Occasionally he writes music for theatre, TV and film. Since 2009 he has been performing his own original programme, summarising both his guitar and songwriting.    <\/p>\n<h5><span style=\"color: #ffffff;\"><strong>Jaroslav Pelikan<\/strong><\/span><\/h5>\n<p class=\"\" data-start=\"1163\" data-end=\"1606\">(1970, Prague) &#8211; flutist, composer. From childhood he was a&nbsp;member of the K\u00fchn Children&#8217;s&nbsp;Choir, where he acquired a&nbsp;relationship to music. He studied flute (prof. J. Riedlbauch) and composition (prof. J. Feld) at the Prague Conservatory. He continued his studies at the Academy of Performing Arts &#8211; flute with Prof. F. \u010cech and Prof. J. V\u00e1lka, composition with Prof. V. Riedlbauch and Prof. J. Filas. In 1992-1993 he worked in Brazil. Since 1996 he has been principal flutist of the National Theatre Orchestra.     <\/p>\n<p class=\"\" data-start=\"1608\" data-end=\"2066\">As a&nbsp;soloist he performs with a&nbsp;number of orchestras (the National Philharmonic Orchestra, PKF, East Bohemian Philharmonic Orchestra Pardubice, Talich Chamber Orchestra, North Bohemian Philharmonic Orchestra Teplice, KSO, Orquestra da C\u00e2mara do Par\u00e1, etc.) and abroad (Japan, Brazil, Germany, Hungary, France, Italy, etc.). With guitarist J. Nov\u00e1k he is a&nbsp;member of Jers-dua, with whom he released the CD <em data-start=\"1943\" data-end=\"1962\">Silent Stories<\/em>. Last year he was invited as a&nbsp;professor to a&nbsp;masterclass organized by the Federal University in Brazil.  <\/p>\n<p class=\"\" data-start=\"2068\" data-end=\"2491\">As a&nbsp;composer, he is mainly devoted to instrumental music. His works include, among others, concertos for oboe (performed in Tokyo in the presence of a&nbsp;Japanese princess), flute, guitar and bassoon (commissioned for the Prague Spring 2002 competition), wind quintet, <em data-start=\"2320\" data-end=\"2334\">Stabat Mater<\/em>, <em data-start=\"2336\" data-end=\"2352\">Symphony in B flat major<\/em>, <em data-start=\"2354\" data-end=\"2369\">Bethlehem Mass<\/em>, etc. He composed <em data-start=\"2422\" data-end=\"2432\">Sonatina<\/em> for the Prague Spring Oboe Competition. He currently plays the A&nbsp;wooden flute. Braun.    <\/p>\n<\/div>\n<\/div>\n<\/section>\n<\/div>\n<\/div>\n<\/section>\t\t\t\t\t\t\t\t<\/div>\n\t\t\t\t<\/div>\n\t\t\t\t\t<\/div>\n\t\t<\/div>\n\t\t\t\t\t<\/div>\n\t\t<\/section>\n\t\t\t\t<section class=\"elementor-section elementor-top-section elementor-element elementor-element-3cc74184 elementor-section-boxed elementor-section-height-default elementor-section-height-default\" data-id=\"3cc74184\" data-element_type=\"section\" data-e-type=\"section\">\n\t\t\t\t\t\t<div class=\"elementor-container elementor-column-gap-extended\">\n\t\t\t\t\t<div class=\"elementor-column elementor-col-100 elementor-top-column elementor-element elementor-element-50e260e9 sc_layouts_column_icons_position_left\" data-id=\"50e260e9\" data-element_type=\"column\" data-e-type=\"column\">\n\t\t\t<div class=\"elementor-widget-wrap elementor-element-populated\">\n\t\t\t\t\t\t<div class=\"elementor-element elementor-element-4b4f98cc elementor-widget elementor-widget-spacer\" data-id=\"4b4f98cc\" data-element_type=\"widget\" data-e-type=\"widget\" data-widget_type=\"spacer.default\">\n\t\t\t\t<div class=\"elementor-widget-container\">\n\t\t\t\t\t\t\t<div class=\"elementor-spacer\">\n\t\t\t<div class=\"elementor-spacer-inner\"><\/div>\n\t\t<\/div>\n\t\t\t\t\t\t<\/div>\n\t\t\t\t<\/div>\n\t\t\t\t<div class=\"elementor-element elementor-element-6756c55a elementor-widget elementor-widget-text-editor\" data-id=\"6756c55a\" data-element_type=\"widget\" data-e-type=\"widget\" data-widget_type=\"text-editor.default\">\n\t\t\t\t<div class=\"elementor-widget-container\">\n\t\t\t\t\t\t\t\t\t<section class=\"elementor-section elementor-top-section elementor-element elementor-element-16250a39 elementor-section-boxed elementor-section-height-default elementor-section-height-default\" data-id=\"16250a39\" data-element_type=\"section\">\n<div class=\"elementor-container elementor-column-gap-extended\">\n<div class=\"elementor-row\">\n<div class=\"elementor-column elementor-col-100 elementor-top-column elementor-element elementor-element-2413c02e sc_layouts_column_icons_position_left\" data-id=\"2413c02e\" data-element_type=\"column\" data-settings=\"{\">\n<div class=\"elementor-column-wrap elementor-element-populated\">\n<div class=\"elementor-widget-wrap\">\n<div class=\"elementor-element elementor-element-a4781c2 elementor-widget elementor-widget-text-editor\" data-id=\"a4781c2\" data-element_type=\"widget\" data-widget_type=\"text-editor.default\">\n<div class=\"elementor-widget-container\">\n<div class=\"elementor-text-editor elementor-clearfix\">\n<h5><span style=\"color: #ffffff;\"><strong>St\u0159\u00edte\u017e<\/strong><\/span><\/h5>\n<p class=\"\" data-start=\"86\" data-end=\"410\">In former times St\u0159\u00edte\u017e was the centre of the manor. When the family property of the Lords of Lipa was divided among four brothers in 1346, one of them, Jind\u0159ich, acquired St\u0159\u00edte\u017e in addition to Humpolec and Rataje. The record of this act is the first written record of the existence of the castle and the village. In 1365 the property was already in the hands of the Lichtenburgs.   <\/p>\n<p class=\"\" data-start=\"412\" data-end=\"716\">In 1425 St\u0159\u00edte\u017e became the target of a&nbsp;devastating raid by the Jihlava garrison, during which the castle was also damaged. Sometime in 1436, the Tr\u010dkov\u00e9 z&nbsp;L\u00edpy acquired the estate, but their hostility to Jihlava remained. In 1536, Jan Tr\u010dka of L\u00edpa and then sold St\u0159\u00edte\u017e in Vla\u0161im to Jihlava. However, the purchase did not bring happiness to the town.   <\/p>\n<p class=\"\" data-start=\"718\" data-end=\"1164\">It is worth mentioning that in 1612 the largest known fire broke out in St\u0159\u00edte\u017e, which destroyed the whole village. The town of Jihlava contributed 300 thalers to the victims of the fire. After the White Mountain, St\u0159\u00edte\u017e was acquired by Jan Haidler of Bukova (1625), a&nbsp;wealthy man from Jihlava, and then by the Pacht family from Rajov (1683). During their time, a&nbsp;nice hunting lodge Karlwald was built nearby. The last owner was Prince Karl Hohenzollern-Sigmaringen in 1840, who held the estate until 1848.    <\/p>\n<p class=\"\" data-start=\"1166\" data-end=\"1349\">At the end of the 19th century, Czechs made up about a&nbsp;fifth of the population. In this context, we cannot forget the expulsion of the local Germans after World War II, which fundamentally changed the life and character of St\u0159\u00edte\u017e.   <\/p>\n<p class=\"\" data-start=\"1351\" data-end=\"1659\">The late Baroque chapel of St. Florian is worth attention. It can be found in the middle of the cemetery on a&nbsp;partially wooded hill east of the village. It is a&nbsp;central flat-roofed building covered by an octagonal banyan with a&nbsp;lantern. Apart from the Baroque statue of St. Florian on the main altar, the rest of the furnishings are pseudo-style from the 19th century.      <\/p>\n<\/div>\n<\/div>\n<\/div>\n<\/div>\n<\/div>\n<\/div>\n<\/div>\n<\/div>\n<\/section>\t\t\t\t\t\t\t\t<\/div>\n\t\t\t\t<\/div>\n\t\t\t\t\t<\/div>\n\t\t<\/div>\n\t\t\t\t\t<\/div>\n\t\t<\/section>\n\t\t\t\t<section class=\"elementor-section elementor-top-section elementor-element elementor-element-4731a43a elementor-section-boxed elementor-section-height-default elementor-section-height-default\" data-id=\"4731a43a\" data-element_type=\"section\" data-e-type=\"section\">\n\t\t\t\t\t\t<div class=\"elementor-container elementor-column-gap-extended\">\n\t\t\t\t\t<div class=\"elementor-column elementor-col-100 elementor-top-column elementor-element elementor-element-a3d5ac8 sc_layouts_column_icons_position_left\" data-id=\"a3d5ac8\" data-element_type=\"column\" data-e-type=\"column\">\n\t\t\t<div class=\"elementor-widget-wrap elementor-element-populated\">\n\t\t\t\t\t\t<div class=\"elementor-element elementor-element-45b80876 elementor-widget elementor-widget-spacer\" data-id=\"45b80876\" data-element_type=\"widget\" data-e-type=\"widget\" data-widget_type=\"spacer.default\">\n\t\t\t\t<div class=\"elementor-widget-container\">\n\t\t\t\t\t\t\t<div class=\"elementor-spacer\">\n\t\t\t<div class=\"elementor-spacer-inner\"><\/div>\n\t\t<\/div>\n\t\t\t\t\t\t<\/div>\n\t\t\t\t<\/div>\n\t\t\t\t\t<\/div>\n\t\t<\/div>\n\t\t\t\t\t<\/div>\n\t\t<\/section>\n\t\t\t\t<section class=\"elementor-section elementor-top-section elementor-element elementor-element-5e4a440d elementor-section-boxed elementor-section-height-default elementor-section-height-default\" data-id=\"5e4a440d\" data-element_type=\"section\" data-e-type=\"section\">\n\t\t\t\t\t\t<div class=\"elementor-container elementor-column-gap-extended\">\n\t\t\t\t\t<div class=\"elementor-column elementor-col-100 elementor-top-column elementor-element elementor-element-686b587 sc_layouts_column_icons_position_left\" data-id=\"686b587\" data-element_type=\"column\" data-e-type=\"column\">\n\t\t\t<div class=\"elementor-widget-wrap elementor-element-populated\">\n\t\t\t\t\t\t<div class=\"elementor-element elementor-element-d87c168 elementor-widget elementor-widget-tec_events_elementor_widget_event_navigation\" data-id=\"d87c168\" data-element_type=\"widget\" data-e-type=\"widget\" data-widget_type=\"tec_events_elementor_widget_event_navigation.default\">\n\t\t\t\t<div class=\"elementor-widget-container\">\n\t\t\t\t\t<nav  class=\"tec-events-elementor-event-widget__navigation\"  aria-label=\"Events\">\n\t<ul  class=\"tec-events-elementor-event-widget__navigation--subnav\" >\n\t\t<li  class=\"tec-events-elementor-event-widget__navigation--previous\" >\n<a href=\"https:\/\/www.dvorakuvfestival.cz\/en\/koncert\/broumov\/\">\n\t\t<svg xmlns=\"http:\/\/www.w3.org\/2000\/svg\"><path d=\"M11.916 17.841L10 19.757l-9.9-9.9L10-.041l1.916 1.916-7.983 7.984z\" \/><\/svg>\t\tBroumov\t<\/a>\n<\/li>\n\n\t\t<li  class=\"tec-events-elementor-event-widget__navigation--next\" >\n\t<a href=\"https:\/\/www.dvorakuvfestival.cz\/en\/koncert\/bojanov-2\/\">\n\t\tBojanov\t\t<svg xmlns=\"http:\/\/www.w3.org\/2000\/svg\"><path d=\"M.084 2.159L2 .243l9.9 9.9L2 20.041.084 18.126l7.983-7.984z\" \/><\/svg>\t<\/a>\n<\/li>\n\t<\/ul>\n<\/nav>\n\t\t\t\t<\/div>\n\t\t\t\t<\/div>\n\t\t\t\t<div class=\"elementor-element elementor-element-1a6d70b elementor-widget elementor-widget-spacer\" data-id=\"1a6d70b\" data-element_type=\"widget\" data-e-type=\"widget\" data-widget_type=\"spacer.default\">\n\t\t\t\t<div class=\"elementor-widget-container\">\n\t\t\t\t\t\t\t<div class=\"elementor-spacer\">\n\t\t\t<div class=\"elementor-spacer-inner\"><\/div>\n\t\t<\/div>\n\t\t\t\t\t\t<\/div>\n\t\t\t\t<\/div>\n\t\t\t\t\t<\/div>\n\t\t<\/div>\n\t\t\t\t\t<\/div>\n\t\t<\/section>\n\t\t\t\t<\/div>\n\t\t","protected":false},"excerpt":{"rendered":"<p>Get to know the beautiful church of St. Florian in St\u0159\u00edte\u017e with Jaroslav Pelik\u00e1n &#8211; flute and Jaroslav Nov\u00e1k &#8211; guitar. We are looking forward to it!  <\/p>\n","protected":false},"author":1,"featured_media":25410,"template":"","meta":{"_tribe_events_status":"","_tribe_events_status_reason":"","_tribe_events_is_hybrid":"","_tribe_events_is_virtual":"","_tribe_events_virtual_video_source":"","_tribe_events_virtual_embed_video":"","_tribe_events_virtual_linked_button_text":"","_tribe_events_virtual_linked_button":"","_tribe_events_virtual_show_embed_at":"","_tribe_events_virtual_show_embed_to":[],"_tribe_events_virtual_show_on_event":"","_tribe_events_virtual_show_on_views":"","_tribe_events_virtual_url":"","footnotes":""},"tags":[94],"tribe_events_cat":[88,89],"class_list":["post-33550","tribe_events","type-tribe_events","status-publish","has-post-thumbnail","hentry","tag-highlands","tribe_events_cat-concert-25-done","tribe_events_cat-concerts-2025","cat_concert-25-done","cat_concerts-2025"],"yoast_head":"<!-- This site is optimized with the Yoast SEO plugin v27.4 - https:\/\/yoast.com\/product\/yoast-seo-wordpress\/ -->\n<title>St\u0159\u00edte\u017e | Dvo\u0159\u00e1k\u016fv festival<\/title>\n<meta name=\"description\" content=\"Get to know the beautiful church of St. Florian in St\u0159\u00edte\u017e with Jaroslav Pelik\u00e1n - flute and Jaroslav Nov\u00e1k - guitar. We are looking forward to it!\" \/>\n<meta name=\"robots\" content=\"index, follow, max-snippet:-1, max-image-preview:large, max-video-preview:-1\" \/>\n<link rel=\"canonical\" href=\"https:\/\/www.dvorakuvfestival.cz\/en\/koncert\/stritez-2\/\" \/>\n<meta property=\"og:locale\" content=\"en_US\" \/>\n<meta property=\"og:type\" content=\"article\" \/>\n<meta property=\"og:title\" content=\"St\u0159\u00edte\u017e | Dvo\u0159\u00e1k\u016fv festival\" \/>\n<meta property=\"og:description\" content=\"Get to know the beautiful church of St. Florian in St\u0159\u00edte\u017e with Jaroslav Pelik\u00e1n - flute and Jaroslav Nov\u00e1k - guitar. We are looking forward to it!\" \/>\n<meta property=\"og:url\" content=\"https:\/\/www.dvorakuvfestival.cz\/en\/koncert\/stritez-2\/\" \/>\n<meta property=\"og:site_name\" content=\"Dvo\u0159\u00e1k\u016fv festival\" \/>\n<meta property=\"article:publisher\" content=\"https:\/\/www.facebook.com\/dvorakuvfestival\" \/>\n<meta property=\"article:modified_time\" content=\"2025-04-15T11:57:24+00:00\" \/>\n<meta property=\"og:image\" content=\"https:\/\/www.dvorakuvfestival.cz\/wp-content\/uploads\/2023\/03\/2-14.jpg\" \/>\n\t<meta property=\"og:image:width\" content=\"2560\" \/>\n\t<meta property=\"og:image:height\" content=\"1440\" \/>\n\t<meta property=\"og:image:type\" content=\"image\/jpeg\" \/>\n<meta name=\"twitter:card\" content=\"summary_large_image\" \/>\n<meta name=\"twitter:label1\" content=\"Est. reading time\" \/>\n\t<meta name=\"twitter:data1\" content=\"5 minutes\" \/>\n<script type=\"application\/ld+json\" class=\"yoast-schema-graph\">{\"@context\":\"https:\\\/\\\/schema.org\",\"@graph\":[{\"@type\":\"WebPage\",\"@id\":\"https:\\\/\\\/www.dvorakuvfestival.cz\\\/en\\\/koncert\\\/stritez-2\\\/\",\"url\":\"https:\\\/\\\/www.dvorakuvfestival.cz\\\/en\\\/koncert\\\/stritez-2\\\/\",\"name\":\"St\u0159\u00edte\u017e | Dvo\u0159\u00e1k\u016fv festival\",\"isPartOf\":{\"@id\":\"https:\\\/\\\/www.dvorakuvfestival.cz\\\/en\\\/#website\"},\"primaryImageOfPage\":{\"@id\":\"https:\\\/\\\/www.dvorakuvfestival.cz\\\/en\\\/koncert\\\/stritez-2\\\/#primaryimage\"},\"image\":{\"@id\":\"https:\\\/\\\/www.dvorakuvfestival.cz\\\/en\\\/koncert\\\/stritez-2\\\/#primaryimage\"},\"thumbnailUrl\":\"https:\\\/\\\/www.dvorakuvfestival.cz\\\/wp-content\\\/uploads\\\/2023\\\/03\\\/2-14.jpg\",\"datePublished\":\"2025-03-24T14:56:26+00:00\",\"dateModified\":\"2025-04-15T11:57:24+00:00\",\"description\":\"Get to know the beautiful church of St. Florian in St\u0159\u00edte\u017e with Jaroslav Pelik\u00e1n - flute and Jaroslav Nov\u00e1k - guitar. We are looking forward to it!\",\"breadcrumb\":{\"@id\":\"https:\\\/\\\/www.dvorakuvfestival.cz\\\/en\\\/koncert\\\/stritez-2\\\/#breadcrumb\"},\"inLanguage\":\"en-US\",\"potentialAction\":[{\"@type\":\"ReadAction\",\"target\":[\"https:\\\/\\\/www.dvorakuvfestival.cz\\\/en\\\/koncert\\\/stritez-2\\\/\"]}]},{\"@type\":\"ImageObject\",\"inLanguage\":\"en-US\",\"@id\":\"https:\\\/\\\/www.dvorakuvfestival.cz\\\/en\\\/koncert\\\/stritez-2\\\/#primaryimage\",\"url\":\"https:\\\/\\\/www.dvorakuvfestival.cz\\\/wp-content\\\/uploads\\\/2023\\\/03\\\/2-14.jpg\",\"contentUrl\":\"https:\\\/\\\/www.dvorakuvfestival.cz\\\/wp-content\\\/uploads\\\/2023\\\/03\\\/2-14.jpg\",\"width\":2560,\"height\":1440},{\"@type\":\"BreadcrumbList\",\"@id\":\"https:\\\/\\\/www.dvorakuvfestival.cz\\\/en\\\/koncert\\\/stritez-2\\\/#breadcrumb\",\"itemListElement\":[{\"@type\":\"ListItem\",\"position\":1,\"name\":\"Dvo\u0159\u00e1k\u016fv festival\",\"item\":\"https:\\\/\\\/www.dvorakuvfestival.cz\\\/en\\\/\"},{\"@type\":\"ListItem\",\"position\":2,\"name\":\"Koncerty\",\"item\":\"https:\\\/\\\/www.dvorakuvfestival.cz\\\/en\\\/koncerty\\\/\"},{\"@type\":\"ListItem\",\"position\":3,\"name\":\"St\u0159\u00edte\u017e\"}]},{\"@type\":\"WebSite\",\"@id\":\"https:\\\/\\\/www.dvorakuvfestival.cz\\\/en\\\/#website\",\"url\":\"https:\\\/\\\/www.dvorakuvfestival.cz\\\/en\\\/\",\"name\":\"Dvo\u0159\u00e1k\u016fv festival\",\"description\":\"\",\"publisher\":{\"@id\":\"https:\\\/\\\/www.dvorakuvfestival.cz\\\/en\\\/#organization\"},\"potentialAction\":[{\"@type\":\"SearchAction\",\"target\":{\"@type\":\"EntryPoint\",\"urlTemplate\":\"https:\\\/\\\/www.dvorakuvfestival.cz\\\/en\\\/?s={search_term_string}\"},\"query-input\":{\"@type\":\"PropertyValueSpecification\",\"valueRequired\":true,\"valueName\":\"search_term_string\"}}],\"inLanguage\":\"en-US\"},{\"@type\":\"Organization\",\"@id\":\"https:\\\/\\\/www.dvorakuvfestival.cz\\\/en\\\/#organization\",\"name\":\"Dvo\u0159\u00e1k\u016fv festival\",\"url\":\"https:\\\/\\\/www.dvorakuvfestival.cz\\\/en\\\/\",\"logo\":{\"@type\":\"ImageObject\",\"inLanguage\":\"en-US\",\"@id\":\"https:\\\/\\\/www.dvorakuvfestival.cz\\\/en\\\/#\\\/schema\\\/logo\\\/image\\\/\",\"url\":\"https:\\\/\\\/www.dvorakuvfestival.cz\\\/wp-content\\\/uploads\\\/2018\\\/02\\\/Dvorakuv-festival_70_2026_bi\u0301le\u0301.png\",\"contentUrl\":\"https:\\\/\\\/www.dvorakuvfestival.cz\\\/wp-content\\\/uploads\\\/2018\\\/02\\\/Dvorakuv-festival_70_2026_bi\u0301le\u0301.png\",\"width\":1711,\"height\":571,\"caption\":\"Dvo\u0159\u00e1k\u016fv festival\"},\"image\":{\"@id\":\"https:\\\/\\\/www.dvorakuvfestival.cz\\\/en\\\/#\\\/schema\\\/logo\\\/image\\\/\"},\"sameAs\":[\"https:\\\/\\\/www.facebook.com\\\/dvorakuvfestival\",\"https:\\\/\\\/www.instagram.com\\\/dvorakuvfestival\\\/\"]}]}<\/script>\n<!-- \/ Yoast SEO plugin. -->","yoast_head_json":{"title":"St\u0159\u00edte\u017e | Dvo\u0159\u00e1k\u016fv festival","description":"Get to know the beautiful church of St. Florian in St\u0159\u00edte\u017e with Jaroslav Pelik\u00e1n - flute and Jaroslav Nov\u00e1k - guitar. We are looking forward to it!","robots":{"index":"index","follow":"follow","max-snippet":"max-snippet:-1","max-image-preview":"max-image-preview:large","max-video-preview":"max-video-preview:-1"},"canonical":"https:\/\/www.dvorakuvfestival.cz\/en\/koncert\/stritez-2\/","og_locale":"en_US","og_type":"article","og_title":"St\u0159\u00edte\u017e | Dvo\u0159\u00e1k\u016fv festival","og_description":"Get to know the beautiful church of St. Florian in St\u0159\u00edte\u017e with Jaroslav Pelik\u00e1n - flute and Jaroslav Nov\u00e1k - guitar. We are looking forward to it!","og_url":"https:\/\/www.dvorakuvfestival.cz\/en\/koncert\/stritez-2\/","og_site_name":"Dvo\u0159\u00e1k\u016fv festival","article_publisher":"https:\/\/www.facebook.com\/dvorakuvfestival","article_modified_time":"2025-04-15T11:57:24+00:00","og_image":[{"width":2560,"height":1440,"url":"https:\/\/www.dvorakuvfestival.cz\/wp-content\/uploads\/2023\/03\/2-14.jpg","type":"image\/jpeg"}],"twitter_card":"summary_large_image","twitter_misc":{"Est. reading time":"5 minutes"},"schema":{"@context":"https:\/\/schema.org","@graph":[{"@type":"WebPage","@id":"https:\/\/www.dvorakuvfestival.cz\/en\/koncert\/stritez-2\/","url":"https:\/\/www.dvorakuvfestival.cz\/en\/koncert\/stritez-2\/","name":"St\u0159\u00edte\u017e | Dvo\u0159\u00e1k\u016fv festival","isPartOf":{"@id":"https:\/\/www.dvorakuvfestival.cz\/en\/#website"},"primaryImageOfPage":{"@id":"https:\/\/www.dvorakuvfestival.cz\/en\/koncert\/stritez-2\/#primaryimage"},"image":{"@id":"https:\/\/www.dvorakuvfestival.cz\/en\/koncert\/stritez-2\/#primaryimage"},"thumbnailUrl":"https:\/\/www.dvorakuvfestival.cz\/wp-content\/uploads\/2023\/03\/2-14.jpg","datePublished":"2025-03-24T14:56:26+00:00","dateModified":"2025-04-15T11:57:24+00:00","description":"Get to know the beautiful church of St. Florian in St\u0159\u00edte\u017e with Jaroslav Pelik\u00e1n - flute and Jaroslav Nov\u00e1k - guitar. We are looking forward to it!","breadcrumb":{"@id":"https:\/\/www.dvorakuvfestival.cz\/en\/koncert\/stritez-2\/#breadcrumb"},"inLanguage":"en-US","potentialAction":[{"@type":"ReadAction","target":["https:\/\/www.dvorakuvfestival.cz\/en\/koncert\/stritez-2\/"]}]},{"@type":"ImageObject","inLanguage":"en-US","@id":"https:\/\/www.dvorakuvfestival.cz\/en\/koncert\/stritez-2\/#primaryimage","url":"https:\/\/www.dvorakuvfestival.cz\/wp-content\/uploads\/2023\/03\/2-14.jpg","contentUrl":"https:\/\/www.dvorakuvfestival.cz\/wp-content\/uploads\/2023\/03\/2-14.jpg","width":2560,"height":1440},{"@type":"BreadcrumbList","@id":"https:\/\/www.dvorakuvfestival.cz\/en\/koncert\/stritez-2\/#breadcrumb","itemListElement":[{"@type":"ListItem","position":1,"name":"Dvo\u0159\u00e1k\u016fv festival","item":"https:\/\/www.dvorakuvfestival.cz\/en\/"},{"@type":"ListItem","position":2,"name":"Koncerty","item":"https:\/\/www.dvorakuvfestival.cz\/en\/koncerty\/"},{"@type":"ListItem","position":3,"name":"St\u0159\u00edte\u017e"}]},{"@type":"WebSite","@id":"https:\/\/www.dvorakuvfestival.cz\/en\/#website","url":"https:\/\/www.dvorakuvfestival.cz\/en\/","name":"Dvo\u0159\u00e1k\u016fv festival","description":"","publisher":{"@id":"https:\/\/www.dvorakuvfestival.cz\/en\/#organization"},"potentialAction":[{"@type":"SearchAction","target":{"@type":"EntryPoint","urlTemplate":"https:\/\/www.dvorakuvfestival.cz\/en\/?s={search_term_string}"},"query-input":{"@type":"PropertyValueSpecification","valueRequired":true,"valueName":"search_term_string"}}],"inLanguage":"en-US"},{"@type":"Organization","@id":"https:\/\/www.dvorakuvfestival.cz\/en\/#organization","name":"Dvo\u0159\u00e1k\u016fv festival","url":"https:\/\/www.dvorakuvfestival.cz\/en\/","logo":{"@type":"ImageObject","inLanguage":"en-US","@id":"https:\/\/www.dvorakuvfestival.cz\/en\/#\/schema\/logo\/image\/","url":"https:\/\/www.dvorakuvfestival.cz\/wp-content\/uploads\/2018\/02\/Dvorakuv-festival_70_2026_bi\u0301le\u0301.png","contentUrl":"https:\/\/www.dvorakuvfestival.cz\/wp-content\/uploads\/2018\/02\/Dvorakuv-festival_70_2026_bi\u0301le\u0301.png","width":1711,"height":571,"caption":"Dvo\u0159\u00e1k\u016fv festival"},"image":{"@id":"https:\/\/www.dvorakuvfestival.cz\/en\/#\/schema\/logo\/image\/"},"sameAs":["https:\/\/www.facebook.com\/dvorakuvfestival","https:\/\/www.instagram.com\/dvorakuvfestival\/"]}]}},"_links":{"self":[{"href":"https:\/\/www.dvorakuvfestival.cz\/en\/wp-json\/wp\/v2\/tribe_events\/33550","targetHints":{"allow":["GET"]}}],"collection":[{"href":"https:\/\/www.dvorakuvfestival.cz\/en\/wp-json\/wp\/v2\/tribe_events"}],"about":[{"href":"https:\/\/www.dvorakuvfestival.cz\/en\/wp-json\/wp\/v2\/types\/tribe_events"}],"author":[{"embeddable":true,"href":"https:\/\/www.dvorakuvfestival.cz\/en\/wp-json\/wp\/v2\/users\/1"}],"version-history":[{"count":5,"href":"https:\/\/www.dvorakuvfestival.cz\/en\/wp-json\/wp\/v2\/tribe_events\/33550\/revisions"}],"predecessor-version":[{"id":33557,"href":"https:\/\/www.dvorakuvfestival.cz\/en\/wp-json\/wp\/v2\/tribe_events\/33550\/revisions\/33557"}],"wp:featuredmedia":[{"embeddable":true,"href":"https:\/\/www.dvorakuvfestival.cz\/en\/wp-json\/wp\/v2\/media\/25410"}],"wp:attachment":[{"href":"https:\/\/www.dvorakuvfestival.cz\/en\/wp-json\/wp\/v2\/media?parent=33550"}],"wp:term":[{"taxonomy":"post_tag","embeddable":true,"href":"https:\/\/www.dvorakuvfestival.cz\/en\/wp-json\/wp\/v2\/tags?post=33550"},{"taxonomy":"tribe_events_cat","embeddable":true,"href":"https:\/\/www.dvorakuvfestival.cz\/en\/wp-json\/wp\/v2\/tribe_events_cat?post=33550"}],"curies":[{"name":"wp","href":"https:\/\/api.w.org\/{rel}","templated":true}]}}