{"id":33539,"date":"2025-03-24T15:56:21","date_gmt":"2025-03-24T14:56:21","guid":{"rendered":"https:\/\/www.dvorakuvfestival.cz\/koncert\/cologne-4\/"},"modified":"2025-04-18T09:17:50","modified_gmt":"2025-04-18T07:17:50","slug":"cologne-4","status":"publish","type":"tribe_events","link":"https:\/\/www.dvorakuvfestival.cz\/en\/koncert\/cologne-4\/","title":{"rendered":"Cologne"},"content":{"rendered":"\t\t<div data-elementor-type=\"tec_event_single_static\" data-elementor-id=\"33539\" class=\"elementor elementor-33539 elementor-31434\" data-elementor-post-type=\"tribe_events\">\n\t\t\t\t\t\t<section class=\"elementor-section elementor-top-section elementor-element elementor-element-759c19d9 elementor-section-boxed elementor-section-height-default elementor-section-height-default\" data-id=\"759c19d9\" data-element_type=\"section\" data-e-type=\"section\">\n\t\t\t\t\t\t<div class=\"elementor-container elementor-column-gap-extended\">\n\t\t\t\t\t<div class=\"elementor-column elementor-col-100 elementor-top-column elementor-element elementor-element-efbc5b4 sc_layouts_column_icons_position_left\" data-id=\"efbc5b4\" data-element_type=\"column\" data-e-type=\"column\">\n\t\t\t<div class=\"elementor-widget-wrap elementor-element-populated\">\n\t\t\t\t\t\t<div class=\"elementor-element elementor-element-3a891596 elementor-hidden-desktop elementor-hidden-tablet elementor-hidden-mobile elementor-widget elementor-widget-text-editor\" data-id=\"3a891596\" data-element_type=\"widget\" data-e-type=\"widget\" data-widget_type=\"text-editor.default\">\n\t\t\t\t<div class=\"elementor-widget-container\">\n\t\t\t\t\t\t\t\t\t<p>Opening concert<\/p>\t\t\t\t\t\t\t\t<\/div>\n\t\t\t\t<\/div>\n\t\t\t\t\t<\/div>\n\t\t<\/div>\n\t\t\t\t\t<\/div>\n\t\t<\/section>\n\t\t\t\t<section class=\"elementor-section elementor-top-section elementor-element elementor-element-6cba3418 elementor-section-full_width elementor-section-height-default elementor-section-height-default\" data-id=\"6cba3418\" data-element_type=\"section\" data-e-type=\"section\">\n\t\t\t\t\t\t<div class=\"elementor-container elementor-column-gap-extended\">\n\t\t\t\t\t<div class=\"elementor-column elementor-col-50 elementor-top-column elementor-element elementor-element-19241fbc sc_layouts_column_icons_position_left\" data-id=\"19241fbc\" data-element_type=\"column\" data-e-type=\"column\">\n\t\t\t<div class=\"elementor-widget-wrap elementor-element-populated\">\n\t\t\t\t\t\t<div class=\"elementor-element elementor-element-6c68f123 elementor-widget__width-initial elementor-hidden-desktop elementor-widget elementor-widget-image\" data-id=\"6c68f123\" data-element_type=\"widget\" data-e-type=\"widget\" data-widget_type=\"image.default\">\n\t\t\t\t<div class=\"elementor-widget-container\">\n\t\t\t\t\t\t\t\t\t\t\t\t\t\t\t<img fetchpriority=\"high\" decoding=\"async\" width=\"1024\" height=\"576\" src=\"https:\/\/www.dvorakuvfestival.cz\/wp-content\/uploads\/2024\/04\/18-1024x576.jpg\" class=\"attachment-large size-large wp-image-33542\" alt=\"\" srcset=\"https:\/\/www.dvorakuvfestival.cz\/wp-content\/uploads\/2024\/04\/18-1024x576.jpg 1024w, https:\/\/www.dvorakuvfestival.cz\/wp-content\/uploads\/2024\/04\/18-300x169.jpg 300w, https:\/\/www.dvorakuvfestival.cz\/wp-content\/uploads\/2024\/04\/18-768x432.jpg 768w, https:\/\/www.dvorakuvfestival.cz\/wp-content\/uploads\/2024\/04\/18-1536x864.jpg 1536w, https:\/\/www.dvorakuvfestival.cz\/wp-content\/uploads\/2024\/04\/18-2048x1152.jpg 2048w, https:\/\/www.dvorakuvfestival.cz\/wp-content\/uploads\/2024\/04\/18-370x208.jpg 370w, https:\/\/www.dvorakuvfestival.cz\/wp-content\/uploads\/2024\/04\/18-842x474.jpg 842w, https:\/\/www.dvorakuvfestival.cz\/wp-content\/uploads\/2024\/04\/18-406x228.jpg 406w, https:\/\/www.dvorakuvfestival.cz\/wp-content\/uploads\/2024\/04\/18-812x457.jpg 812w, https:\/\/www.dvorakuvfestival.cz\/wp-content\/uploads\/2024\/04\/18-600x338.jpg 600w, https:\/\/www.dvorakuvfestival.cz\/wp-content\/uploads\/2024\/04\/18-270x152.jpg 270w\" sizes=\"(max-width: 1024px) 100vw, 1024px\" \/>\t\t\t\t\t\t\t\t\t\t\t\t\t\t\t<\/div>\n\t\t\t\t<\/div>\n\t\t\t\t<div class=\"elementor-element elementor-element-9fcfa02 elementor-widget elementor-widget-heading\" data-id=\"9fcfa02\" data-element_type=\"widget\" data-e-type=\"widget\" data-widget_type=\"heading.default\">\n\t\t\t\t<div class=\"elementor-widget-container\">\n\t\t\t\t\t<h2 class=\"elementor-heading-title elementor-size-default\">Cologne<\/h2>\t\t\t\t<\/div>\n\t\t\t\t<\/div>\n\t\t\t\t<div class=\"elementor-element elementor-element-6a6624d1 elementor-widget elementor-widget-text-editor\" data-id=\"6a6624d1\" data-element_type=\"widget\" data-e-type=\"widget\" data-widget_type=\"text-editor.default\">\n\t\t\t\t<div class=\"elementor-widget-container\">\n\t\t\t\t\t\t\t\t\t<div class=\"elementor-element elementor-element-144deda elementor-widget elementor-widget-text-editor\" data-id=\"144deda\" data-element_type=\"widget\" data-widget_type=\"text-editor.default\">\n<div class=\"elementor-widget-container\">\n<p>The Church of St. Bartholomew <\/p>\n<\/div>\n<\/div>\t\t\t\t\t\t\t\t<\/div>\n\t\t\t\t<\/div>\n\t\t\t\t<div class=\"elementor-element elementor-element-28110fbb elementor-widget elementor-widget-text-editor\" data-id=\"28110fbb\" data-element_type=\"widget\" data-e-type=\"widget\" data-widget_type=\"text-editor.default\">\n\t\t\t\t<div class=\"elementor-widget-container\">\n\t\t\t\t\t\t\t\t\t<p><span style=\"color: #5c071f;\"><strong>New Cologne Organ II <br>Durufl\u00e9 &amp; Requiem<\/strong><\/span><\/p>\t\t\t\t\t\t\t\t<\/div>\n\t\t\t\t<\/div>\n\t\t\t\t<div class=\"elementor-element elementor-element-4c30471 elementor-widget elementor-widget-shortcode\" data-id=\"4c30471\" data-element_type=\"widget\" data-e-type=\"widget\" data-widget_type=\"shortcode.default\">\n\t\t\t\t<div class=\"elementor-widget-container\">\n\t\t\t\t\t\t\t<div class=\"elementor-shortcode\">Sunday 11.&nbsp;5.&nbsp;2025 v&nbsp;19:01<\/div>\n\t\t\t\t\t\t<\/div>\n\t\t\t\t<\/div>\n\t\t\t\t<div class=\"elementor-element elementor-element-557e99 elementor-widget elementor-widget-text-editor\" data-id=\"557e99\" data-element_type=\"widget\" data-e-type=\"widget\" data-widget_type=\"text-editor.default\">\n\t\t\t\t<div class=\"elementor-widget-container\">\n\t\t\t\t\t\t\t\t\t<div class=\"elementor-element elementor-element-144deda elementor-widget elementor-widget-text-editor\" data-id=\"144deda\" data-element_type=\"widget\" data-widget_type=\"text-editor.default\">\n<div class=\"elementor-widget-container\">\n<p class=\"p1\"><i>The event is held under the auspices of  <\/i><i>Mgr. Michael Ka\u0161par, mayor of Kol\u00edn. <\/i><\/p>\n<p>Free entry<\/p>\n<p><span style=\"color: #5c071f;\"><strong>Performers<\/strong><\/span><\/p>\n<\/div>\n<div data-id=\"0322ab4\" data-element_type=\"widget\" data-widget_type=\"text-editor.default\">\n<p class=\"\" data-start=\"108\" data-end=\"150\"><strong data-start=\"152\" data-end=\"168\">Luk\u00e1\u0161 Dvo\u0159\u00e1k<\/strong> &#8211; organ<br data-start=\"178\" data-end=\"181\"><strong data-start=\"181\" data-end=\"200\">Ensemble Versus<\/strong> &#8211; chamber choir<br data-start=\"215\" data-end=\"218\"><strong data-start=\"218\" data-end=\"235\">Patrik Buchta<\/strong> &#8211; choirmaster<\/p>\n<\/div>\n<\/div>\t\t\t\t\t\t\t\t<\/div>\n\t\t\t\t<\/div>\n\t\t\t\t\t<\/div>\n\t\t<\/div>\n\t\t\t\t<div class=\"elementor-column elementor-col-50 elementor-top-column elementor-element elementor-element-38272511 sc_layouts_column_icons_position_left\" data-id=\"38272511\" data-element_type=\"column\" data-e-type=\"column\">\n\t\t\t<div class=\"elementor-widget-wrap elementor-element-populated\">\n\t\t\t\t\t\t<div class=\"elementor-element elementor-element-52ac9f3e elementor-widget__width-initial elementor-hidden-tablet elementor-hidden-mobile elementor-widget elementor-widget-image\" data-id=\"52ac9f3e\" data-element_type=\"widget\" data-e-type=\"widget\" data-widget_type=\"image.default\">\n\t\t\t\t<div class=\"elementor-widget-container\">\n\t\t\t\t\t\t\t\t\t\t\t\t\t\t\t<img fetchpriority=\"high\" decoding=\"async\" width=\"1024\" height=\"576\" src=\"https:\/\/www.dvorakuvfestival.cz\/wp-content\/uploads\/2024\/04\/18-1024x576.jpg\" class=\"attachment-large size-large wp-image-33542\" alt=\"\" srcset=\"https:\/\/www.dvorakuvfestival.cz\/wp-content\/uploads\/2024\/04\/18-1024x576.jpg 1024w, https:\/\/www.dvorakuvfestival.cz\/wp-content\/uploads\/2024\/04\/18-300x169.jpg 300w, https:\/\/www.dvorakuvfestival.cz\/wp-content\/uploads\/2024\/04\/18-768x432.jpg 768w, https:\/\/www.dvorakuvfestival.cz\/wp-content\/uploads\/2024\/04\/18-1536x864.jpg 1536w, https:\/\/www.dvorakuvfestival.cz\/wp-content\/uploads\/2024\/04\/18-2048x1152.jpg 2048w, https:\/\/www.dvorakuvfestival.cz\/wp-content\/uploads\/2024\/04\/18-370x208.jpg 370w, https:\/\/www.dvorakuvfestival.cz\/wp-content\/uploads\/2024\/04\/18-842x474.jpg 842w, https:\/\/www.dvorakuvfestival.cz\/wp-content\/uploads\/2024\/04\/18-406x228.jpg 406w, https:\/\/www.dvorakuvfestival.cz\/wp-content\/uploads\/2024\/04\/18-812x457.jpg 812w, https:\/\/www.dvorakuvfestival.cz\/wp-content\/uploads\/2024\/04\/18-600x338.jpg 600w, https:\/\/www.dvorakuvfestival.cz\/wp-content\/uploads\/2024\/04\/18-270x152.jpg 270w\" sizes=\"(max-width: 1024px) 100vw, 1024px\" \/>\t\t\t\t\t\t\t\t\t\t\t\t\t\t\t<\/div>\n\t\t\t\t<\/div>\n\t\t\t\t<div class=\"elementor-element elementor-element-44ad4d07 elementor-hidden-tablet elementor-hidden-mobile elementor-widget elementor-widget-text-editor\" data-id=\"44ad4d07\" data-element_type=\"widget\" data-e-type=\"widget\" data-widget_type=\"text-editor.default\">\n\t\t\t\t<div class=\"elementor-widget-container\">\n\t\t\t\t\t\t\t\t\t<div data-id=\"a9096e3\" data-element_type=\"widget\" data-widget_type=\"heading.default\">\n<h4 style=\"text-align: center;\"><span style=\"color: #ffffff;\"><strong>Program<\/strong><\/span><\/h4>\n<\/div>\n<div data-id=\"a0558f0\" data-element_type=\"widget\" data-widget_type=\"text-editor.default\">\n<p style=\"text-align: center;\">Maurice Durufl\u00e9 &#8211; Choral Variations on the Theme &#8220;Veni Creator&#8221;, Op. 4<br data-start=\"143\" data-end=\"146\">Maurice Durufl\u00e9 &#8211; Requiem, Op. 9<br data-start=\"180\" data-end=\"183\">Maurice Durufl\u00e9 &#8211; Suite, Op. 5<br data-start=\"215\" data-end=\"218\">I. Prelude<br data-start=\"230\" data-end=\"233\">II. Siciliana<br data-start=\"246\" data-end=\"249\">III. Toccata  <\/p>\n<\/div>\t\t\t\t\t\t\t\t<\/div>\n\t\t\t\t<\/div>\n\t\t\t\t\t<\/div>\n\t\t<\/div>\n\t\t\t\t\t<\/div>\n\t\t<\/section>\n\t\t\t\t<section class=\"elementor-section elementor-top-section elementor-element elementor-element-2f9ec0d0 elementor-section-boxed elementor-section-height-default elementor-section-height-default\" data-id=\"2f9ec0d0\" data-element_type=\"section\" data-e-type=\"section\">\n\t\t\t\t\t\t<div class=\"elementor-container elementor-column-gap-extended\">\n\t\t\t\t\t<div class=\"elementor-column elementor-col-100 elementor-top-column elementor-element elementor-element-7bb5d538 sc_layouts_column_icons_position_left\" data-id=\"7bb5d538\" data-element_type=\"column\" data-e-type=\"column\">\n\t\t\t<div class=\"elementor-widget-wrap elementor-element-populated\">\n\t\t\t\t\t\t<section class=\"elementor-section elementor-inner-section elementor-element elementor-element-104b71d4 elementor-section-boxed elementor-section-height-default elementor-section-height-default\" data-id=\"104b71d4\" data-element_type=\"section\" data-e-type=\"section\">\n\t\t\t\t\t\t<div class=\"elementor-container elementor-column-gap-extended\">\n\t\t\t\t\t<div class=\"elementor-column elementor-col-50 elementor-inner-column elementor-element elementor-element-37bc7923 sc_layouts_column_icons_position_left\" data-id=\"37bc7923\" data-element_type=\"column\" data-e-type=\"column\">\n\t\t\t<div class=\"elementor-widget-wrap elementor-element-populated\">\n\t\t\t\t\t\t<div class=\"elementor-element elementor-element-53187181 elementor-widget elementor-widget-image-carousel\" data-id=\"53187181\" data-element_type=\"widget\" data-e-type=\"widget\" data-settings=\"{&quot;navigation&quot;:&quot;none&quot;,&quot;slides_to_show&quot;:&quot;2&quot;,&quot;autoplay_speed&quot;:2000,&quot;speed&quot;:1000,&quot;autoplay&quot;:&quot;yes&quot;,&quot;pause_on_hover&quot;:&quot;yes&quot;,&quot;pause_on_interaction&quot;:&quot;yes&quot;,&quot;infinite&quot;:&quot;yes&quot;}\" data-widget_type=\"image-carousel.default\">\n\t\t\t\t<div class=\"elementor-widget-container\">\n\t\t\t\t\t\t\t<div class=\"elementor-image-carousel-wrapper swiper\" role=\"region\" aria-roledescription=\"carousel\" aria-label=\"Obr\u00e1zkov\u00fd koloto\u010d\" dir=\"ltr\">\n\t\t\t<div class=\"elementor-image-carousel swiper-wrapper\" aria-live=\"off\">\n\t\t\t\t\t\t\t\t<div class=\"swiper-slide\" role=\"group\" aria-roledescription=\"slide\" aria-label=\"1 of 2\"><figure class=\"swiper-slide-inner\"><img decoding=\"async\" class=\"swiper-slide-image\" src=\"https:\/\/www.dvorakuvfestival.cz\/wp-content\/uploads\/elementor\/thumbs\/LOGO-DF-LOD\u030c-8-r3h89n7vka7x31qdrvqcw58le1y86woz0jq5kz78i8.jpg\" alt=\"Ensemble Versus\" \/><figcaption class=\"elementor-image-carousel-caption\">Ensemble Versus<\/figcaption><\/figure><\/div><div class=\"swiper-slide\" role=\"group\" aria-roledescription=\"slide\" aria-label=\"2 of 2\"><figure class=\"swiper-slide-inner\"><img decoding=\"async\" class=\"swiper-slide-image\" src=\"https:\/\/www.dvorakuvfestival.cz\/wp-content\/uploads\/elementor\/thumbs\/LOGO-DF-LOD\u030c-8-r3h89n7vka7x31qdrvqcw58le1y86woz0jq5kz78i8.jpg\" alt=\"Ensemble Versus\" \/><figcaption class=\"elementor-image-carousel-caption\">Ensemble Versus<\/figcaption><\/figure><\/div>\t\t\t<\/div>\n\t\t\t\t\t\t\t\n\t\t\t\t\t\t\t\t\t<\/div>\n\t\t\t\t\t\t<\/div>\n\t\t\t\t<\/div>\n\t\t\t\t\t<\/div>\n\t\t<\/div>\n\t\t\t\t<div class=\"elementor-column elementor-col-50 elementor-inner-column elementor-element elementor-element-3b4ae151 sc_layouts_column_icons_position_left\" data-id=\"3b4ae151\" data-element_type=\"column\" data-e-type=\"column\">\n\t\t\t<div class=\"elementor-widget-wrap\">\n\t\t\t\t\t\t\t<\/div>\n\t\t<\/div>\n\t\t\t\t\t<\/div>\n\t\t<\/section>\n\t\t\t\t<div class=\"elementor-element elementor-element-2e7dbe73 elementor-widget elementor-widget-spacer\" data-id=\"2e7dbe73\" data-element_type=\"widget\" data-e-type=\"widget\" data-widget_type=\"spacer.default\">\n\t\t\t\t<div class=\"elementor-widget-container\">\n\t\t\t\t\t\t\t<div class=\"elementor-spacer\">\n\t\t\t<div class=\"elementor-spacer-inner\"><\/div>\n\t\t<\/div>\n\t\t\t\t\t\t<\/div>\n\t\t\t\t<\/div>\n\t\t\t\t<div class=\"elementor-element elementor-element-86bc04 elementor-hidden-desktop elementor-widget elementor-widget-text-editor\" data-id=\"86bc04\" data-element_type=\"widget\" data-e-type=\"widget\" data-widget_type=\"text-editor.default\">\n\t\t\t\t<div class=\"elementor-widget-container\">\n\t\t\t\t\t\t\t\t\t<div data-id=\"a9096e3\" data-element_type=\"widget\" data-widget_type=\"heading.default\">\n<p> <\/p>\n<h4 style=\"text-align: center;\"><span style=\"color: #ffffff;\"><strong>Program<\/strong><\/span><\/h4>\n<\/div>\n<div data-id=\"a0558f0\" data-element_type=\"widget\" data-widget_type=\"text-editor.default\">\n<p style=\"text-align: center;\">Maurice Durufl\u00e9 &#8211; Choral Variations on the Theme &#8220;Veni Creator&#8221;, Op. 4<br data-start=\"143\" data-end=\"146\">Maurice Durufl\u00e9 &#8211; Requiem, Op. 9<br data-start=\"180\" data-end=\"183\">Maurice Durufl\u00e9 &#8211; Suite, Op. 5<br data-start=\"215\" data-end=\"218\">I. Prelude<br data-start=\"230\" data-end=\"233\">II. Siciliana<br data-start=\"246\" data-end=\"249\">III. Toccata  <\/p>\n<\/div>\t\t\t\t\t\t\t\t<\/div>\n\t\t\t\t<\/div>\n\t\t\t\t<div class=\"elementor-element elementor-element-5ab85e33 elementor-widget elementor-widget-spacer\" data-id=\"5ab85e33\" data-element_type=\"widget\" data-e-type=\"widget\" data-widget_type=\"spacer.default\">\n\t\t\t\t<div class=\"elementor-widget-container\">\n\t\t\t\t\t\t\t<div class=\"elementor-spacer\">\n\t\t\t<div class=\"elementor-spacer-inner\"><\/div>\n\t\t<\/div>\n\t\t\t\t\t\t<\/div>\n\t\t\t\t<\/div>\n\t\t\t\t\t<\/div>\n\t\t<\/div>\n\t\t\t\t\t<\/div>\n\t\t<\/section>\n\t\t\t\t<section class=\"elementor-section elementor-top-section elementor-element elementor-element-30744517 elementor-section-boxed elementor-section-height-default elementor-section-height-default\" data-id=\"30744517\" data-element_type=\"section\" data-e-type=\"section\">\n\t\t\t\t\t\t<div class=\"elementor-container elementor-column-gap-extended\">\n\t\t\t\t\t<div class=\"elementor-column elementor-col-100 elementor-top-column elementor-element elementor-element-50dc9d89 sc_layouts_column_icons_position_left\" data-id=\"50dc9d89\" data-element_type=\"column\" data-e-type=\"column\">\n\t\t\t<div class=\"elementor-widget-wrap elementor-element-populated\">\n\t\t\t\t\t\t<div class=\"elementor-element elementor-element-2f5e6046 elementor-widget elementor-widget-text-editor\" data-id=\"2f5e6046\" data-element_type=\"widget\" data-e-type=\"widget\" data-widget_type=\"text-editor.default\">\n\t\t\t\t<div class=\"elementor-widget-container\">\n\t\t\t\t\t\t\t\t\t<section data-id=\"16250a39\" data-element_type=\"section\">\n<div data-id=\"2413c02e\" data-element_type=\"column\" data-settings=\"{\">\n<div data-id=\"a4781c2\" data-element_type=\"widget\" data-widget_type=\"text-editor.default\">\n<h5><span style=\"color: #ffffff;\"><strong>Lukas Dvorak<\/strong><\/span><\/h5>\n<section data-id=\"0430f30\" data-element_type=\"section\">\n<div data-id=\"cb88804\" data-element_type=\"column\">\n<div data-id=\"06bad65\" data-element_type=\"widget\" data-widget_type=\"text-editor.default\">\n<p class=\"\" data-start=\"150\" data-end=\"913\">graduated from the Prague Conservatoire in organ under Jan Kalfus and continues his studies at the Academy of Performing Arts in Prague under Pavel \u010cern\u00fd. He also studies conducting at the Prague Conservatory. He has completed internships at the Royal Danish Academy of Music in Copenhagen and the Prince Claus Conservatoire in Groningen. He regularly participates in master classes in the USA, Sweden, Spain, the Netherlands, France and Germany with leading teachers (Tritle, Laube, Bryndorf, Bouvard, Zerer, Peretti). He is a&nbsp;winner of the Jan K\u0159titel Va\u0148hal International Organ Competition and a&nbsp;laureate of the Petr Eben International Organ Competition. He has collaborated with the New York Philharmonic and accompanied the 2019 National Pilgrimage to St. Agnes in Rome. He serves as Organist II at the Royal Collegiate Chapter in Vy\u0161ehrad and at St. Nicholas in Humpolec.         <\/p>\n<h5><span style=\"color: #ffffff;\"><strong>Ensemble Versus<\/strong><\/span><\/h5>\n<p class=\"\" data-start=\"915\" data-end=\"1479\">was founded in 2003 as a&nbsp;chamber choir of students of the Faculty of Performing Arts, since 2009 it has been part of Ensemble Opera Diversa. It was founded by Vladim\u00edr Ma\u0148as and since 2023 it has been led by Patrik Buchta. The repertoire focuses on sacred music of the 16th-17th and 20th-21st centuries. He has collaborated with Capella Ornamentata, Musica Figuralis and the orchestras EOD and Concertino Notturno. He has performed at festivals such as Smetana Days (Plze\u0148), Dvo\u0159\u00e1k&#8217;s&nbsp;Olomouc, Festival of Baroque Arts (\u010cesk\u00fd Krumlov), Brno Organ Festival, St.      <\/p>\n<h5><span style=\"color: #ffffff;\"><strong>Patrik Buchta<\/strong><\/span><\/h5>\n<p class=\"\" data-start=\"1481\" data-end=\"1840\">graduated in choral conducting at JAMU in Brno under doc. Jan Ocetek. He is the choirmaster of Ensemble Versus, Cantate, Vachova choir of Moravian teachers, \u0160lapanice Temple Choir and Brno Youth Choir. In addition to his choirmaster activities, he is the liturgical organist at the parish of the Assumption of the Virgin Mary in \u0160lapanice and at the Minorite Church of St. John in Brno.    <\/p>\n<\/div>\n<\/div>\n<\/section>\n<\/div>\n<\/div>\n<\/section>\t\t\t\t\t\t\t\t<\/div>\n\t\t\t\t<\/div>\n\t\t\t\t\t<\/div>\n\t\t<\/div>\n\t\t\t\t\t<\/div>\n\t\t<\/section>\n\t\t\t\t<section class=\"elementor-section elementor-top-section elementor-element elementor-element-2aacbaa9 elementor-section-boxed elementor-section-height-default elementor-section-height-default\" data-id=\"2aacbaa9\" data-element_type=\"section\" data-e-type=\"section\">\n\t\t\t\t\t\t<div class=\"elementor-container elementor-column-gap-extended\">\n\t\t\t\t\t<div class=\"elementor-column elementor-col-100 elementor-top-column elementor-element elementor-element-4ae95c3e sc_layouts_column_icons_position_left\" data-id=\"4ae95c3e\" data-element_type=\"column\" data-e-type=\"column\">\n\t\t\t<div class=\"elementor-widget-wrap elementor-element-populated\">\n\t\t\t\t\t\t<div class=\"elementor-element elementor-element-7e98327 elementor-widget elementor-widget-spacer\" data-id=\"7e98327\" data-element_type=\"widget\" data-e-type=\"widget\" data-widget_type=\"spacer.default\">\n\t\t\t\t<div class=\"elementor-widget-container\">\n\t\t\t\t\t\t\t<div class=\"elementor-spacer\">\n\t\t\t<div class=\"elementor-spacer-inner\"><\/div>\n\t\t<\/div>\n\t\t\t\t\t\t<\/div>\n\t\t\t\t<\/div>\n\t\t\t\t<div class=\"elementor-element elementor-element-22ef9726 elementor-widget elementor-widget-text-editor\" data-id=\"22ef9726\" data-element_type=\"widget\" data-e-type=\"widget\" data-widget_type=\"text-editor.default\">\n\t\t\t\t<div class=\"elementor-widget-container\">\n\t\t\t\t\t\t\t\t\t<section class=\"elementor-section elementor-top-section elementor-element elementor-element-16250a39 elementor-section-boxed elementor-section-height-default elementor-section-height-default\" data-id=\"16250a39\" data-element_type=\"section\">\n<div class=\"elementor-container elementor-column-gap-extended\">\n<div class=\"elementor-row\">\n<div class=\"elementor-column elementor-col-100 elementor-top-column elementor-element elementor-element-2413c02e sc_layouts_column_icons_position_left\" data-id=\"2413c02e\" data-element_type=\"column\" data-settings=\"{\">\n<div class=\"elementor-column-wrap elementor-element-populated\">\n<div class=\"elementor-widget-wrap\">\n<div class=\"elementor-element elementor-element-a4781c2 elementor-widget elementor-widget-text-editor\" data-id=\"a4781c2\" data-element_type=\"widget\" data-widget_type=\"text-editor.default\">\n<div class=\"elementor-widget-container\">\n<div class=\"elementor-text-editor elementor-clearfix\">\n<h5><span style=\"color: #ffffff;\"><strong>Cologne<\/strong><\/span><\/h5>\n<article class=\"w-full text-token-text-primary\" dir=\"auto\" data-testid=\"conversation-turn-24\" data-scroll-anchor=\"true\">\n<div class=\"text-base my-auto mx-auto py-5 px-6\">\n<div class=\"mx-auto flex flex-1 text-base gap-4 md:gap-5 lg:gap-6 md:max-w-3xl lg:max-w-[40rem] xl:max-w-[48rem] group\/turn-messages focus-visible:outline-none\" tabindex=\"-1\">\n<div class=\"group\/conversation-turn relative flex w-full min-w-0 flex-col agent-turn @xs\/thread:px-0 @sm\/thread:px-1.5 @md\/thread:px-4\">\n<div class=\"relative flex-col gap-1 md:gap-3\">\n<div class=\"flex max-w-full flex-col flex-grow\">\n<div class=\"min-h-8 text-message relative flex w-full flex-col items-end gap-2 whitespace-normal break-words text-start [.text-message+&amp;]:mt-5\" dir=\"auto\" data-message-author-role=\"assistant\" data-message-id=\"3510c25f-e611-4656-b1a5-1ba07717827a\" data-message-model-slug=\"gpt-4o\">\n<div class=\"flex w-full flex-col gap-1 empty:hidden first:pt-[3px]\">\n<div class=\"markdown prose w-full break-words dark:prose-invert light\">\n<p class=\"\" data-start=\"130\" data-end=\"724\">Welcome to the royal city of Cologne, where the best of organ music will be heard again this year in St. Bartholomew&#8217;s&nbsp;Cathedral. A&nbsp;series of concerts is scheduled throughout the season, so be sure to check out the other pages of this brochure. What should you not miss in Cologne? Especially Bartholomew&#8217;s&nbsp;Hill, a&nbsp;treasure in the heart of Cologne. In addition to the Old Parish School, you can visit the Church of St. Bartholomew, which has undergone a&nbsp;costly renovation in recent years. The Baroque ossuary from 1733 with its unique ornamental decoration is also accessible. The bell tower displays the church&#8217;s&nbsp;treasures, and the tower offers an exhibition of bells and a&nbsp;great view of the city.        <\/p>\n<p class=\"\" data-start=\"726\" data-end=\"923\">The powder house, the Gothic landmark of Z\u00e1lab\u00ed, which was formerly a&nbsp;powder magazine, has been converted into a&nbsp;lookout. It is from this tower that the view across the Elbe to the Church of St. Bartholomew is truly unique.  <\/p>\n<p class=\"\" data-start=\"925\" data-end=\"1080\">Lovers of views and technical monuments should not forget the Vod\u00e1rna lookout tower, a&nbsp;unique technical and architectural monument of interwar architecture.<\/p>\n<p class=\"\" data-start=\"1082\" data-end=\"1369\">Cologne&#8217;s&nbsp;Jewish jewel, Jerusalem on the Elbe, is a&nbsp;unique collection of Jewish monuments. The history of Kol\u00edn&#8217;s&nbsp;Jewish community is best explored in the synagogue, which is one of the oldest in the Czech Republic, and you can visit two Jewish cemeteries or walk the trail of the stones of the disappeared. <\/p>\n<p class=\"\" data-start=\"1371\" data-end=\"1624\">Cologne is alive! This is proven not only by its historical monuments, but also by the festivals, cultural and sporting events that take place in the royal city throughout the year. See for yourself how Cologne combines past and present into a&nbsp;unique experience for every visitor!  <\/p>\n<\/div>\n<\/div>\n<\/div>\n<\/div>\n<div class=\"mt-3 w-full empty:hidden\">\n<div class=\"text-center\"> <\/div>\n<\/div>\n<\/div>\n<div class=\"absolute\">\n<div class=\"flex items-center justify-center\"> <\/div>\n<\/div>\n<\/div>\n<\/div>\n<\/div>\n<\/article>\n<div class=\"pointer-events-none h-px w-px\" aria-hidden=\"true\" data-edge=\"true\"> <\/div>\n<\/div>\n<\/div>\n<\/div>\n<\/div>\n<\/div>\n<\/div>\n<\/div>\n<\/div>\n<\/section>\t\t\t\t\t\t\t\t<\/div>\n\t\t\t\t<\/div>\n\t\t\t\t\t<\/div>\n\t\t<\/div>\n\t\t\t\t\t<\/div>\n\t\t<\/section>\n\t\t\t\t<section class=\"elementor-section elementor-top-section elementor-element elementor-element-3cf595ca elementor-section-boxed elementor-section-height-default elementor-section-height-default\" data-id=\"3cf595ca\" data-element_type=\"section\" data-e-type=\"section\">\n\t\t\t\t\t\t<div class=\"elementor-container elementor-column-gap-extended\">\n\t\t\t\t\t<div class=\"elementor-column elementor-col-100 elementor-top-column elementor-element elementor-element-11eebd35 sc_layouts_column_icons_position_left\" data-id=\"11eebd35\" data-element_type=\"column\" data-e-type=\"column\">\n\t\t\t<div class=\"elementor-widget-wrap elementor-element-populated\">\n\t\t\t\t\t\t<div class=\"elementor-element elementor-element-70524870 elementor-widget elementor-widget-spacer\" data-id=\"70524870\" data-element_type=\"widget\" data-e-type=\"widget\" data-widget_type=\"spacer.default\">\n\t\t\t\t<div class=\"elementor-widget-container\">\n\t\t\t\t\t\t\t<div class=\"elementor-spacer\">\n\t\t\t<div class=\"elementor-spacer-inner\"><\/div>\n\t\t<\/div>\n\t\t\t\t\t\t<\/div>\n\t\t\t\t<\/div>\n\t\t\t\t\t<\/div>\n\t\t<\/div>\n\t\t\t\t\t<\/div>\n\t\t<\/section>\n\t\t\t\t<section class=\"elementor-section elementor-top-section elementor-element elementor-element-7c583b8a elementor-section-boxed elementor-section-height-default elementor-section-height-default\" data-id=\"7c583b8a\" data-element_type=\"section\" data-e-type=\"section\">\n\t\t\t\t\t\t<div class=\"elementor-container elementor-column-gap-extended\">\n\t\t\t\t\t<div class=\"elementor-column elementor-col-100 elementor-top-column elementor-element elementor-element-26473e34 sc_layouts_column_icons_position_left\" data-id=\"26473e34\" data-element_type=\"column\" data-e-type=\"column\">\n\t\t\t<div class=\"elementor-widget-wrap elementor-element-populated\">\n\t\t\t\t\t\t<div class=\"elementor-element elementor-element-5813a9ae elementor-widget elementor-widget-tec_events_elementor_widget_event_navigation\" data-id=\"5813a9ae\" data-element_type=\"widget\" data-e-type=\"widget\" data-widget_type=\"tec_events_elementor_widget_event_navigation.default\">\n\t\t\t\t<div class=\"elementor-widget-container\">\n\t\t\t\t\t<nav  class=\"tec-events-elementor-event-widget__navigation\"  aria-label=\"Events\">\n\t<ul  class=\"tec-events-elementor-event-widget__navigation--subnav\" >\n\t\t<li  class=\"tec-events-elementor-event-widget__navigation--previous\" >\n<a href=\"https:\/\/www.dvorakuvfestival.cz\/en\/koncert\/roudnice-nad-labem\/\">\n\t\t<svg xmlns=\"http:\/\/www.w3.org\/2000\/svg\"><path d=\"M11.916 17.841L10 19.757l-9.9-9.9L10-.041l1.916 1.916-7.983 7.984z\" \/><\/svg>\t\tRoudnice nad Labem\t<\/a>\n<\/li>\n\n\t\t<li  class=\"tec-events-elementor-event-widget__navigation--next\" >\n\t<a href=\"https:\/\/www.dvorakuvfestival.cz\/en\/koncert\/chyjice-2\/\">\n\t\tChyjice\t\t<svg xmlns=\"http:\/\/www.w3.org\/2000\/svg\"><path d=\"M.084 2.159L2 .243l9.9 9.9L2 20.041.084 18.126l7.983-7.984z\" \/><\/svg>\t<\/a>\n<\/li>\n\t<\/ul>\n<\/nav>\n\t\t\t\t<\/div>\n\t\t\t\t<\/div>\n\t\t\t\t<div class=\"elementor-element elementor-element-6044afa6 elementor-widget elementor-widget-spacer\" data-id=\"6044afa6\" data-element_type=\"widget\" data-e-type=\"widget\" data-widget_type=\"spacer.default\">\n\t\t\t\t<div class=\"elementor-widget-container\">\n\t\t\t\t\t\t\t<div class=\"elementor-spacer\">\n\t\t\t<div class=\"elementor-spacer-inner\"><\/div>\n\t\t<\/div>\n\t\t\t\t\t\t<\/div>\n\t\t\t\t<\/div>\n\t\t\t\t\t<\/div>\n\t\t<\/div>\n\t\t\t\t\t<\/div>\n\t\t<\/section>\n\t\t\t\t<\/div>\n\t\t","protected":false},"excerpt":{"rendered":"<p>NEW COLOGNE VARHANY II &#8211; DUPR\u00c9 &amp; REQUIEM &#8211; graduation concert of Luk\u00e1\u0161 Dvo\u0159\u00e1k with ENSEMBLE VERSUS chamber choir.<\/p>\n","protected":false},"author":1,"featured_media":33542,"template":"","meta":{"_tribe_events_status":"","_tribe_events_status_reason":"","_tribe_events_is_hybrid":"","_tribe_events_is_virtual":"","_tribe_events_virtual_video_source":"","_tribe_events_virtual_embed_video":"","_tribe_events_virtual_linked_button_text":"","_tribe_events_virtual_linked_button":"","_tribe_events_virtual_show_embed_at":"","_tribe_events_virtual_show_embed_to":[],"_tribe_events_virtual_show_on_event":"","_tribe_events_virtual_show_on_views":"","_tribe_events_virtual_url":"","footnotes":""},"tags":[91],"tribe_events_cat":[88,89],"class_list":["post-33539","tribe_events","type-tribe_events","status-publish","has-post-thumbnail","hentry","tag-central-bohemia-region","tribe_events_cat-concert-25-done","tribe_events_cat-concerts-2025","cat_concert-25-done","cat_concerts-2025"],"yoast_head":"<!-- This site is optimized with the Yoast SEO plugin v27.5 - https:\/\/yoast.com\/product\/yoast-seo-wordpress\/ -->\n<title>Cologne | Dvo\u0159\u00e1k\u016fv festival<\/title>\n<meta name=\"description\" content=\"NEW COLOGNE VARHANY II - DUPR\u00c9 &amp; REQUIEM - graduation concert of Luk\u00e1\u0161 Dvo\u0159\u00e1k with ENSEMBLE VERSUS chamber choir.\" \/>\n<meta name=\"robots\" content=\"index, follow, max-snippet:-1, max-image-preview:large, max-video-preview:-1\" \/>\n<link rel=\"canonical\" href=\"https:\/\/www.dvorakuvfestival.cz\/en\/koncert\/cologne-4\/\" \/>\n<meta property=\"og:locale\" content=\"en_US\" \/>\n<meta property=\"og:type\" content=\"article\" \/>\n<meta property=\"og:title\" content=\"Cologne | Dvo\u0159\u00e1k\u016fv festival\" \/>\n<meta property=\"og:description\" content=\"NEW COLOGNE VARHANY II - DUPR\u00c9 &amp; REQUIEM - graduation concert of Luk\u00e1\u0161 Dvo\u0159\u00e1k with ENSEMBLE VERSUS chamber choir.\" \/>\n<meta property=\"og:url\" content=\"https:\/\/www.dvorakuvfestival.cz\/en\/koncert\/cologne-4\/\" \/>\n<meta property=\"og:site_name\" content=\"Dvo\u0159\u00e1k\u016fv festival\" \/>\n<meta property=\"article:publisher\" content=\"https:\/\/www.facebook.com\/dvorakuvfestival\" \/>\n<meta property=\"article:modified_time\" content=\"2025-04-18T07:17:50+00:00\" \/>\n<meta property=\"og:image\" content=\"https:\/\/www.dvorakuvfestival.cz\/wp-content\/uploads\/2024\/04\/18.jpg\" \/>\n\t<meta property=\"og:image:width\" content=\"2560\" \/>\n\t<meta property=\"og:image:height\" content=\"1440\" \/>\n\t<meta property=\"og:image:type\" content=\"image\/jpeg\" \/>\n<meta name=\"twitter:card\" content=\"summary_large_image\" \/>\n<meta name=\"twitter:label1\" content=\"Est. reading time\" \/>\n\t<meta name=\"twitter:data1\" content=\"3 minutes\" \/>\n<script type=\"application\/ld+json\" class=\"yoast-schema-graph\">{\"@context\":\"https:\\\/\\\/schema.org\",\"@graph\":[{\"@type\":\"WebPage\",\"@id\":\"https:\\\/\\\/www.dvorakuvfestival.cz\\\/en\\\/koncert\\\/cologne-4\\\/\",\"url\":\"https:\\\/\\\/www.dvorakuvfestival.cz\\\/en\\\/koncert\\\/cologne-4\\\/\",\"name\":\"Cologne | Dvo\u0159\u00e1k\u016fv festival\",\"isPartOf\":{\"@id\":\"https:\\\/\\\/www.dvorakuvfestival.cz\\\/en\\\/#website\"},\"primaryImageOfPage\":{\"@id\":\"https:\\\/\\\/www.dvorakuvfestival.cz\\\/en\\\/koncert\\\/cologne-4\\\/#primaryimage\"},\"image\":{\"@id\":\"https:\\\/\\\/www.dvorakuvfestival.cz\\\/en\\\/koncert\\\/cologne-4\\\/#primaryimage\"},\"thumbnailUrl\":\"https:\\\/\\\/www.dvorakuvfestival.cz\\\/wp-content\\\/uploads\\\/2024\\\/04\\\/18.jpg\",\"datePublished\":\"2025-03-24T14:56:21+00:00\",\"dateModified\":\"2025-04-18T07:17:50+00:00\",\"description\":\"NEW COLOGNE VARHANY II - DUPR\u00c9 & REQUIEM - graduation concert of Luk\u00e1\u0161 Dvo\u0159\u00e1k with ENSEMBLE VERSUS chamber choir.\",\"breadcrumb\":{\"@id\":\"https:\\\/\\\/www.dvorakuvfestival.cz\\\/en\\\/koncert\\\/cologne-4\\\/#breadcrumb\"},\"inLanguage\":\"en-US\",\"potentialAction\":[{\"@type\":\"ReadAction\",\"target\":[\"https:\\\/\\\/www.dvorakuvfestival.cz\\\/en\\\/koncert\\\/cologne-4\\\/\"]}]},{\"@type\":\"ImageObject\",\"inLanguage\":\"en-US\",\"@id\":\"https:\\\/\\\/www.dvorakuvfestival.cz\\\/en\\\/koncert\\\/cologne-4\\\/#primaryimage\",\"url\":\"https:\\\/\\\/www.dvorakuvfestival.cz\\\/wp-content\\\/uploads\\\/2024\\\/04\\\/18.jpg\",\"contentUrl\":\"https:\\\/\\\/www.dvorakuvfestival.cz\\\/wp-content\\\/uploads\\\/2024\\\/04\\\/18.jpg\",\"width\":2560,\"height\":1440,\"caption\":\"foto: M\u00ed\u00edra Lachec\"},{\"@type\":\"BreadcrumbList\",\"@id\":\"https:\\\/\\\/www.dvorakuvfestival.cz\\\/en\\\/koncert\\\/cologne-4\\\/#breadcrumb\",\"itemListElement\":[{\"@type\":\"ListItem\",\"position\":1,\"name\":\"Dvo\u0159\u00e1k\u016fv festival\",\"item\":\"https:\\\/\\\/www.dvorakuvfestival.cz\\\/en\\\/\"},{\"@type\":\"ListItem\",\"position\":2,\"name\":\"Koncerty\",\"item\":\"https:\\\/\\\/www.dvorakuvfestival.cz\\\/en\\\/koncerty\\\/\"},{\"@type\":\"ListItem\",\"position\":3,\"name\":\"Cologne\"}]},{\"@type\":\"WebSite\",\"@id\":\"https:\\\/\\\/www.dvorakuvfestival.cz\\\/en\\\/#website\",\"url\":\"https:\\\/\\\/www.dvorakuvfestival.cz\\\/en\\\/\",\"name\":\"Dvo\u0159\u00e1k\u016fv festival\",\"description\":\"\",\"publisher\":{\"@id\":\"https:\\\/\\\/www.dvorakuvfestival.cz\\\/en\\\/#organization\"},\"potentialAction\":[{\"@type\":\"SearchAction\",\"target\":{\"@type\":\"EntryPoint\",\"urlTemplate\":\"https:\\\/\\\/www.dvorakuvfestival.cz\\\/en\\\/?s={search_term_string}\"},\"query-input\":{\"@type\":\"PropertyValueSpecification\",\"valueRequired\":true,\"valueName\":\"search_term_string\"}}],\"inLanguage\":\"en-US\"},{\"@type\":\"Organization\",\"@id\":\"https:\\\/\\\/www.dvorakuvfestival.cz\\\/en\\\/#organization\",\"name\":\"Dvo\u0159\u00e1k\u016fv festival\",\"url\":\"https:\\\/\\\/www.dvorakuvfestival.cz\\\/en\\\/\",\"logo\":{\"@type\":\"ImageObject\",\"inLanguage\":\"en-US\",\"@id\":\"https:\\\/\\\/www.dvorakuvfestival.cz\\\/en\\\/#\\\/schema\\\/logo\\\/image\\\/\",\"url\":\"https:\\\/\\\/www.dvorakuvfestival.cz\\\/wp-content\\\/uploads\\\/2018\\\/02\\\/Dvorakuv-festival_70_2026_bi\u0301le\u0301.png\",\"contentUrl\":\"https:\\\/\\\/www.dvorakuvfestival.cz\\\/wp-content\\\/uploads\\\/2018\\\/02\\\/Dvorakuv-festival_70_2026_bi\u0301le\u0301.png\",\"width\":1711,\"height\":571,\"caption\":\"Dvo\u0159\u00e1k\u016fv festival\"},\"image\":{\"@id\":\"https:\\\/\\\/www.dvorakuvfestival.cz\\\/en\\\/#\\\/schema\\\/logo\\\/image\\\/\"},\"sameAs\":[\"https:\\\/\\\/www.facebook.com\\\/dvorakuvfestival\",\"https:\\\/\\\/www.instagram.com\\\/dvorakuvfestival\\\/\"]}]}<\/script>\n<!-- \/ Yoast SEO plugin. -->","yoast_head_json":{"title":"Cologne | Dvo\u0159\u00e1k\u016fv festival","description":"NEW COLOGNE VARHANY II - DUPR\u00c9 & REQUIEM - graduation concert of Luk\u00e1\u0161 Dvo\u0159\u00e1k with ENSEMBLE VERSUS chamber choir.","robots":{"index":"index","follow":"follow","max-snippet":"max-snippet:-1","max-image-preview":"max-image-preview:large","max-video-preview":"max-video-preview:-1"},"canonical":"https:\/\/www.dvorakuvfestival.cz\/en\/koncert\/cologne-4\/","og_locale":"en_US","og_type":"article","og_title":"Cologne | Dvo\u0159\u00e1k\u016fv festival","og_description":"NEW COLOGNE VARHANY II - DUPR\u00c9 & REQUIEM - graduation concert of Luk\u00e1\u0161 Dvo\u0159\u00e1k with ENSEMBLE VERSUS chamber choir.","og_url":"https:\/\/www.dvorakuvfestival.cz\/en\/koncert\/cologne-4\/","og_site_name":"Dvo\u0159\u00e1k\u016fv festival","article_publisher":"https:\/\/www.facebook.com\/dvorakuvfestival","article_modified_time":"2025-04-18T07:17:50+00:00","og_image":[{"width":2560,"height":1440,"url":"https:\/\/www.dvorakuvfestival.cz\/wp-content\/uploads\/2024\/04\/18.jpg","type":"image\/jpeg"}],"twitter_card":"summary_large_image","twitter_misc":{"Est. reading time":"3 minutes"},"schema":{"@context":"https:\/\/schema.org","@graph":[{"@type":"WebPage","@id":"https:\/\/www.dvorakuvfestival.cz\/en\/koncert\/cologne-4\/","url":"https:\/\/www.dvorakuvfestival.cz\/en\/koncert\/cologne-4\/","name":"Cologne | Dvo\u0159\u00e1k\u016fv festival","isPartOf":{"@id":"https:\/\/www.dvorakuvfestival.cz\/en\/#website"},"primaryImageOfPage":{"@id":"https:\/\/www.dvorakuvfestival.cz\/en\/koncert\/cologne-4\/#primaryimage"},"image":{"@id":"https:\/\/www.dvorakuvfestival.cz\/en\/koncert\/cologne-4\/#primaryimage"},"thumbnailUrl":"https:\/\/www.dvorakuvfestival.cz\/wp-content\/uploads\/2024\/04\/18.jpg","datePublished":"2025-03-24T14:56:21+00:00","dateModified":"2025-04-18T07:17:50+00:00","description":"NEW COLOGNE VARHANY II - DUPR\u00c9 & REQUIEM - graduation concert of Luk\u00e1\u0161 Dvo\u0159\u00e1k with ENSEMBLE VERSUS chamber choir.","breadcrumb":{"@id":"https:\/\/www.dvorakuvfestival.cz\/en\/koncert\/cologne-4\/#breadcrumb"},"inLanguage":"en-US","potentialAction":[{"@type":"ReadAction","target":["https:\/\/www.dvorakuvfestival.cz\/en\/koncert\/cologne-4\/"]}]},{"@type":"ImageObject","inLanguage":"en-US","@id":"https:\/\/www.dvorakuvfestival.cz\/en\/koncert\/cologne-4\/#primaryimage","url":"https:\/\/www.dvorakuvfestival.cz\/wp-content\/uploads\/2024\/04\/18.jpg","contentUrl":"https:\/\/www.dvorakuvfestival.cz\/wp-content\/uploads\/2024\/04\/18.jpg","width":2560,"height":1440,"caption":"foto: M\u00ed\u00edra Lachec"},{"@type":"BreadcrumbList","@id":"https:\/\/www.dvorakuvfestival.cz\/en\/koncert\/cologne-4\/#breadcrumb","itemListElement":[{"@type":"ListItem","position":1,"name":"Dvo\u0159\u00e1k\u016fv festival","item":"https:\/\/www.dvorakuvfestival.cz\/en\/"},{"@type":"ListItem","position":2,"name":"Koncerty","item":"https:\/\/www.dvorakuvfestival.cz\/en\/koncerty\/"},{"@type":"ListItem","position":3,"name":"Cologne"}]},{"@type":"WebSite","@id":"https:\/\/www.dvorakuvfestival.cz\/en\/#website","url":"https:\/\/www.dvorakuvfestival.cz\/en\/","name":"Dvo\u0159\u00e1k\u016fv festival","description":"","publisher":{"@id":"https:\/\/www.dvorakuvfestival.cz\/en\/#organization"},"potentialAction":[{"@type":"SearchAction","target":{"@type":"EntryPoint","urlTemplate":"https:\/\/www.dvorakuvfestival.cz\/en\/?s={search_term_string}"},"query-input":{"@type":"PropertyValueSpecification","valueRequired":true,"valueName":"search_term_string"}}],"inLanguage":"en-US"},{"@type":"Organization","@id":"https:\/\/www.dvorakuvfestival.cz\/en\/#organization","name":"Dvo\u0159\u00e1k\u016fv festival","url":"https:\/\/www.dvorakuvfestival.cz\/en\/","logo":{"@type":"ImageObject","inLanguage":"en-US","@id":"https:\/\/www.dvorakuvfestival.cz\/en\/#\/schema\/logo\/image\/","url":"https:\/\/www.dvorakuvfestival.cz\/wp-content\/uploads\/2018\/02\/Dvorakuv-festival_70_2026_bi\u0301le\u0301.png","contentUrl":"https:\/\/www.dvorakuvfestival.cz\/wp-content\/uploads\/2018\/02\/Dvorakuv-festival_70_2026_bi\u0301le\u0301.png","width":1711,"height":571,"caption":"Dvo\u0159\u00e1k\u016fv festival"},"image":{"@id":"https:\/\/www.dvorakuvfestival.cz\/en\/#\/schema\/logo\/image\/"},"sameAs":["https:\/\/www.facebook.com\/dvorakuvfestival","https:\/\/www.instagram.com\/dvorakuvfestival\/"]}]}},"_links":{"self":[{"href":"https:\/\/www.dvorakuvfestival.cz\/en\/wp-json\/wp\/v2\/tribe_events\/33539","targetHints":{"allow":["GET"]}}],"collection":[{"href":"https:\/\/www.dvorakuvfestival.cz\/en\/wp-json\/wp\/v2\/tribe_events"}],"about":[{"href":"https:\/\/www.dvorakuvfestival.cz\/en\/wp-json\/wp\/v2\/types\/tribe_events"}],"author":[{"embeddable":true,"href":"https:\/\/www.dvorakuvfestival.cz\/en\/wp-json\/wp\/v2\/users\/1"}],"version-history":[{"count":1,"href":"https:\/\/www.dvorakuvfestival.cz\/en\/wp-json\/wp\/v2\/tribe_events\/33539\/revisions"}],"predecessor-version":[{"id":33543,"href":"https:\/\/www.dvorakuvfestival.cz\/en\/wp-json\/wp\/v2\/tribe_events\/33539\/revisions\/33543"}],"wp:featuredmedia":[{"embeddable":true,"href":"https:\/\/www.dvorakuvfestival.cz\/en\/wp-json\/wp\/v2\/media\/33542"}],"wp:attachment":[{"href":"https:\/\/www.dvorakuvfestival.cz\/en\/wp-json\/wp\/v2\/media?parent=33539"}],"wp:term":[{"taxonomy":"post_tag","embeddable":true,"href":"https:\/\/www.dvorakuvfestival.cz\/en\/wp-json\/wp\/v2\/tags?post=33539"},{"taxonomy":"tribe_events_cat","embeddable":true,"href":"https:\/\/www.dvorakuvfestival.cz\/en\/wp-json\/wp\/v2\/tribe_events_cat?post=33539"}],"curies":[{"name":"wp","href":"https:\/\/api.w.org\/{rel}","templated":true}]}}