{"id":33501,"date":"2025-03-24T15:56:20","date_gmt":"2025-03-24T14:56:20","guid":{"rendered":"https:\/\/www.dvorakuvfestival.cz\/koncert\/lany-2\/"},"modified":"2025-04-15T13:56:46","modified_gmt":"2025-04-15T11:56:46","slug":"lany-2","status":"publish","type":"tribe_events","link":"https:\/\/www.dvorakuvfestival.cz\/en\/koncert\/lany-2\/","title":{"rendered":"L\u00e1ny"},"content":{"rendered":"\t\t<div data-elementor-type=\"tec_event_single_static\" data-elementor-id=\"33501\" class=\"elementor elementor-33501 elementor-31430\" data-elementor-post-type=\"tribe_events\">\n\t\t\t\t\t\t<section class=\"elementor-section elementor-top-section elementor-element elementor-element-3caa7fe9 elementor-section-full_width elementor-section-height-default elementor-section-height-default\" data-id=\"3caa7fe9\" data-element_type=\"section\" data-e-type=\"section\">\n\t\t\t\t\t\t<div class=\"elementor-container elementor-column-gap-extended\">\n\t\t\t\t\t<div class=\"elementor-column elementor-col-50 elementor-top-column elementor-element elementor-element-3f07a996 sc_layouts_column_icons_position_left\" data-id=\"3f07a996\" data-element_type=\"column\" data-e-type=\"column\">\n\t\t\t<div class=\"elementor-widget-wrap elementor-element-populated\">\n\t\t\t\t\t\t<div class=\"elementor-element elementor-element-34ba9a0d elementor-widget__width-initial elementor-hidden-desktop elementor-widget elementor-widget-image\" data-id=\"34ba9a0d\" data-element_type=\"widget\" data-e-type=\"widget\" data-widget_type=\"image.default\">\n\t\t\t\t<div class=\"elementor-widget-container\">\n\t\t\t\t\t\t\t\t\t\t\t\t\t\t\t<img fetchpriority=\"high\" decoding=\"async\" width=\"1000\" height=\"681\" src=\"https:\/\/www.dvorakuvfestival.cz\/wp-content\/uploads\/2022\/02\/Lany.jpg\" class=\"attachment-large size-large wp-image-24865\" alt=\"\" srcset=\"https:\/\/www.dvorakuvfestival.cz\/wp-content\/uploads\/2022\/02\/Lany.jpg 1000w, https:\/\/www.dvorakuvfestival.cz\/wp-content\/uploads\/2022\/02\/Lany-300x204.jpg 300w, https:\/\/www.dvorakuvfestival.cz\/wp-content\/uploads\/2022\/02\/Lany-768x523.jpg 768w, https:\/\/www.dvorakuvfestival.cz\/wp-content\/uploads\/2022\/02\/Lany-370x252.jpg 370w, https:\/\/www.dvorakuvfestival.cz\/wp-content\/uploads\/2022\/02\/Lany-812x553.jpg 812w, https:\/\/www.dvorakuvfestival.cz\/wp-content\/uploads\/2022\/02\/Lany-406x276.jpg 406w\" sizes=\"(max-width: 1000px) 100vw, 1000px\" \/>\t\t\t\t\t\t\t\t\t\t\t\t\t\t\t<\/div>\n\t\t\t\t<\/div>\n\t\t\t\t<div class=\"elementor-element elementor-element-679bd381 elementor-widget elementor-widget-heading\" data-id=\"679bd381\" data-element_type=\"widget\" data-e-type=\"widget\" data-widget_type=\"heading.default\">\n\t\t\t\t<div class=\"elementor-widget-container\">\n\t\t\t\t\t<h2 class=\"elementor-heading-title elementor-size-default\">L\u00e1ny Chateau<\/h2>\t\t\t\t<\/div>\n\t\t\t\t<\/div>\n\t\t\t\t<div class=\"elementor-element elementor-element-331a895d elementor-widget elementor-widget-text-editor\" data-id=\"331a895d\" data-element_type=\"widget\" data-e-type=\"widget\" data-widget_type=\"text-editor.default\">\n\t\t\t\t<div class=\"elementor-widget-container\">\n\t\t\t\t\t\t\t\t\t<div class=\"elementor-element elementor-element-144deda elementor-widget elementor-widget-text-editor\" data-id=\"144deda\" data-element_type=\"widget\" data-widget_type=\"text-editor.default\"><div class=\"elementor-widget-container\"><p>Church of the Holy Name of Jesus in L\u00e1ny<\/p><\/div><div data-id=\"0322ab4\" data-element_type=\"widget\" data-widget_type=\"text-editor.default\"> <\/div><\/div>\t\t\t\t\t\t\t\t<\/div>\n\t\t\t\t<\/div>\n\t\t\t\t<div class=\"elementor-element elementor-element-2a4e8cf2 elementor-widget elementor-widget-text-editor\" data-id=\"2a4e8cf2\" data-element_type=\"widget\" data-e-type=\"widget\" data-widget_type=\"text-editor.default\">\n\t\t\t\t<div class=\"elementor-widget-container\">\n\t\t\t\t\t\t\t\t\t<p><span style=\"color: #5c071f;\"><strong>Opening concert<\/strong><\/span><\/p>\t\t\t\t\t\t\t\t<\/div>\n\t\t\t\t<\/div>\n\t\t\t\t<div class=\"elementor-element elementor-element-bdba5b6 elementor-widget elementor-widget-shortcode\" data-id=\"bdba5b6\" data-element_type=\"widget\" data-e-type=\"widget\" data-widget_type=\"shortcode.default\">\n\t\t\t\t<div class=\"elementor-widget-container\">\n\t\t\t\t\t\t\t<div class=\"elementor-shortcode\">Thursday 1.&nbsp;5.&nbsp;2025 v&nbsp;18:00<\/div>\n\t\t\t\t\t\t<\/div>\n\t\t\t\t<\/div>\n\t\t\t\t<div class=\"elementor-element elementor-element-8cdadf2 elementor-widget elementor-widget-text-editor\" data-id=\"8cdadf2\" data-element_type=\"widget\" data-e-type=\"widget\" data-widget_type=\"text-editor.default\">\n\t\t\t\t<div class=\"elementor-widget-container\">\n\t\t\t\t\t\t\t\t\t<div class=\"elementor-element elementor-element-144deda elementor-widget elementor-widget-text-editor\" data-id=\"144deda\" data-element_type=\"widget\" data-widget_type=\"text-editor.default\">\n<div class=\"elementor-widget-container\">\n<p class=\"p1\"><i>The concert is held under the auspices of  <\/i><i>JUDr. Ernest Kos\u00e1r, Mayor of the municipality of L\u00e1ny. <\/i><\/p>\n<p>Admission 300 CZK<\/p>\n<p><span style=\"color: #5c071f;\"><strong>Performers<\/strong><\/span><\/p>\n<\/div>\n<div data-id=\"0322ab4\" data-element_type=\"widget\" data-widget_type=\"text-editor.default\">\n<p>Ji\u0159\u00ed Houdek &#8211; trumpet<br>Ale\u0161 B\u00e1rta &#8211; organ<\/p>\n<\/div>\n<\/div>\t\t\t\t\t\t\t\t<\/div>\n\t\t\t\t<\/div>\n\t\t\t\t<div class=\"elementor-element elementor-element-69ca8bd elementor-widget elementor-widget-text-editor\" data-id=\"69ca8bd\" data-element_type=\"widget\" data-e-type=\"widget\" data-widget_type=\"text-editor.default\">\n\t\t\t\t<div class=\"elementor-widget-container\">\n\t\t\t\t\t\t\t\t\t<p><a class=\"smsticket-ibutton\" title=\"Pre-sale of the event\" href=\"https:\/\/www.smsticket.cz\/vstupenky\/54504-dvorakuv-festival-zahajovaci-koncert-kostel-nejsvetejsiho-jmena-jezis-lany?utm_campaign=smsticket-prodejni-tlacitko\" target=\"_blank\" rel=\"noopener\">Pre-sale of the event<\/a><br><script>\n    (function() {\n        var po = document.createElement('script');\n        po.async = true;\n        po.src = 'https:\/\/www.smsticket.cz\/static\/scripts\/widgets\/SaleAnchorMini.js';\n        var s = document.getElementsByTagName('script')[0];\n        s.parentNode.insertBefore(po, s);\n    })();\n<\/script><\/p>\t\t\t\t\t\t\t\t<\/div>\n\t\t\t\t<\/div>\n\t\t\t\t\t<\/div>\n\t\t<\/div>\n\t\t\t\t<div class=\"elementor-column elementor-col-50 elementor-top-column elementor-element elementor-element-29a7f349 sc_layouts_column_icons_position_left\" data-id=\"29a7f349\" data-element_type=\"column\" data-e-type=\"column\">\n\t\t\t<div class=\"elementor-widget-wrap elementor-element-populated\">\n\t\t\t\t\t\t<div class=\"elementor-element elementor-element-63cdd017 elementor-widget__width-initial elementor-hidden-tablet elementor-hidden-mobile elementor-widget elementor-widget-image\" data-id=\"63cdd017\" data-element_type=\"widget\" data-e-type=\"widget\" data-widget_type=\"image.default\">\n\t\t\t\t<div class=\"elementor-widget-container\">\n\t\t\t\t\t\t\t\t\t\t\t\t\t\t\t<img fetchpriority=\"high\" decoding=\"async\" width=\"1000\" height=\"681\" src=\"https:\/\/www.dvorakuvfestival.cz\/wp-content\/uploads\/2022\/02\/Lany.jpg\" class=\"attachment-large size-large wp-image-24865\" alt=\"\" srcset=\"https:\/\/www.dvorakuvfestival.cz\/wp-content\/uploads\/2022\/02\/Lany.jpg 1000w, https:\/\/www.dvorakuvfestival.cz\/wp-content\/uploads\/2022\/02\/Lany-300x204.jpg 300w, https:\/\/www.dvorakuvfestival.cz\/wp-content\/uploads\/2022\/02\/Lany-768x523.jpg 768w, https:\/\/www.dvorakuvfestival.cz\/wp-content\/uploads\/2022\/02\/Lany-370x252.jpg 370w, https:\/\/www.dvorakuvfestival.cz\/wp-content\/uploads\/2022\/02\/Lany-812x553.jpg 812w, https:\/\/www.dvorakuvfestival.cz\/wp-content\/uploads\/2022\/02\/Lany-406x276.jpg 406w\" sizes=\"(max-width: 1000px) 100vw, 1000px\" \/>\t\t\t\t\t\t\t\t\t\t\t\t\t\t\t<\/div>\n\t\t\t\t<\/div>\n\t\t\t\t<div class=\"elementor-element elementor-element-5a202ca6 elementor-hidden-tablet elementor-hidden-mobile elementor-widget elementor-widget-text-editor\" data-id=\"5a202ca6\" data-element_type=\"widget\" data-e-type=\"widget\" data-widget_type=\"text-editor.default\">\n\t\t\t\t<div class=\"elementor-widget-container\">\n\t\t\t\t\t\t\t\t\t<div data-id=\"a9096e3\" data-element_type=\"widget\" data-widget_type=\"heading.default\">\n<h4 style=\"text-align: center;\"><span style=\"color: #ffffff;\"><strong>Program<\/strong><\/span><\/h4>\n<\/div>\n<div data-id=\"a0558f0\" data-element_type=\"widget\" data-widget_type=\"text-editor.default\">\n<p style=\"text-align: center;\">H. Purcell &#8211; Sonata in D major for Trumpet and Organ<br>(Pomposo-Andante maestoso-Allegro ma non troppo)<br>J. S. Bach &#8211; Toccata and Fugue in D minor<br>J. S. Bach &#8211; Chorale &#8220;Jesus bleibet meine Freude&#8221; for Trumpet and Organ<br>J. S. Bach &#8211; Chorale &#8220;Nun freut euch, lieben Christen g\u00b4mein&#8221;<br>J. B. Loeillet &#8211; Sonata in G minor for Trumpet and Organ<br>(Adagio-Vivace-Largo-Allegro)<br>C. Franck &#8211; Prelude, Fugue and Variations (Op.18)<br>A. Dvo\u0159\u00e1k &#8211; When My Mother Gets Old for Trumpet and Organ<br>L. Bo\u00ebllmann &#8211; Toccata (Suite Gothique, Op.25)<br>V. Bellini &#8211; Concerto for Trumpet and Organ<\/p>\n<\/div>\t\t\t\t\t\t\t\t<\/div>\n\t\t\t\t<\/div>\n\t\t\t\t\t<\/div>\n\t\t<\/div>\n\t\t\t\t\t<\/div>\n\t\t<\/section>\n\t\t\t\t<section class=\"elementor-section elementor-top-section elementor-element elementor-element-23ea39ce elementor-section-boxed elementor-section-height-default elementor-section-height-default\" data-id=\"23ea39ce\" data-element_type=\"section\" data-e-type=\"section\">\n\t\t\t\t\t\t<div class=\"elementor-container elementor-column-gap-extended\">\n\t\t\t\t\t<div class=\"elementor-column elementor-col-100 elementor-top-column elementor-element elementor-element-107cd15b sc_layouts_column_icons_position_left\" data-id=\"107cd15b\" data-element_type=\"column\" data-e-type=\"column\">\n\t\t\t<div class=\"elementor-widget-wrap elementor-element-populated\">\n\t\t\t\t\t\t<section class=\"elementor-section elementor-inner-section elementor-element elementor-element-3ec0f903 elementor-section-boxed elementor-section-height-default elementor-section-height-default\" data-id=\"3ec0f903\" data-element_type=\"section\" data-e-type=\"section\">\n\t\t\t\t\t\t<div class=\"elementor-container elementor-column-gap-extended\">\n\t\t\t\t\t<div class=\"elementor-column elementor-col-50 elementor-inner-column elementor-element elementor-element-402cd0ce sc_layouts_column_icons_position_left\" data-id=\"402cd0ce\" data-element_type=\"column\" data-e-type=\"column\">\n\t\t\t<div class=\"elementor-widget-wrap elementor-element-populated\">\n\t\t\t\t\t\t<div class=\"elementor-element elementor-element-7b57f993 elementor-widget elementor-widget-image-carousel\" data-id=\"7b57f993\" data-element_type=\"widget\" data-e-type=\"widget\" data-settings=\"{&quot;navigation&quot;:&quot;none&quot;,&quot;slides_to_show&quot;:&quot;2&quot;,&quot;autoplay&quot;:&quot;yes&quot;,&quot;pause_on_hover&quot;:&quot;yes&quot;,&quot;pause_on_interaction&quot;:&quot;yes&quot;,&quot;autoplay_speed&quot;:5000,&quot;infinite&quot;:&quot;yes&quot;,&quot;speed&quot;:500}\" data-widget_type=\"image-carousel.default\">\n\t\t\t\t<div class=\"elementor-widget-container\">\n\t\t\t\t\t\t\t<div class=\"elementor-image-carousel-wrapper swiper\" role=\"region\" aria-roledescription=\"carousel\" aria-label=\"Obr\u00e1zkov\u00fd koloto\u010d\" dir=\"ltr\">\n\t\t\t<div class=\"elementor-image-carousel swiper-wrapper\" aria-live=\"off\">\n\t\t\t\t\t\t\t\t<div class=\"swiper-slide\" role=\"group\" aria-roledescription=\"slide\" aria-label=\"1 of 2\"><figure class=\"swiper-slide-inner\"><img decoding=\"async\" class=\"swiper-slide-image\" src=\"https:\/\/www.dvorakuvfestival.cz\/wp-content\/uploads\/elementor\/thumbs\/LOGO-DF-LOD\u030c-6-r3g1afxk2m7slv4pcleq62rckhwx6lenyluqnf94gg.jpg\" alt=\"Ji\u0159\u00ed Houdek\" \/><figcaption class=\"elementor-image-carousel-caption\">Ji\u0159\u00ed Houdek<\/figcaption><\/figure><\/div><div class=\"swiper-slide\" role=\"group\" aria-roledescription=\"slide\" aria-label=\"2 of 2\"><figure class=\"swiper-slide-inner\"><img decoding=\"async\" class=\"swiper-slide-image\" src=\"https:\/\/www.dvorakuvfestival.cz\/wp-content\/uploads\/elementor\/thumbs\/LOGO-DF-LOD\u030c-6-r3g1afxk2m7slv4pcleq62rckhwx6lenyluqnf94gg.jpg\" alt=\"Ji\u0159\u00ed Houdek\" \/><figcaption class=\"elementor-image-carousel-caption\">Ji\u0159\u00ed Houdek<\/figcaption><\/figure><\/div>\t\t\t<\/div>\n\t\t\t\t\t\t\t\n\t\t\t\t\t\t\t\t\t<\/div>\n\t\t\t\t\t\t<\/div>\n\t\t\t\t<\/div>\n\t\t\t\t\t<\/div>\n\t\t<\/div>\n\t\t\t\t<div class=\"elementor-column elementor-col-50 elementor-inner-column elementor-element elementor-element-60b11ec5 sc_layouts_column_icons_position_left\" data-id=\"60b11ec5\" data-element_type=\"column\" data-e-type=\"column\">\n\t\t\t<div class=\"elementor-widget-wrap\">\n\t\t\t\t\t\t\t<\/div>\n\t\t<\/div>\n\t\t\t\t\t<\/div>\n\t\t<\/section>\n\t\t\t\t<div class=\"elementor-element elementor-element-187c2cf5 elementor-widget elementor-widget-spacer\" data-id=\"187c2cf5\" data-element_type=\"widget\" data-e-type=\"widget\" data-widget_type=\"spacer.default\">\n\t\t\t\t<div class=\"elementor-widget-container\">\n\t\t\t\t\t\t\t<div class=\"elementor-spacer\">\n\t\t\t<div class=\"elementor-spacer-inner\"><\/div>\n\t\t<\/div>\n\t\t\t\t\t\t<\/div>\n\t\t\t\t<\/div>\n\t\t\t\t<div class=\"elementor-element elementor-element-775450ee elementor-hidden-desktop elementor-widget elementor-widget-text-editor\" data-id=\"775450ee\" data-element_type=\"widget\" data-e-type=\"widget\" data-widget_type=\"text-editor.default\">\n\t\t\t\t<div class=\"elementor-widget-container\">\n\t\t\t\t\t\t\t\t\t<div data-id=\"a9096e3\" data-element_type=\"widget\" data-widget_type=\"heading.default\"><h4 style=\"text-align: center;\"><span style=\"color: #ffffff;\"><strong>Program<\/strong><\/span><\/h4><\/div><div data-id=\"a0558f0\" data-element_type=\"widget\" data-widget_type=\"text-editor.default\"><p style=\"text-align: center;\">H. Purcell &#8211; Sonata in D major for Trumpet and Organ<br>(Pomposo-Andante maestoso-Allegro ma non troppo)<br>J. S. Bach &#8211; Toccata and Fugue in D minor<br>J. S. Bach &#8211; Chorale &#8220;Jesus bleibet meine Freude&#8221; for Trumpet and Organ<br>J. S. Bach &#8211; Chorale &#8220;Nun freut euch, lieben Christen g\u00b4mein&#8221;<br>J. B. Loeillet &#8211; Sonata in G minor for Trumpet and Organ<br>(Adagio-Vivace-Largo-Allegro)<br>C. Franck &#8211; Prelude, Fugue and Variations (Op.18)<br>A. Dvo\u0159\u00e1k &#8211; When My Mother Gets Old for Trumpet and Organ<br>L. Bo\u00ebllmann &#8211; Toccata (Suite Gothique, Op.25)<br>V. Bellini &#8211; Concerto for Trumpet and Organ<\/p><\/div>\t\t\t\t\t\t\t\t<\/div>\n\t\t\t\t<\/div>\n\t\t\t\t<div class=\"elementor-element elementor-element-7ae8e07a elementor-widget elementor-widget-spacer\" data-id=\"7ae8e07a\" data-element_type=\"widget\" data-e-type=\"widget\" data-widget_type=\"spacer.default\">\n\t\t\t\t<div class=\"elementor-widget-container\">\n\t\t\t\t\t\t\t<div class=\"elementor-spacer\">\n\t\t\t<div class=\"elementor-spacer-inner\"><\/div>\n\t\t<\/div>\n\t\t\t\t\t\t<\/div>\n\t\t\t\t<\/div>\n\t\t\t\t\t<\/div>\n\t\t<\/div>\n\t\t\t\t\t<\/div>\n\t\t<\/section>\n\t\t\t\t<section class=\"elementor-section elementor-top-section elementor-element elementor-element-308586b elementor-section-boxed elementor-section-height-default elementor-section-height-default\" data-id=\"308586b\" data-element_type=\"section\" data-e-type=\"section\">\n\t\t\t\t\t\t<div class=\"elementor-container elementor-column-gap-extended\">\n\t\t\t\t\t<div class=\"elementor-column elementor-col-100 elementor-top-column elementor-element elementor-element-506740df sc_layouts_column_icons_position_left\" data-id=\"506740df\" data-element_type=\"column\" data-e-type=\"column\">\n\t\t\t<div class=\"elementor-widget-wrap elementor-element-populated\">\n\t\t\t\t\t\t<div class=\"elementor-element elementor-element-7f44a92d elementor-widget elementor-widget-text-editor\" data-id=\"7f44a92d\" data-element_type=\"widget\" data-e-type=\"widget\" data-widget_type=\"text-editor.default\">\n\t\t\t\t<div class=\"elementor-widget-container\">\n\t\t\t\t\t\t\t\t\t<section class=\"elementor-section elementor-top-section elementor-element elementor-element-16250a39 elementor-section-boxed elementor-section-height-default elementor-section-height-default\" data-id=\"16250a39\" data-element_type=\"section\"><div class=\"elementor-container elementor-column-gap-extended\"><div class=\"elementor-row\"><div class=\"elementor-column elementor-col-100 elementor-top-column elementor-element elementor-element-2413c02e sc_layouts_column_icons_position_left\" data-id=\"2413c02e\" data-element_type=\"column\" data-settings=\"{\"><div class=\"elementor-column-wrap elementor-element-populated\"><div class=\"elementor-widget-wrap\"><div class=\"elementor-element elementor-element-a4781c2 elementor-widget elementor-widget-text-editor\" data-id=\"a4781c2\" data-element_type=\"widget\" data-widget_type=\"text-editor.default\"><div class=\"elementor-widget-container\"><div class=\"elementor-text-editor elementor-clearfix\"><h5><span style=\"color: #ffffff;\"><strong>Ales Barta<\/strong><\/span><\/h5><section data-id=\"0430f30\" data-element_type=\"section\"><div data-id=\"cb88804\" data-element_type=\"column\"><div data-id=\"06bad65\" data-element_type=\"widget\" data-widget_type=\"text-editor.default\"><p>(born 1960) is one of the most successful Czech organists. He began his studies at the Brno Conservatoire under Prof. Josef Pukl and continued his studies at the Academy of Performing Arts in Prague under doc. <\/p><p>V\u00e1clav Rabas. Already during his studies he became a&nbsp;successful participant in important competitions. He is the winner of the International Organ Performance Competition of Anton Bruckner in Linz 1982, the laureate of the International Organ Competition of Franz Liszt in Budapest 1983 and the absolute winner of the International Organ Competition of the Prague Spring Festival 1984. As a&nbsp;soloist, he has appeared with leading symphony and chamber orchestras (Czech Philharmonic, Prague Symphony Orchestra FOK, Czech Radio Symphony Orchestra, Virtuosi di Praga, Prague Chamber Orchestra) and distinguished soloists (Josef Suk, Ivan Kusnjer, Sergej Kop\u010d\u00e1k, Miroslav Kejmar).   <\/p><p>He has performed in Austria, Hungary, Germany, France, Spain, Switzerland, Finland, Italy, Belgium, Russia, Turkey, USA, Japan and China. He has performed at international festivals in Tokyo, London, Zurich, Berlin, Leipzig, Avignon, Madrid, Hong Kong, Istanbul, Budapest and Bratislava. A&nbsp;few years ago he realized a&nbsp;unique project of three CDs for the Japanese company Octavia Records, namely the recording of 7.,   8.&nbsp;and the 9th Symphony of A. Dvo\u0159\u00e1k.<\/p><\/div><h5><span style=\"color: #ffffff;\"><strong>Ji\u0159\u00ed Houdek<\/strong><\/span><\/h5><div><article class=\"w-full text-token-text-primary\" dir=\"auto\" data-testid=\"conversation-turn-4\" data-scroll-anchor=\"true\"><div class=\"text-base my-auto mx-auto py-5 px-6\"><div class=\"mx-auto flex flex-1 text-base gap-4 md:gap-5 lg:gap-6 md:max-w-3xl lg:max-w-[40rem] xl:max-w-[48rem] group\/turn-messages focus-visible:outline-none\" tabindex=\"-1\"><div class=\"group\/conversation-turn relative flex w-full min-w-0 flex-col agent-turn @xs\/thread:px-0 @sm\/thread:px-1.5 @md\/thread:px-4\"><div class=\"relative flex-col gap-1 md:gap-3\"><div class=\"flex max-w-full flex-col flex-grow\"><div class=\"min-h-8 text-message relative flex w-full flex-col items-end gap-2 whitespace-normal break-words text-start [.text-message+&amp;]:mt-5\" dir=\"auto\" data-message-author-role=\"assistant\" data-message-id=\"e08053bb-3941-4298-b480-373bc763828f\" data-message-model-slug=\"gpt-4o\"><div class=\"flex w-full flex-col gap-1 empty:hidden first:pt-[3px]\"><div class=\"markdown prose w-full break-words dark:prose-invert light\"><p class=\"\" data-start=\"0\" data-end=\"256\">Ji\u0159\u00ed Houdek (* 1979) started playing the trumpet under the guidance of his father Mgr. Ji\u0159\u00ed Houdek. After graduating from the Conservatory in Prague, he studied at the Academy of Performing Arts in Prague and completed his education at master performance courses with renowned teachers. In 1995 he won the International Radio Competition Concertino Praga. He has performed as a&nbsp;soloist with many of our orchestras, including the Prague Philharmonic, the Czech Radio Symphony Orchestra and the Czech National Symphony Orchestra.    <\/p><p class=\"\" data-start=\"507\" data-end=\"750\">Already at the age of sixteen his art was recorded on CD (1996) with recordings of solo concertos by J. N. Hummel, J. Haydn and a&nbsp;Vivaldi double concerto. In 2014 he performed with violinist Gabriela Demeterov\u00e1 in Bach&#8217;s&nbsp;Brandenburg Concerto No. 2. Since 1999 he has been the 1st trumpeter of the Czech Radio Symphony Orchestra and since 2008 he has been a&nbsp;member of the National Theatre Orchestra in Prague. He is a&nbsp;guest of the Seoul Philharmonic Orchestra and Solistes Europ\u00e9ens Luxembourg.    <\/p><p class=\"\" data-start=\"960\" data-end=\"1254\">In 2018 he released a&nbsp;CD with works by Baroque masters Franti\u0161ek Xaver Richter, Leopold Mozart, Michael Haydn and Jan K\u0159titel Neruda, which he recorded with the Czech Radio Symphony Orchestra under the baton of Vojt\u011bch Spurn\u00fd. His last CD <em data-start=\"1197\" data-end=\"1219\">Trumpet Masterpieces<\/em> was released in 2022 (Radioservis). Since September 2022 he has been a&nbsp;member of Schagerl Artists and plays instruments of the world-famous Austrian company Schagerl.  <\/p><\/div><\/div><\/div><\/div><div class=\"mt-3 w-full empty:hidden\"><div class=\"text-center\"> <\/div><\/div><\/div><div class=\"absolute\"><div class=\"flex items-center justify-center\"> <\/div><\/div><\/div><\/div><\/div><\/article><div class=\"pointer-events-none h-px w-px\" aria-hidden=\"true\" data-edge=\"true\"> <\/div><\/div><\/div><\/section><\/div><\/div><\/div><\/div><\/div><\/div><\/div><\/div><\/section>\t\t\t\t\t\t\t\t<\/div>\n\t\t\t\t<\/div>\n\t\t\t\t\t<\/div>\n\t\t<\/div>\n\t\t\t\t\t<\/div>\n\t\t<\/section>\n\t\t\t\t<section class=\"elementor-section elementor-top-section elementor-element elementor-element-298b3e3c elementor-section-boxed elementor-section-height-default elementor-section-height-default\" data-id=\"298b3e3c\" data-element_type=\"section\" data-e-type=\"section\">\n\t\t\t\t\t\t<div class=\"elementor-container elementor-column-gap-extended\">\n\t\t\t\t\t<div class=\"elementor-column elementor-col-100 elementor-top-column elementor-element elementor-element-310781ed sc_layouts_column_icons_position_left\" data-id=\"310781ed\" data-element_type=\"column\" data-e-type=\"column\">\n\t\t\t<div class=\"elementor-widget-wrap elementor-element-populated\">\n\t\t\t\t\t\t<div class=\"elementor-element elementor-element-45cfad1e elementor-widget elementor-widget-spacer\" data-id=\"45cfad1e\" data-element_type=\"widget\" data-e-type=\"widget\" data-widget_type=\"spacer.default\">\n\t\t\t\t<div class=\"elementor-widget-container\">\n\t\t\t\t\t\t\t<div class=\"elementor-spacer\">\n\t\t\t<div class=\"elementor-spacer-inner\"><\/div>\n\t\t<\/div>\n\t\t\t\t\t\t<\/div>\n\t\t\t\t<\/div>\n\t\t\t\t<div class=\"elementor-element elementor-element-3adaedae elementor-widget elementor-widget-text-editor\" data-id=\"3adaedae\" data-element_type=\"widget\" data-e-type=\"widget\" data-widget_type=\"text-editor.default\">\n\t\t\t\t<div class=\"elementor-widget-container\">\n\t\t\t\t\t\t\t\t\t<section class=\"elementor-section elementor-top-section elementor-element elementor-element-16250a39 elementor-section-boxed elementor-section-height-default elementor-section-height-default\" data-id=\"16250a39\" data-element_type=\"section\"><div class=\"elementor-container elementor-column-gap-extended\"><div class=\"elementor-row\"><div class=\"elementor-column elementor-col-100 elementor-top-column elementor-element elementor-element-2413c02e sc_layouts_column_icons_position_left\" data-id=\"2413c02e\" data-element_type=\"column\" data-settings=\"{\"><div class=\"elementor-column-wrap elementor-element-populated\"><div class=\"elementor-widget-wrap\"><div class=\"elementor-element elementor-element-a4781c2 elementor-widget elementor-widget-text-editor\" data-id=\"a4781c2\" data-element_type=\"widget\" data-widget_type=\"text-editor.default\"><div class=\"elementor-widget-container\"><div class=\"elementor-text-editor elementor-clearfix\"><h5><span style=\"color: #ffffff;\"><strong>L\u00e1ny<\/strong><\/span><\/h5><p>The Baroque chateau in the village of L\u00e1ny in the middle of the K\u0159ivokl\u00e1t forests near Prague has been the official summer residence of the Presidents of the Czech Republic since 1921. It is currently open to the public in the form of guided tours. Visitors can also visit the large chateau park and the palm greenhouse from 1879.  <\/p><p>The oldest written mention of L\u00e1ny dates back to 1392. A&nbsp;wooden fortress stood here already then. At the end of the 16th century, Emperor Rudolf II bought L\u00e1ny and had a&nbsp;Renaissance hunting castle built on the site of the original fortress. At the end of the 17th century, the Wallenstein family bought the castle. Count Jan Josef von Wallenstein had the chateau interiors renovated. From the beginning of the 18th century, L\u00e1ny was in the possession of the F\u00fcrstenbergs until 1921, when the Czechoslovak state purchased the L\u00e1ny castle for the representative purposes of the head of state.         <\/p><p>Princess Marie Anna, n\u00e9e Wallenstein, married to Prince William Arnost of F\u00fcrstenberg, had the rococo chateau chapel of the Holy Name of Jesus built in 1748-1752 at a&nbsp;cost of 14,344 gold coins, which has served as the parish church of L\u00e1ny since 1850. At the time of the chapel&#8217;s&nbsp;construction, the castle was still surrounded by a&nbsp;moat, and since the chapel was to be connected to the eastern wing of the castle, it was necessary to lead a&nbsp;covered connecting corridor from the first floor of the castle through arcaded arches. <\/p><p>The castle park was first mentioned around 1770. Its current appearance is influenced by the modifications of Josip Ple\u010dnik. Ple\u010dnik&#8217;s&nbsp;most striking work in the park is the wall on the eastern side of the pond dam, which includes an impressive fountain. It consists of five Doric columns decorated with bronze lion heads, from which water flows into the fountain and then falls into the pond as one massive stream.   <\/p><\/div><\/div><\/div><\/div><\/div><\/div><\/div><\/div><\/section>\t\t\t\t\t\t\t\t<\/div>\n\t\t\t\t<\/div>\n\t\t\t\t\t<\/div>\n\t\t<\/div>\n\t\t\t\t\t<\/div>\n\t\t<\/section>\n\t\t\t\t<section class=\"elementor-section elementor-top-section elementor-element elementor-element-48fcce93 elementor-section-boxed elementor-section-height-default elementor-section-height-default\" data-id=\"48fcce93\" data-element_type=\"section\" data-e-type=\"section\">\n\t\t\t\t\t\t<div class=\"elementor-container elementor-column-gap-extended\">\n\t\t\t\t\t<div class=\"elementor-column elementor-col-100 elementor-top-column elementor-element elementor-element-60452b6 sc_layouts_column_icons_position_left\" data-id=\"60452b6\" data-element_type=\"column\" data-e-type=\"column\">\n\t\t\t<div class=\"elementor-widget-wrap elementor-element-populated\">\n\t\t\t\t\t\t<div class=\"elementor-element elementor-element-f31612b elementor-widget elementor-widget-spacer\" data-id=\"f31612b\" data-element_type=\"widget\" data-e-type=\"widget\" data-widget_type=\"spacer.default\">\n\t\t\t\t<div class=\"elementor-widget-container\">\n\t\t\t\t\t\t\t<div class=\"elementor-spacer\">\n\t\t\t<div class=\"elementor-spacer-inner\"><\/div>\n\t\t<\/div>\n\t\t\t\t\t\t<\/div>\n\t\t\t\t<\/div>\n\t\t\t\t\t<\/div>\n\t\t<\/div>\n\t\t\t\t\t<\/div>\n\t\t<\/section>\n\t\t\t\t<section class=\"elementor-section elementor-top-section elementor-element elementor-element-64987f8 elementor-section-boxed elementor-section-height-default elementor-section-height-default\" data-id=\"64987f8\" data-element_type=\"section\" data-e-type=\"section\">\n\t\t\t\t\t\t<div class=\"elementor-container elementor-column-gap-extended\">\n\t\t\t\t\t<div class=\"elementor-column elementor-col-100 elementor-top-column elementor-element elementor-element-db98def sc_layouts_column_icons_position_left\" data-id=\"db98def\" data-element_type=\"column\" data-e-type=\"column\">\n\t\t\t<div class=\"elementor-widget-wrap elementor-element-populated\">\n\t\t\t\t\t\t<div class=\"elementor-element elementor-element-202a5cf elementor-widget elementor-widget-tec_events_elementor_widget_event_navigation\" data-id=\"202a5cf\" data-element_type=\"widget\" data-e-type=\"widget\" data-widget_type=\"tec_events_elementor_widget_event_navigation.default\">\n\t\t\t\t<div class=\"elementor-widget-container\">\n\t\t\t\t\t<nav  class=\"tec-events-elementor-event-widget__navigation\"  aria-label=\"Events\">\n\t<ul  class=\"tec-events-elementor-event-widget__navigation--subnav\" >\n\t\t\n\t\t<li  class=\"tec-events-elementor-event-widget__navigation--next\" >\n\t<a href=\"https:\/\/www.dvorakuvfestival.cz\/en\/koncert\/podebrady\/\">\n\t\tPod\u011bbrady\t\t<svg xmlns=\"http:\/\/www.w3.org\/2000\/svg\"><path d=\"M.084 2.159L2 .243l9.9 9.9L2 20.041.084 18.126l7.983-7.984z\" \/><\/svg>\t<\/a>\n<\/li>\n\t<\/ul>\n<\/nav>\n\t\t\t\t<\/div>\n\t\t\t\t<\/div>\n\t\t\t\t<div class=\"elementor-element elementor-element-45207ac elementor-widget elementor-widget-spacer\" data-id=\"45207ac\" data-element_type=\"widget\" data-e-type=\"widget\" data-widget_type=\"spacer.default\">\n\t\t\t\t<div class=\"elementor-widget-container\">\n\t\t\t\t\t\t\t<div class=\"elementor-spacer\">\n\t\t\t<div class=\"elementor-spacer-inner\"><\/div>\n\t\t<\/div>\n\t\t\t\t\t\t<\/div>\n\t\t\t\t<\/div>\n\t\t\t\t\t<\/div>\n\t\t<\/div>\n\t\t\t\t\t<\/div>\n\t\t<\/section>\n\t\t\t\t<\/div>\n\t\t","protected":false},"excerpt":{"rendered":"<p>Opening concert of the 69th Dvo\u0159\u00e1k Festival on 1 May 2025 with Ji\u0159\u00ed Houdek and Ale\u0161 B\u00e1rta in the castle church in L\u00e1ny.  <\/p>\n","protected":false},"author":1,"featured_media":33503,"template":"","meta":{"_tribe_events_status":"","_tribe_events_status_reason":"","_tribe_events_is_hybrid":"","_tribe_events_is_virtual":"","_tribe_events_virtual_video_source":"","_tribe_events_virtual_embed_video":"","_tribe_events_virtual_linked_button_text":"","_tribe_events_virtual_linked_button":"","_tribe_events_virtual_show_embed_at":"","_tribe_events_virtual_show_embed_to":[],"_tribe_events_virtual_show_on_event":"","_tribe_events_virtual_show_on_views":"","_tribe_events_virtual_url":"","footnotes":""},"tags":[91],"tribe_events_cat":[88,89],"class_list":["post-33501","tribe_events","type-tribe_events","status-publish","has-post-thumbnail","hentry","tag-central-bohemia-region","tribe_events_cat-concert-25-done","tribe_events_cat-concerts-2025","cat_concert-25-done","cat_concerts-2025"],"yoast_head":"<!-- This site is optimized with the Yoast SEO plugin v27.5 - https:\/\/yoast.com\/product\/yoast-seo-wordpress\/ -->\n<title>L\u00e1ny | Dvo\u0159\u00e1k\u016fv festival<\/title>\n<meta name=\"description\" content=\"Opening concert of the 69th Dvo\u0159\u00e1k Festival on 1 May 2025 with Ji\u0159\u00ed Houdek and Ale\u0161 B\u00e1rta in the castle church in L\u00e1ny.\" \/>\n<meta name=\"robots\" content=\"index, follow, max-snippet:-1, max-image-preview:large, max-video-preview:-1\" \/>\n<link rel=\"canonical\" href=\"https:\/\/www.dvorakuvfestival.cz\/en\/koncert\/lany-2\/\" \/>\n<meta property=\"og:locale\" content=\"en_US\" \/>\n<meta property=\"og:type\" content=\"article\" \/>\n<meta property=\"og:title\" content=\"L\u00e1ny | Dvo\u0159\u00e1k\u016fv festival\" \/>\n<meta property=\"og:description\" content=\"Opening concert of the 69th Dvo\u0159\u00e1k Festival on 1 May 2025 with Ji\u0159\u00ed Houdek and Ale\u0161 B\u00e1rta in the castle church in L\u00e1ny.\" \/>\n<meta property=\"og:url\" content=\"https:\/\/www.dvorakuvfestival.cz\/en\/koncert\/lany-2\/\" \/>\n<meta property=\"og:site_name\" content=\"Dvo\u0159\u00e1k\u016fv festival\" \/>\n<meta property=\"article:publisher\" content=\"https:\/\/www.facebook.com\/dvorakuvfestival\" \/>\n<meta property=\"article:modified_time\" content=\"2025-04-15T11:56:46+00:00\" \/>\n<meta property=\"og:image\" content=\"https:\/\/www.dvorakuvfestival.cz\/wp-content\/uploads\/2025\/03\/Home-DF-QHD-3.jpg\" \/>\n\t<meta property=\"og:image:width\" content=\"2560\" \/>\n\t<meta property=\"og:image:height\" content=\"1440\" \/>\n\t<meta property=\"og:image:type\" content=\"image\/jpeg\" \/>\n<meta name=\"twitter:card\" content=\"summary_large_image\" \/>\n<meta name=\"twitter:label1\" content=\"Est. reading time\" \/>\n\t<meta name=\"twitter:data1\" content=\"5 minutes\" \/>\n<script type=\"application\/ld+json\" class=\"yoast-schema-graph\">{\"@context\":\"https:\\\/\\\/schema.org\",\"@graph\":[{\"@type\":\"WebPage\",\"@id\":\"https:\\\/\\\/www.dvorakuvfestival.cz\\\/en\\\/koncert\\\/lany-2\\\/\",\"url\":\"https:\\\/\\\/www.dvorakuvfestival.cz\\\/en\\\/koncert\\\/lany-2\\\/\",\"name\":\"L\u00e1ny | Dvo\u0159\u00e1k\u016fv festival\",\"isPartOf\":{\"@id\":\"https:\\\/\\\/www.dvorakuvfestival.cz\\\/en\\\/#website\"},\"primaryImageOfPage\":{\"@id\":\"https:\\\/\\\/www.dvorakuvfestival.cz\\\/en\\\/koncert\\\/lany-2\\\/#primaryimage\"},\"image\":{\"@id\":\"https:\\\/\\\/www.dvorakuvfestival.cz\\\/en\\\/koncert\\\/lany-2\\\/#primaryimage\"},\"thumbnailUrl\":\"https:\\\/\\\/www.dvorakuvfestival.cz\\\/wp-content\\\/uploads\\\/2025\\\/03\\\/Home-DF-QHD-3.jpg\",\"datePublished\":\"2025-03-24T14:56:20+00:00\",\"dateModified\":\"2025-04-15T11:56:46+00:00\",\"description\":\"Opening concert of the 69th Dvo\u0159\u00e1k Festival on 1 May 2025 with Ji\u0159\u00ed Houdek and Ale\u0161 B\u00e1rta in the castle church in L\u00e1ny.\",\"breadcrumb\":{\"@id\":\"https:\\\/\\\/www.dvorakuvfestival.cz\\\/en\\\/koncert\\\/lany-2\\\/#breadcrumb\"},\"inLanguage\":\"en-US\",\"potentialAction\":[{\"@type\":\"ReadAction\",\"target\":[\"https:\\\/\\\/www.dvorakuvfestival.cz\\\/en\\\/koncert\\\/lany-2\\\/\"]}]},{\"@type\":\"ImageObject\",\"inLanguage\":\"en-US\",\"@id\":\"https:\\\/\\\/www.dvorakuvfestival.cz\\\/en\\\/koncert\\\/lany-2\\\/#primaryimage\",\"url\":\"https:\\\/\\\/www.dvorakuvfestival.cz\\\/wp-content\\\/uploads\\\/2025\\\/03\\\/Home-DF-QHD-3.jpg\",\"contentUrl\":\"https:\\\/\\\/www.dvorakuvfestival.cz\\\/wp-content\\\/uploads\\\/2025\\\/03\\\/Home-DF-QHD-3.jpg\",\"width\":2560,\"height\":1440},{\"@type\":\"BreadcrumbList\",\"@id\":\"https:\\\/\\\/www.dvorakuvfestival.cz\\\/en\\\/koncert\\\/lany-2\\\/#breadcrumb\",\"itemListElement\":[{\"@type\":\"ListItem\",\"position\":1,\"name\":\"Dvo\u0159\u00e1k\u016fv festival\",\"item\":\"https:\\\/\\\/www.dvorakuvfestival.cz\\\/en\\\/\"},{\"@type\":\"ListItem\",\"position\":2,\"name\":\"Koncerty\",\"item\":\"https:\\\/\\\/www.dvorakuvfestival.cz\\\/en\\\/koncerty\\\/\"},{\"@type\":\"ListItem\",\"position\":3,\"name\":\"L\u00e1ny\"}]},{\"@type\":\"WebSite\",\"@id\":\"https:\\\/\\\/www.dvorakuvfestival.cz\\\/en\\\/#website\",\"url\":\"https:\\\/\\\/www.dvorakuvfestival.cz\\\/en\\\/\",\"name\":\"Dvo\u0159\u00e1k\u016fv festival\",\"description\":\"\",\"publisher\":{\"@id\":\"https:\\\/\\\/www.dvorakuvfestival.cz\\\/en\\\/#organization\"},\"potentialAction\":[{\"@type\":\"SearchAction\",\"target\":{\"@type\":\"EntryPoint\",\"urlTemplate\":\"https:\\\/\\\/www.dvorakuvfestival.cz\\\/en\\\/?s={search_term_string}\"},\"query-input\":{\"@type\":\"PropertyValueSpecification\",\"valueRequired\":true,\"valueName\":\"search_term_string\"}}],\"inLanguage\":\"en-US\"},{\"@type\":\"Organization\",\"@id\":\"https:\\\/\\\/www.dvorakuvfestival.cz\\\/en\\\/#organization\",\"name\":\"Dvo\u0159\u00e1k\u016fv festival\",\"url\":\"https:\\\/\\\/www.dvorakuvfestival.cz\\\/en\\\/\",\"logo\":{\"@type\":\"ImageObject\",\"inLanguage\":\"en-US\",\"@id\":\"https:\\\/\\\/www.dvorakuvfestival.cz\\\/en\\\/#\\\/schema\\\/logo\\\/image\\\/\",\"url\":\"https:\\\/\\\/www.dvorakuvfestival.cz\\\/wp-content\\\/uploads\\\/2018\\\/02\\\/Dvorakuv-festival_70_2026_bi\u0301le\u0301.png\",\"contentUrl\":\"https:\\\/\\\/www.dvorakuvfestival.cz\\\/wp-content\\\/uploads\\\/2018\\\/02\\\/Dvorakuv-festival_70_2026_bi\u0301le\u0301.png\",\"width\":1711,\"height\":571,\"caption\":\"Dvo\u0159\u00e1k\u016fv festival\"},\"image\":{\"@id\":\"https:\\\/\\\/www.dvorakuvfestival.cz\\\/en\\\/#\\\/schema\\\/logo\\\/image\\\/\"},\"sameAs\":[\"https:\\\/\\\/www.facebook.com\\\/dvorakuvfestival\",\"https:\\\/\\\/www.instagram.com\\\/dvorakuvfestival\\\/\"]}]}<\/script>\n<!-- \/ Yoast SEO plugin. -->","yoast_head_json":{"title":"L\u00e1ny | Dvo\u0159\u00e1k\u016fv festival","description":"Opening concert of the 69th Dvo\u0159\u00e1k Festival on 1 May 2025 with Ji\u0159\u00ed Houdek and Ale\u0161 B\u00e1rta in the castle church in L\u00e1ny.","robots":{"index":"index","follow":"follow","max-snippet":"max-snippet:-1","max-image-preview":"max-image-preview:large","max-video-preview":"max-video-preview:-1"},"canonical":"https:\/\/www.dvorakuvfestival.cz\/en\/koncert\/lany-2\/","og_locale":"en_US","og_type":"article","og_title":"L\u00e1ny | Dvo\u0159\u00e1k\u016fv festival","og_description":"Opening concert of the 69th Dvo\u0159\u00e1k Festival on 1 May 2025 with Ji\u0159\u00ed Houdek and Ale\u0161 B\u00e1rta in the castle church in L\u00e1ny.","og_url":"https:\/\/www.dvorakuvfestival.cz\/en\/koncert\/lany-2\/","og_site_name":"Dvo\u0159\u00e1k\u016fv festival","article_publisher":"https:\/\/www.facebook.com\/dvorakuvfestival","article_modified_time":"2025-04-15T11:56:46+00:00","og_image":[{"width":2560,"height":1440,"url":"https:\/\/www.dvorakuvfestival.cz\/wp-content\/uploads\/2025\/03\/Home-DF-QHD-3.jpg","type":"image\/jpeg"}],"twitter_card":"summary_large_image","twitter_misc":{"Est. reading time":"5 minutes"},"schema":{"@context":"https:\/\/schema.org","@graph":[{"@type":"WebPage","@id":"https:\/\/www.dvorakuvfestival.cz\/en\/koncert\/lany-2\/","url":"https:\/\/www.dvorakuvfestival.cz\/en\/koncert\/lany-2\/","name":"L\u00e1ny | Dvo\u0159\u00e1k\u016fv festival","isPartOf":{"@id":"https:\/\/www.dvorakuvfestival.cz\/en\/#website"},"primaryImageOfPage":{"@id":"https:\/\/www.dvorakuvfestival.cz\/en\/koncert\/lany-2\/#primaryimage"},"image":{"@id":"https:\/\/www.dvorakuvfestival.cz\/en\/koncert\/lany-2\/#primaryimage"},"thumbnailUrl":"https:\/\/www.dvorakuvfestival.cz\/wp-content\/uploads\/2025\/03\/Home-DF-QHD-3.jpg","datePublished":"2025-03-24T14:56:20+00:00","dateModified":"2025-04-15T11:56:46+00:00","description":"Opening concert of the 69th Dvo\u0159\u00e1k Festival on 1 May 2025 with Ji\u0159\u00ed Houdek and Ale\u0161 B\u00e1rta in the castle church in L\u00e1ny.","breadcrumb":{"@id":"https:\/\/www.dvorakuvfestival.cz\/en\/koncert\/lany-2\/#breadcrumb"},"inLanguage":"en-US","potentialAction":[{"@type":"ReadAction","target":["https:\/\/www.dvorakuvfestival.cz\/en\/koncert\/lany-2\/"]}]},{"@type":"ImageObject","inLanguage":"en-US","@id":"https:\/\/www.dvorakuvfestival.cz\/en\/koncert\/lany-2\/#primaryimage","url":"https:\/\/www.dvorakuvfestival.cz\/wp-content\/uploads\/2025\/03\/Home-DF-QHD-3.jpg","contentUrl":"https:\/\/www.dvorakuvfestival.cz\/wp-content\/uploads\/2025\/03\/Home-DF-QHD-3.jpg","width":2560,"height":1440},{"@type":"BreadcrumbList","@id":"https:\/\/www.dvorakuvfestival.cz\/en\/koncert\/lany-2\/#breadcrumb","itemListElement":[{"@type":"ListItem","position":1,"name":"Dvo\u0159\u00e1k\u016fv festival","item":"https:\/\/www.dvorakuvfestival.cz\/en\/"},{"@type":"ListItem","position":2,"name":"Koncerty","item":"https:\/\/www.dvorakuvfestival.cz\/en\/koncerty\/"},{"@type":"ListItem","position":3,"name":"L\u00e1ny"}]},{"@type":"WebSite","@id":"https:\/\/www.dvorakuvfestival.cz\/en\/#website","url":"https:\/\/www.dvorakuvfestival.cz\/en\/","name":"Dvo\u0159\u00e1k\u016fv festival","description":"","publisher":{"@id":"https:\/\/www.dvorakuvfestival.cz\/en\/#organization"},"potentialAction":[{"@type":"SearchAction","target":{"@type":"EntryPoint","urlTemplate":"https:\/\/www.dvorakuvfestival.cz\/en\/?s={search_term_string}"},"query-input":{"@type":"PropertyValueSpecification","valueRequired":true,"valueName":"search_term_string"}}],"inLanguage":"en-US"},{"@type":"Organization","@id":"https:\/\/www.dvorakuvfestival.cz\/en\/#organization","name":"Dvo\u0159\u00e1k\u016fv festival","url":"https:\/\/www.dvorakuvfestival.cz\/en\/","logo":{"@type":"ImageObject","inLanguage":"en-US","@id":"https:\/\/www.dvorakuvfestival.cz\/en\/#\/schema\/logo\/image\/","url":"https:\/\/www.dvorakuvfestival.cz\/wp-content\/uploads\/2018\/02\/Dvorakuv-festival_70_2026_bi\u0301le\u0301.png","contentUrl":"https:\/\/www.dvorakuvfestival.cz\/wp-content\/uploads\/2018\/02\/Dvorakuv-festival_70_2026_bi\u0301le\u0301.png","width":1711,"height":571,"caption":"Dvo\u0159\u00e1k\u016fv festival"},"image":{"@id":"https:\/\/www.dvorakuvfestival.cz\/en\/#\/schema\/logo\/image\/"},"sameAs":["https:\/\/www.facebook.com\/dvorakuvfestival","https:\/\/www.instagram.com\/dvorakuvfestival\/"]}]}},"_links":{"self":[{"href":"https:\/\/www.dvorakuvfestival.cz\/en\/wp-json\/wp\/v2\/tribe_events\/33501","targetHints":{"allow":["GET"]}}],"collection":[{"href":"https:\/\/www.dvorakuvfestival.cz\/en\/wp-json\/wp\/v2\/tribe_events"}],"about":[{"href":"https:\/\/www.dvorakuvfestival.cz\/en\/wp-json\/wp\/v2\/types\/tribe_events"}],"author":[{"embeddable":true,"href":"https:\/\/www.dvorakuvfestival.cz\/en\/wp-json\/wp\/v2\/users\/1"}],"version-history":[{"count":1,"href":"https:\/\/www.dvorakuvfestival.cz\/en\/wp-json\/wp\/v2\/tribe_events\/33501\/revisions"}],"predecessor-version":[{"id":33505,"href":"https:\/\/www.dvorakuvfestival.cz\/en\/wp-json\/wp\/v2\/tribe_events\/33501\/revisions\/33505"}],"wp:featuredmedia":[{"embeddable":true,"href":"https:\/\/www.dvorakuvfestival.cz\/en\/wp-json\/wp\/v2\/media\/33503"}],"wp:attachment":[{"href":"https:\/\/www.dvorakuvfestival.cz\/en\/wp-json\/wp\/v2\/media?parent=33501"}],"wp:term":[{"taxonomy":"post_tag","embeddable":true,"href":"https:\/\/www.dvorakuvfestival.cz\/en\/wp-json\/wp\/v2\/tags?post=33501"},{"taxonomy":"tribe_events_cat","embeddable":true,"href":"https:\/\/www.dvorakuvfestival.cz\/en\/wp-json\/wp\/v2\/tribe_events_cat?post=33501"}],"curies":[{"name":"wp","href":"https:\/\/api.w.org\/{rel}","templated":true}]}}